{"id":97293,"date":"2023-10-13T10:55:04","date_gmt":"2023-10-13T13:55:04","guid":{"rendered":"https:\/\/webdelmaestrocmf.com\/portal\/?page_id=97293"},"modified":"2023-10-13T10:55:04","modified_gmt":"2023-10-13T13:55:04","slug":"sobre-el-buen-uso-de-las-redes-sociales","status":"publish","type":"page","link":"https:\/\/webdelmaestrocmf.com\/portal\/sobre-el-buen-uso-de-las-redes-sociales\/","title":{"rendered":"Sobre el buen uso de las redes sociales"},"content":{"rendered":"<p style=\"text-align: justify;\"><strong>Con las nuevas herramientas tecnol\u00f3gicas de la comunicaci\u00f3n e informaci\u00f3n, necesitamos maestros que busquen invertir la mayor parte del tiempo que les queda fuera de las aulas y de sus responsabilidades familiares, para seguir capacit\u00e1ndose, aprendiendo e investigando, con un pensamiento cr\u00edtico enriquecido con el m\u00e9todo dialogal que presupone la comprensi\u00f3n del mensaje del otro. Los maestros, a trav\u00e9s de la historia, han sido y son ejemplo de lectores habituales, que disfrutan y contagian el placer la lectura, haci\u00e9ndoles v\u00e1lidos referentes al dar respuestas con responsabilidad luego de una reflexi\u00f3n coherente, pues su tarea y responsabilidad social es una de las m\u00e1s trascendentes que pueda realizar cualquier profesi\u00f3n o servicio, ya que influye no solo en el presente sino tambi\u00e9n en el futuro de sus alumnos.<\/strong><\/p>\n<p><!--more--><\/p>\n<p style=\"text-align: justify;\">La globalizaci\u00f3n, el desarrollo acelerado y la innovaci\u00f3n permanente de la informaci\u00f3n actual, nos obliga como maestros a innovarnos permanentemente, a <strong>tener las habilidades y capacidades suficientes que nos permitan conocer, interpretar y apropiarnos de nuevos conocimientos, pero con la particularidad que nos otorga la capacidad de poseer un pensamiento cr\u00edtico<\/strong>, que se acrisola con una alta disponibilidad de aprendizaje, \u201cdesaprendizaje\u201d y reaprendizaje. La opini\u00f3n de un maestro no es la de cualquier viandante, sino que <strong>lleva una enorme carga de confiabilidad y certeza<\/strong>, pues viene de una persona en quien se conf\u00eda, porque reflexiona, argumenta y ofrece buenas razones de lo que est\u00e1 diciendo o escribiendo. Sus argumentos no admiten ni medias verdades, ni medias falsedades.<\/p>\n<p style=\"text-align: justify;\">Los maestros <strong>somos referentes para nuestros estudiantes sobre la importancia de la lectura, del saber leer y lograr una excelente competencia lectora,<\/strong> en permanente desarrollo, que nos <strong>permite comprender, comparar e interpretar el significado de un texto y captar los significados del lenguaje<\/strong>, es decir, de entender lo que leemos, y estimular <strong>el pensamiento cr\u00edtico, el razonamiento y creatividad pedag\u00f3gica<\/strong>, que no admite -como dijo Jorge Luis Borges- el modo imperativo.<\/p>\n<p style=\"text-align: justify;\"><strong>El maestro que desarrolla la competencia lectora como habilidad para la comprensi\u00f3n lectora,<\/strong> no comenta solo los titulares o se queda en algunas opiniones o frases, sino que lee el texto completo para <strong>interpretar el mensaje y hacer un an\u00e1lisis, una s\u00edntesis y estructurar su propio pensamiento desde la comprensi\u00f3n de lo que otro quiere decir,<\/strong> <em>\u201ccomo alguien situado en un contexto particular desde el que habla, siente y act\u00faa; un otro que es condici\u00f3n necesaria para que tenga lugar un m\u00e9todo dialogal, en particular, dentro del escenario educativo<\/em>\u201d, como nos dijo don Paulo Freire. <strong>El maestro de esta comunidad no descalifica o descarta a nadie por pensar diferente<\/strong>, sino que busca encontrar los puntos de coincidencia para sumar y llegar al conocimiento de la verdad usando la imaginaci\u00f3n, el humor y la creatividad para aprender a aprender.<\/p>\n<p><img loading=\"lazy\" decoding=\"async\" class=\"alignnone size-full wp-image-76286\" src=\"https:\/\/webdelmaestrocmf.com\/portal\/wp-content\/uploads\/2022\/03\/1-52.jpg\" alt=\"\" width=\"745\" height=\"985\" srcset=\"https:\/\/webdelmaestrocmf.com\/portal\/wp-content\/uploads\/2022\/03\/1-52.jpg 745w, https:\/\/webdelmaestrocmf.com\/portal\/wp-content\/uploads\/2022\/03\/1-52-227x300.jpg 227w, https:\/\/webdelmaestrocmf.com\/portal\/wp-content\/uploads\/2022\/03\/1-52-110x145.jpg 110w, https:\/\/webdelmaestrocmf.com\/portal\/wp-content\/uploads\/2022\/03\/1-52-200x264.jpg 200w, https:\/\/webdelmaestrocmf.com\/portal\/wp-content\/uploads\/2022\/03\/1-52-380x502.jpg 380w, https:\/\/webdelmaestrocmf.com\/portal\/wp-content\/uploads\/2022\/03\/1-52-255x337.jpg 255w, https:\/\/webdelmaestrocmf.com\/portal\/wp-content\/uploads\/2022\/03\/1-52-300x397.jpg 300w, https:\/\/webdelmaestrocmf.com\/portal\/wp-content\/uploads\/2022\/03\/1-52-550x727.jpg 550w\" sizes=\"auto, (max-width: 745px) 100vw, 745px\" \/><\/p>\n<p style=\"text-align: justify;\">Desde la Web del Maestro CMF, tenemos la oportunidad de practicar la may\u00e9utica socr\u00e1tica como instrumento dial\u00e9ctico para llegar al conocimiento verdadero desde la reflexi\u00f3n, la investigaci\u00f3n y la meditaci\u00f3n de otras opiniones, que nos permitan <strong>escribir y compartir nuestra opini\u00f3n <\/strong>luego de leer primero todo el art\u00edculo, viendo todo el video o escuchando todo el podcast. Busquemos desarrollar de manera excelente nuestros h\u00e1bitos de lectura, aumentar nuestra comprensi\u00f3n lectora, agudizar nuestro pensamiento cr\u00edtico y enriquecer nuestros puntos de vista con nuestra inteligencia emocional, antes de escribir o dar una opini\u00f3n. Ser maestros de verdad, de coraz\u00f3n y de formaci\u00f3n permanente, es ser humildes, creer que no sabemos todo, tener paciencia, saber esperar, confiar en nosotros mismos, estar abiertos a lo impensado y tener siempre la disponibilidad para creer que la \u00faltima palabra en educaci\u00f3n todav\u00eda no est\u00e1 dicha.<\/p>\n<p style=\"text-align: justify;\">Ojal\u00e1 adquiramos o mejoremos la importante costumbre de dialogar como maestros sabios para llegar a la Verdad<strong>. Nuestra tarea docente tiene como caracter\u00edstica peculiar la virtud de la escucha atenta, amable y respetuosa<\/strong>. Y por eso nuestra opini\u00f3n no es apresurada, primaria, altanera, autosuficiente, humillante, descalificadora o t\u00f3xica, pues sabemos de su gran importancia para nosotros y nuestros estudiantes. Nuestras opiniones orales o escritas, tienen el inmenso poder curador o devastador, como lo tienen todas las palabras que pronunciamos o escribimos, y ojal\u00e1 recordemos el buen consejo de tamizarlas con la verdad, la bondad y la utilidad, como se le atribuye al triple filtro de S\u00f3crates.<\/p>\n<p style=\"text-align: justify;\">El saber pensar y saber hablar, para opinar, necesita, como dice don Jos\u00e9 Carlos Fern\u00e1ndez Romero: \u201cde una buena educaci\u00f3n, algo que tristemente <strong>hemos olvidado, inmersos en una cultura casi exclusivamente audiovisual y con gran poder de fragmentar la mente, de viciar el discurso y de mantener a las personas en nader\u00edas<\/strong>, o sea, sin capacidad de crear v\u00ednculos duraderos\u201d, pues \u00a0\u201csi dos individuos est\u00e1n siempre de acuerdo en todo,\u00a0 puedo asegurar que uno de los dos piensa por ambos\u201d (Sigmund Freud). No olvidemos que <strong>\u201cde nada sirve opinar por opinar, ni asumir lo que leemos sin ponerlo en cuesti\u00f3n, ni apoyar una opini\u00f3n si no tenemos razones para hacerlo\u201d<\/strong>, y que depender\u00e1 de lo que tengamos en el fondo de armario, de tu cultura que hayamos cultivado. (Cristina Medina G\u00f3mez).<\/p>\n<p style=\"text-align: justify;\">Los maestros, somos los primeros y los m\u00e1s interesados en pedir una educaci\u00f3n actualizada, promotores de la innovaci\u00f3n, de <strong>un cambio educativo siempre dispuesto a descubrir nuevas rutas, que nos ense\u00f1en a\u00a0 desaprender los caminos recorridos, porque \u201cse hace camino al andar\u201d<\/strong> (A. Machado), comenzando por nuestra disponibilidad a no vivir instalados en el mundo de los conocimientos dogm\u00e1ticos y fundamentalistas ya aprendidos, porque los maestros de coraz\u00f3n\u00a0 estamos convencidos que en educaci\u00f3n la \u00faltima palabra todav\u00eda no est\u00e1 dicha.<\/p>\n<p style=\"text-align: right;\"><strong>REDACCI\u00d3N WEB DEL MAESTRO CMF<\/strong><\/p>\n\n","protected":false},"excerpt":{"rendered":"Con las nuevas herramientas tecnol\u00f3gicas de la comunicaci\u00f3n e informaci\u00f3n, necesitamos maestros que busquen invertir la mayor parte&hellip;","protected":false},"author":1,"featured_media":56697,"parent":0,"menu_order":0,"comment_status":"closed","ping_status":"closed","template":"","meta":{"csco_display_header_overlay":false,"csco_singular_sidebar":"","csco_page_header_type":"","csco_page_load_nextpost":"","csco_post_video_location":[],"csco_post_video_location_hash":"","csco_post_video_url":"","csco_post_video_bg_start_time":0,"csco_post_video_bg_end_time":0,"csco_post_video_bg_volume":false,"footnotes":""},"class_list":{"0":"post-97293","1":"page","2":"type-page","3":"status-publish","4":"has-post-thumbnail","6":"cs-entry","7":"cs-video-wrap"},"yoast_head":"<!-- This site is optimized with the Yoast SEO plugin v27.5 - https:\/\/yoast.com\/product\/yoast-seo-wordpress\/ -->\n<title>Sobre el buen uso de las redes sociales<\/title>\n<meta name=\"description\" content=\"Con las nuevas herramientas tecnol\u00f3gicas de la comunicaci\u00f3n e informaci\u00f3n, necesitamos maestros que busquen invertir la\" \/>\n<meta name=\"robots\" content=\"index, follow, max-snippet:-1, max-image-preview:large, max-video-preview:-1\" \/>\n<link rel=\"canonical\" href=\"https:\/\/webdelmaestrocmf.com\/portal\/sobre-el-buen-uso-de-las-redes-sociales\/\" \/>\n<meta property=\"og:locale\" content=\"es_ES\" \/>\n<meta property=\"og:type\" content=\"article\" \/>\n<meta property=\"og:title\" content=\"Sobre el buen uso de las redes sociales\" \/>\n<meta property=\"og:description\" content=\"Con las nuevas herramientas tecnol\u00f3gicas de la comunicaci\u00f3n e informaci\u00f3n, necesitamos maestros que busquen invertir la\" \/>\n<meta property=\"og:url\" content=\"https:\/\/webdelmaestrocmf.com\/portal\/sobre-el-buen-uso-de-las-redes-sociales\/\" \/>\n<meta property=\"og:site_name\" content=\"Web del Maestro CMF\" \/>\n<meta property=\"article:publisher\" content=\"https:\/\/www.facebook.com\/WebdelMaestroCMF\/\" \/>\n<meta property=\"og:image\" content=\"https:\/\/i0.wp.com\/webdelmaestrocmf.com\/portal\/wp-content\/uploads\/2020\/10\/1jpg-copia.jpg?fit=1100%2C680&ssl=1\" \/>\n\t<meta property=\"og:image:width\" content=\"1100\" \/>\n\t<meta property=\"og:image:height\" content=\"680\" \/>\n\t<meta property=\"og:image:type\" content=\"image\/jpeg\" \/>\n<meta name=\"twitter:card\" content=\"summary_large_image\" \/>\n<meta name=\"twitter:site\" content=\"@cmf_w\" \/>\n<script type=\"application\/ld+json\" class=\"yoast-schema-graph\">{\"@context\":\"https:\\\/\\\/schema.org\",\"@graph\":[{\"@type\":\"WebPage\",\"@id\":\"https:\\\/\\\/webdelmaestrocmf.com\\\/portal\\\/sobre-el-buen-uso-de-las-redes-sociales\\\/\",\"url\":\"https:\\\/\\\/webdelmaestrocmf.com\\\/portal\\\/sobre-el-buen-uso-de-las-redes-sociales\\\/\",\"name\":\"Sobre el buen uso de las redes sociales\",\"isPartOf\":{\"@id\":\"https:\\\/\\\/webdelmaestrocmf.com\\\/portal\\\/#website\"},\"primaryImageOfPage\":{\"@id\":\"https:\\\/\\\/webdelmaestrocmf.com\\\/portal\\\/sobre-el-buen-uso-de-las-redes-sociales\\\/#primaryimage\"},\"image\":{\"@id\":\"https:\\\/\\\/webdelmaestrocmf.com\\\/portal\\\/sobre-el-buen-uso-de-las-redes-sociales\\\/#primaryimage\"},\"thumbnailUrl\":\"https:\\\/\\\/webdelmaestrocmf.com\\\/portal\\\/wp-content\\\/uploads\\\/2020\\\/10\\\/1jpg-copia.jpg\",\"datePublished\":\"2023-10-13T13:55:04+00:00\",\"description\":\"Con las nuevas herramientas tecnol\u00f3gicas de la comunicaci\u00f3n e informaci\u00f3n, necesitamos maestros que busquen invertir la\",\"breadcrumb\":{\"@id\":\"https:\\\/\\\/webdelmaestrocmf.com\\\/portal\\\/sobre-el-buen-uso-de-las-redes-sociales\\\/#breadcrumb\"},\"inLanguage\":\"es\",\"potentialAction\":[{\"@type\":\"ReadAction\",\"target\":[\"https:\\\/\\\/webdelmaestrocmf.com\\\/portal\\\/sobre-el-buen-uso-de-las-redes-sociales\\\/\"]}]},{\"@type\":\"ImageObject\",\"inLanguage\":\"es\",\"@id\":\"https:\\\/\\\/webdelmaestrocmf.com\\\/portal\\\/sobre-el-buen-uso-de-las-redes-sociales\\\/#primaryimage\",\"url\":\"https:\\\/\\\/webdelmaestrocmf.com\\\/portal\\\/wp-content\\\/uploads\\\/2020\\\/10\\\/1jpg-copia.jpg\",\"contentUrl\":\"https:\\\/\\\/webdelmaestrocmf.com\\\/portal\\\/wp-content\\\/uploads\\\/2020\\\/10\\\/1jpg-copia.jpg\",\"width\":1100,\"height\":680},{\"@type\":\"BreadcrumbList\",\"@id\":\"https:\\\/\\\/webdelmaestrocmf.com\\\/portal\\\/sobre-el-buen-uso-de-las-redes-sociales\\\/#breadcrumb\",\"itemListElement\":[{\"@type\":\"ListItem\",\"position\":1,\"name\":\"Portada\",\"item\":\"https:\\\/\\\/webdelmaestrocmf.com\\\/portal\\\/\"},{\"@type\":\"ListItem\",\"position\":2,\"name\":\"Sobre el buen uso de las redes sociales\"}]},{\"@type\":\"WebSite\",\"@id\":\"https:\\\/\\\/webdelmaestrocmf.com\\\/portal\\\/#website\",\"url\":\"https:\\\/\\\/webdelmaestrocmf.com\\\/portal\\\/\",\"name\":\"Web del Maestro CMF\",\"description\":\"Maestros al servicio de la educaci\u00f3n\",\"publisher\":{\"@id\":\"https:\\\/\\\/webdelmaestrocmf.com\\\/portal\\\/#organization\"},\"alternateName\":\"WMCMF\",\"potentialAction\":[{\"@type\":\"SearchAction\",\"target\":{\"@type\":\"EntryPoint\",\"urlTemplate\":\"https:\\\/\\\/webdelmaestrocmf.com\\\/portal\\\/?s={search_term_string}\"},\"query-input\":{\"@type\":\"PropertyValueSpecification\",\"valueRequired\":true,\"valueName\":\"search_term_string\"}}],\"inLanguage\":\"es\"},{\"@type\":\"Organization\",\"@id\":\"https:\\\/\\\/webdelmaestrocmf.com\\\/portal\\\/#organization\",\"name\":\"Web del Maestro CMF\",\"alternateName\":\"WMCMF\",\"url\":\"https:\\\/\\\/webdelmaestrocmf.com\\\/portal\\\/\",\"logo\":{\"@type\":\"ImageObject\",\"inLanguage\":\"es\",\"@id\":\"https:\\\/\\\/webdelmaestrocmf.com\\\/portal\\\/#\\\/schema\\\/logo\\\/image\\\/\",\"url\":\"https:\\\/\\\/webdelmaestrocmf.com\\\/portal\\\/wp-content\\\/uploads\\\/2023\\\/01\\\/logo-wmcmf-2.png\",\"contentUrl\":\"https:\\\/\\\/webdelmaestrocmf.com\\\/portal\\\/wp-content\\\/uploads\\\/2023\\\/01\\\/logo-wmcmf-2.png\",\"width\":200,\"height\":60,\"caption\":\"Web del Maestro CMF\"},\"image\":{\"@id\":\"https:\\\/\\\/webdelmaestrocmf.com\\\/portal\\\/#\\\/schema\\\/logo\\\/image\\\/\"},\"sameAs\":[\"https:\\\/\\\/www.facebook.com\\\/WebdelMaestroCMF\\\/\",\"https:\\\/\\\/x.com\\\/cmf_w\",\"https:\\\/\\\/www.pinterest.com\\\/WMCMF\\\/\",\"https:\\\/\\\/www.linkedin.com\\\/company\\\/web-del-maestro-cmf\\\/\",\"https:\\\/\\\/www.instagram.com\\\/wmcmf\\\/\",\"https:\\\/\\\/www.youtube.com\\\/channel\\\/UCDPSvjbdodE5sHnC3OxutHw\",\"https:\\\/\\\/mastodon.social\\\/@wmcmf\",\"https:\\\/\\\/www.tiktok.com\\\/@webdelmaestrocmf\"]}]}<\/script>\n<!-- \/ Yoast SEO plugin. -->","yoast_head_json":{"title":"Sobre el buen uso de las redes sociales","description":"Con las nuevas herramientas tecnol\u00f3gicas de la comunicaci\u00f3n e informaci\u00f3n, necesitamos maestros que busquen invertir la","robots":{"index":"index","follow":"follow","max-snippet":"max-snippet:-1","max-image-preview":"max-image-preview:large","max-video-preview":"max-video-preview:-1"},"canonical":"https:\/\/webdelmaestrocmf.com\/portal\/sobre-el-buen-uso-de-las-redes-sociales\/","og_locale":"es_ES","og_type":"article","og_title":"Sobre el buen uso de las redes sociales","og_description":"Con las nuevas herramientas tecnol\u00f3gicas de la comunicaci\u00f3n e informaci\u00f3n, necesitamos maestros que busquen invertir la","og_url":"https:\/\/webdelmaestrocmf.com\/portal\/sobre-el-buen-uso-de-las-redes-sociales\/","og_site_name":"Web del Maestro CMF","article_publisher":"https:\/\/www.facebook.com\/WebdelMaestroCMF\/","og_image":[{"width":1100,"height":680,"url":"https:\/\/i0.wp.com\/webdelmaestrocmf.com\/portal\/wp-content\/uploads\/2020\/10\/1jpg-copia.jpg?fit=1100%2C680&ssl=1","type":"image\/jpeg"}],"twitter_card":"summary_large_image","twitter_site":"@cmf_w","schema":{"@context":"https:\/\/schema.org","@graph":[{"@type":"WebPage","@id":"https:\/\/webdelmaestrocmf.com\/portal\/sobre-el-buen-uso-de-las-redes-sociales\/","url":"https:\/\/webdelmaestrocmf.com\/portal\/sobre-el-buen-uso-de-las-redes-sociales\/","name":"Sobre el buen uso de las redes sociales","isPartOf":{"@id":"https:\/\/webdelmaestrocmf.com\/portal\/#website"},"primaryImageOfPage":{"@id":"https:\/\/webdelmaestrocmf.com\/portal\/sobre-el-buen-uso-de-las-redes-sociales\/#primaryimage"},"image":{"@id":"https:\/\/webdelmaestrocmf.com\/portal\/sobre-el-buen-uso-de-las-redes-sociales\/#primaryimage"},"thumbnailUrl":"https:\/\/webdelmaestrocmf.com\/portal\/wp-content\/uploads\/2020\/10\/1jpg-copia.jpg","datePublished":"2023-10-13T13:55:04+00:00","description":"Con las nuevas herramientas tecnol\u00f3gicas de la comunicaci\u00f3n e informaci\u00f3n, necesitamos maestros que busquen invertir la","breadcrumb":{"@id":"https:\/\/webdelmaestrocmf.com\/portal\/sobre-el-buen-uso-de-las-redes-sociales\/#breadcrumb"},"inLanguage":"es","potentialAction":[{"@type":"ReadAction","target":["https:\/\/webdelmaestrocmf.com\/portal\/sobre-el-buen-uso-de-las-redes-sociales\/"]}]},{"@type":"ImageObject","inLanguage":"es","@id":"https:\/\/webdelmaestrocmf.com\/portal\/sobre-el-buen-uso-de-las-redes-sociales\/#primaryimage","url":"https:\/\/webdelmaestrocmf.com\/portal\/wp-content\/uploads\/2020\/10\/1jpg-copia.jpg","contentUrl":"https:\/\/webdelmaestrocmf.com\/portal\/wp-content\/uploads\/2020\/10\/1jpg-copia.jpg","width":1100,"height":680},{"@type":"BreadcrumbList","@id":"https:\/\/webdelmaestrocmf.com\/portal\/sobre-el-buen-uso-de-las-redes-sociales\/#breadcrumb","itemListElement":[{"@type":"ListItem","position":1,"name":"Portada","item":"https:\/\/webdelmaestrocmf.com\/portal\/"},{"@type":"ListItem","position":2,"name":"Sobre el buen uso de las redes sociales"}]},{"@type":"WebSite","@id":"https:\/\/webdelmaestrocmf.com\/portal\/#website","url":"https:\/\/webdelmaestrocmf.com\/portal\/","name":"Web del Maestro CMF","description":"Maestros al servicio de la educaci\u00f3n","publisher":{"@id":"https:\/\/webdelmaestrocmf.com\/portal\/#organization"},"alternateName":"WMCMF","potentialAction":[{"@type":"SearchAction","target":{"@type":"EntryPoint","urlTemplate":"https:\/\/webdelmaestrocmf.com\/portal\/?s={search_term_string}"},"query-input":{"@type":"PropertyValueSpecification","valueRequired":true,"valueName":"search_term_string"}}],"inLanguage":"es"},{"@type":"Organization","@id":"https:\/\/webdelmaestrocmf.com\/portal\/#organization","name":"Web del Maestro CMF","alternateName":"WMCMF","url":"https:\/\/webdelmaestrocmf.com\/portal\/","logo":{"@type":"ImageObject","inLanguage":"es","@id":"https:\/\/webdelmaestrocmf.com\/portal\/#\/schema\/logo\/image\/","url":"https:\/\/webdelmaestrocmf.com\/portal\/wp-content\/uploads\/2023\/01\/logo-wmcmf-2.png","contentUrl":"https:\/\/webdelmaestrocmf.com\/portal\/wp-content\/uploads\/2023\/01\/logo-wmcmf-2.png","width":200,"height":60,"caption":"Web del Maestro CMF"},"image":{"@id":"https:\/\/webdelmaestrocmf.com\/portal\/#\/schema\/logo\/image\/"},"sameAs":["https:\/\/www.facebook.com\/WebdelMaestroCMF\/","https:\/\/x.com\/cmf_w","https:\/\/www.pinterest.com\/WMCMF\/","https:\/\/www.linkedin.com\/company\/web-del-maestro-cmf\/","https:\/\/www.instagram.com\/wmcmf\/","https:\/\/www.youtube.com\/channel\/UCDPSvjbdodE5sHnC3OxutHw","https:\/\/mastodon.social\/@wmcmf","https:\/\/www.tiktok.com\/@webdelmaestrocmf"]}]}},"jetpack_sharing_enabled":true,"jetpack-related-posts":[{"id":53485,"url":"https:\/\/webdelmaestrocmf.com\/portal\/politica-de-privacidad-wmcmf\/","url_meta":{"origin":97293,"position":0},"title":"Pol\u00edtica de privacidad Web del Maestro CMF","author":"Web del Maestro CMF","date":"26 octubre, 2020","format":false,"excerpt":"El presente Pol\u00edtica de Privacidad establece los t\u00e9rminos en que la Web del Maestro CMF usa y protege la informaci\u00f3n que es proporcionada por sus usuarios al momento de utilizar su sitio web. La Web del Maestro CMF est\u00e1 comprometida con la seguridad de los datos de sus usuarios. Cuando\u2026","rel":"","context":"Entrada similar","block_context":{"text":"Entrada similar","link":""},"img":{"alt_text":"","src":"https:\/\/i0.wp.com\/webdelmaestrocmf.com\/portal\/wp-content\/uploads\/2020\/10\/1jpg-copia.jpg?resize=350%2C200&ssl=1","width":350,"height":200,"srcset":"https:\/\/i0.wp.com\/webdelmaestrocmf.com\/portal\/wp-content\/uploads\/2020\/10\/1jpg-copia.jpg?resize=350%2C200&ssl=1 1x, https:\/\/i0.wp.com\/webdelmaestrocmf.com\/portal\/wp-content\/uploads\/2020\/10\/1jpg-copia.jpg?resize=525%2C300&ssl=1 1.5x, https:\/\/i0.wp.com\/webdelmaestrocmf.com\/portal\/wp-content\/uploads\/2020\/10\/1jpg-copia.jpg?resize=700%2C400&ssl=1 2x, https:\/\/i0.wp.com\/webdelmaestrocmf.com\/portal\/wp-content\/uploads\/2020\/10\/1jpg-copia.jpg?resize=1050%2C600&ssl=1 3x"},"classes":[]},{"id":134,"url":"https:\/\/webdelmaestrocmf.com\/portal\/terms-of-use\/","url_meta":{"origin":97293,"position":1},"title":"Terms of Use","author":"Web del Maestro CMF","date":"6 junio, 2025","format":false,"excerpt":"Introduction Welcome to The Newsreader. By accessing our website, you agree to these Terms of Use, our Privacy Policy, and any other legal notices published by us on the website. These terms govern your use of our website and its content. If you do not agree with any of these\u2026","rel":"","context":"Entrada similar","block_context":{"text":"Entrada similar","link":""},"img":{"alt_text":"","src":"","width":0,"height":0},"classes":[]},{"id":3134,"url":"https:\/\/webdelmaestrocmf.com\/portal\/homepage\/","url_meta":{"origin":97293,"position":2},"title":"Web del Maestro CMF &#8211; Inicio","author":"Web del Maestro CMF","date":"12 marzo, 2021","format":false,"excerpt":"Un maestro informado,es una luz en la oscuridad. Bienvenido a la Web del Maestro CMF \u00danase a nuestra comunidad de maestros y emprenda un viaje de innovaci\u00f3n y descubrimiento.","rel":"","context":"Entrada similar","block_context":{"text":"Entrada similar","link":""},"img":{"alt_text":"maestro","src":"https:\/\/i0.wp.com\/webdelmaestrocmf.com\/portal\/wp-content\/uploads\/2023\/10\/WMCMF.jpg?resize=350%2C200&ssl=1","width":350,"height":200,"srcset":"https:\/\/i0.wp.com\/webdelmaestrocmf.com\/portal\/wp-content\/uploads\/2023\/10\/WMCMF.jpg?resize=350%2C200&ssl=1 1x, https:\/\/i0.wp.com\/webdelmaestrocmf.com\/portal\/wp-content\/uploads\/2023\/10\/WMCMF.jpg?resize=525%2C300&ssl=1 1.5x, https:\/\/i0.wp.com\/webdelmaestrocmf.com\/portal\/wp-content\/uploads\/2023\/10\/WMCMF.jpg?resize=700%2C400&ssl=1 2x, https:\/\/i0.wp.com\/webdelmaestrocmf.com\/portal\/wp-content\/uploads\/2023\/10\/WMCMF.jpg?resize=1050%2C600&ssl=1 3x"},"classes":[]},{"id":37594,"url":"https:\/\/webdelmaestrocmf.com\/portal\/boletin-informativo\/","url_meta":{"origin":97293,"position":3},"title":"Suscr\u00edbase al bolet\u00edn","author":"Web del Maestro CMF","date":"17 junio, 2019","format":false,"excerpt":"\u00bfLe gustar\u00eda recibir correos electr\u00f3nicos sobre Noticias, Entrevistas, Cursos, Recursos, Capacitaciones y Materiales relacionados a la educaci\u00f3n? Si su respuesta es afirmativa, le recomendamos leer lo siguiente:\u00a0 La Web del Maestro CMF le enviar\u00e1 peri\u00f3dicamente un bolet\u00edn, el cual le mantendr\u00e1 informado sobre noticias, experiencias y opiniones relacionadas a la\u2026","rel":"","context":"Entrada similar","block_context":{"text":"Entrada similar","link":""},"img":{"alt_text":"","src":"https:\/\/i0.wp.com\/webdelmaestrocmf.com\/portal\/wp-content\/uploads\/2019\/06\/1-23.jpg?resize=350%2C200&ssl=1","width":350,"height":200,"srcset":"https:\/\/i0.wp.com\/webdelmaestrocmf.com\/portal\/wp-content\/uploads\/2019\/06\/1-23.jpg?resize=350%2C200&ssl=1 1x, https:\/\/i0.wp.com\/webdelmaestrocmf.com\/portal\/wp-content\/uploads\/2019\/06\/1-23.jpg?resize=525%2C300&ssl=1 1.5x, https:\/\/i0.wp.com\/webdelmaestrocmf.com\/portal\/wp-content\/uploads\/2019\/06\/1-23.jpg?resize=700%2C400&ssl=1 2x, https:\/\/i0.wp.com\/webdelmaestrocmf.com\/portal\/wp-content\/uploads\/2019\/06\/1-23.jpg?resize=1050%2C600&ssl=1 3x"},"classes":[]},{"id":6,"url":"https:\/\/webdelmaestrocmf.com\/portal\/homepage-2\/","url_meta":{"origin":97293,"position":4},"title":"WMCMF | Web del Maestro CMF","author":"Web del Maestro CMF","date":"18 diciembre, 2023","format":false,"excerpt":"Un maestro informado, es una luz en la oscuridad. Bienvenido a la Web del Maestro CMF Entrevistas Noticias Carlos Javier Gonz\u00e1lez: Escribir a mano mejora la atenci\u00f3n, la memoria, la comprensi\u00f3n, el aprendizaje, y nos obliga a parar 22 junio, 202517,1K views0 Entrevistas Noticias Emilio Calatayud: Si solo vas al\u2026","rel":"","context":"Entrada similar","block_context":{"text":"Entrada similar","link":""},"img":{"alt_text":"maestro","src":"https:\/\/i0.wp.com\/webdelmaestrocmf.com\/portal\/wp-content\/uploads\/2023\/10\/WMCMF.jpg?resize=350%2C200&ssl=1","width":350,"height":200,"srcset":"https:\/\/i0.wp.com\/webdelmaestrocmf.com\/portal\/wp-content\/uploads\/2023\/10\/WMCMF.jpg?resize=350%2C200&ssl=1 1x, https:\/\/i0.wp.com\/webdelmaestrocmf.com\/portal\/wp-content\/uploads\/2023\/10\/WMCMF.jpg?resize=525%2C300&ssl=1 1.5x, https:\/\/i0.wp.com\/webdelmaestrocmf.com\/portal\/wp-content\/uploads\/2023\/10\/WMCMF.jpg?resize=700%2C400&ssl=1 2x, https:\/\/i0.wp.com\/webdelmaestrocmf.com\/portal\/wp-content\/uploads\/2023\/10\/WMCMF.jpg?resize=1050%2C600&ssl=1 3x"},"classes":[]},{"id":2,"url":"https:\/\/webdelmaestrocmf.com\/portal\/sample-page\/","url_meta":{"origin":97293,"position":5},"title":"Sample Page","author":"Web del Maestro CMF","date":"5 junio, 2025","format":false,"excerpt":"This is an example page. It's different from a blog post because it will stay in one place and will show up in your site navigation (in most themes). Most people start with an About page that introduces them to potential site visitors. It might say something like this: Hi\u2026","rel":"","context":"Entrada similar","block_context":{"text":"Entrada similar","link":""},"img":{"alt_text":"","src":"","width":0,"height":0},"classes":[]}],"_links":{"self":[{"href":"https:\/\/webdelmaestrocmf.com\/portal\/wp-json\/wp\/v2\/pages\/97293","targetHints":{"allow":["GET"]}}],"collection":[{"href":"https:\/\/webdelmaestrocmf.com\/portal\/wp-json\/wp\/v2\/pages"}],"about":[{"href":"https:\/\/webdelmaestrocmf.com\/portal\/wp-json\/wp\/v2\/types\/page"}],"author":[{"embeddable":true,"href":"https:\/\/webdelmaestrocmf.com\/portal\/wp-json\/wp\/v2\/users\/1"}],"replies":[{"embeddable":true,"href":"https:\/\/webdelmaestrocmf.com\/portal\/wp-json\/wp\/v2\/comments?post=97293"}],"version-history":[{"count":0,"href":"https:\/\/webdelmaestrocmf.com\/portal\/wp-json\/wp\/v2\/pages\/97293\/revisions"}],"wp:featuredmedia":[{"embeddable":true,"href":"https:\/\/webdelmaestrocmf.com\/portal\/wp-json\/wp\/v2\/media\/56697"}],"wp:attachment":[{"href":"https:\/\/webdelmaestrocmf.com\/portal\/wp-json\/wp\/v2\/media?parent=97293"}],"curies":[{"name":"wp","href":"https:\/\/api.w.org\/{rel}","templated":true}]}}