{"id":6,"date":"2023-12-18T05:23:16","date_gmt":"2023-12-18T05:23:16","guid":{"rendered":"https:\/\/newsreader.codesupply.co\/city\/?page_id=6"},"modified":"2025-12-06T19:31:56","modified_gmt":"2025-12-06T22:31:56","slug":"homepage-2","status":"publish","type":"page","link":"https:\/\/webdelmaestrocmf.com\/portal\/homepage-2\/","title":{"rendered":"WMCMF | Web del Maestro CMF"},"content":{"rendered":"<h2 style=\"font-family: Georgia, serif; font-size: 40px; font-weight: 700; text-align: center; \">\n  Un maestro informado,<br \/>\n  es una luz en la oscuridad.<br \/> <br \/>\n  Bienvenido a la Web del Maestro CMF<br \/> <br \/>\n<\/h2>\n<section>\n<article>\n\t\t\t\t\t\t\t\t\t<img loading=\"lazy\" width=\"332\" height=\"332\" src=\"https:\/\/webdelmaestrocmf.com\/portal\/wp-content\/uploads\/2023\/02\/Banner-1-portada-imagen-10-1-9-380x380.jpg\" alt=\"\" decoding=\"async\" srcset=\"https:\/\/webdelmaestrocmf.com\/portal\/wp-content\/uploads\/2023\/02\/Banner-1-portada-imagen-10-1-9-380x380.jpg 380w, https:\/\/webdelmaestrocmf.com\/portal\/wp-content\/uploads\/2023\/02\/Banner-1-portada-imagen-10-1-9-300x300.jpg 300w, https:\/\/webdelmaestrocmf.com\/portal\/wp-content\/uploads\/2023\/02\/Banner-1-portada-imagen-10-1-9-150x150.jpg 150w, https:\/\/webdelmaestrocmf.com\/portal\/wp-content\/uploads\/2023\/02\/Banner-1-portada-imagen-10-1-9-768x768.jpg 768w, https:\/\/webdelmaestrocmf.com\/portal\/wp-content\/uploads\/2023\/02\/Banner-1-portada-imagen-10-1-9-80x80.jpg 80w, https:\/\/webdelmaestrocmf.com\/portal\/wp-content\/uploads\/2023\/02\/Banner-1-portada-imagen-10-1-9-110x110.jpg 110w, https:\/\/webdelmaestrocmf.com\/portal\/wp-content\/uploads\/2023\/02\/Banner-1-portada-imagen-10-1-9-550x550.jpg 550w, https:\/\/webdelmaestrocmf.com\/portal\/wp-content\/uploads\/2023\/02\/Banner-1-portada-imagen-10-1-9-800x800.jpg 800w, https:\/\/webdelmaestrocmf.com\/portal\/wp-content\/uploads\/2023\/02\/Banner-1-portada-imagen-10-1-9.jpg 1024w\" sizes=\"auto, (max-width: 332px) 100vw, 332px\" \/>\t\t\t\t\t<img loading=\"lazy\" width=\"774\" height=\"774\" src=\"https:\/\/webdelmaestrocmf.com\/portal\/wp-content\/uploads\/2023\/02\/Banner-1-portada-imagen-10-1-9.jpg\" alt=\"\" decoding=\"async\" srcset=\"https:\/\/webdelmaestrocmf.com\/portal\/wp-content\/uploads\/2023\/02\/Banner-1-portada-imagen-10-1-9.jpg 1024w, https:\/\/webdelmaestrocmf.com\/portal\/wp-content\/uploads\/2023\/02\/Banner-1-portada-imagen-10-1-9-300x300.jpg 300w, https:\/\/webdelmaestrocmf.com\/portal\/wp-content\/uploads\/2023\/02\/Banner-1-portada-imagen-10-1-9-150x150.jpg 150w, https:\/\/webdelmaestrocmf.com\/portal\/wp-content\/uploads\/2023\/02\/Banner-1-portada-imagen-10-1-9-768x768.jpg 768w, https:\/\/webdelmaestrocmf.com\/portal\/wp-content\/uploads\/2023\/02\/Banner-1-portada-imagen-10-1-9-80x80.jpg 80w, https:\/\/webdelmaestrocmf.com\/portal\/wp-content\/uploads\/2023\/02\/Banner-1-portada-imagen-10-1-9-110x110.jpg 110w, https:\/\/webdelmaestrocmf.com\/portal\/wp-content\/uploads\/2023\/02\/Banner-1-portada-imagen-10-1-9-380x380.jpg 380w, https:\/\/webdelmaestrocmf.com\/portal\/wp-content\/uploads\/2023\/02\/Banner-1-portada-imagen-10-1-9-550x550.jpg 550w, https:\/\/webdelmaestrocmf.com\/portal\/wp-content\/uploads\/2023\/02\/Banner-1-portada-imagen-10-1-9-800x800.jpg 800w\" sizes=\"auto, (max-width: 774px) 100vw, 774px\" \/>\t\t\t\t\t\t\t<\/p>\n<ul>\n<li><a href=\"https:\/\/webdelmaestrocmf.com\/portal\/category\/noticias\/entrevistas\/\" rel=\"category tag\">Entrevistas<\/a><\/li>\n<li><a href=\"https:\/\/webdelmaestrocmf.com\/portal\/category\/noticias\/\" rel=\"category tag\">Noticias<\/a><\/li>\n<\/ul>\n<h2>Carlos Javier Gonz\u00e1lez: Escribir a mano mejora la atenci\u00f3n, la memoria, la comprensi\u00f3n, el aprendizaje, y nos obliga a parar<\/h2>\n<p>\t\t\t22 junio, 202517,1K views<a href=\"https:\/\/webdelmaestrocmf.com\/portal\/carlos-javier-gonzalez-escribir-a-mano-mejora-la-atencion-la-memoria-la-comprension-el-aprendizaje-y-nos-obliga-a-parar-requiere-un-tiempo-una-pausa-y-eso-es-algo-que-se-esta-olvidando\/#respond\" >0<\/a><br \/>\n\t\t<a href=\"https:\/\/webdelmaestrocmf.com\/portal\/carlos-javier-gonzalez-escribir-a-mano-mejora-la-atencion-la-memoria-la-comprension-el-aprendizaje-y-nos-obliga-a-parar-requiere-un-tiempo-una-pausa-y-eso-es-algo-que-se-esta-olvidando\/\" title=\"Carlos Javier Gonz\u00e1lez: Escribir a mano mejora la atenci\u00f3n, la memoria, la comprensi\u00f3n, el aprendizaje, y nos obliga a parar\"><\/a><br \/>\n<\/article>\n<\/section>\n<section><\/section>\n<section>\n<article>\n\t\t\t\t\t<img loading=\"lazy\" width=\"332\" height=\"221\" src=\"https:\/\/webdelmaestrocmf.com\/portal\/wp-content\/uploads\/2023\/10\/1A-Banner-1-portada-imagen-10-1-copia-13-332x221.jpg\" alt=\"\" decoding=\"async\" srcset=\"https:\/\/webdelmaestrocmf.com\/portal\/wp-content\/uploads\/2023\/10\/1A-Banner-1-portada-imagen-10-1-copia-13-332x221.jpg 332w, https:\/\/webdelmaestrocmf.com\/portal\/wp-content\/uploads\/2023\/10\/1A-Banner-1-portada-imagen-10-1-copia-13-300x199.jpg 300w, https:\/\/webdelmaestrocmf.com\/portal\/wp-content\/uploads\/2023\/10\/1A-Banner-1-portada-imagen-10-1-copia-13-768x511.jpg 768w, https:\/\/webdelmaestrocmf.com\/portal\/wp-content\/uploads\/2023\/10\/1A-Banner-1-portada-imagen-10-1-copia-13-664x441.jpg 664w, https:\/\/webdelmaestrocmf.com\/portal\/wp-content\/uploads\/2023\/10\/1A-Banner-1-portada-imagen-10-1-copia-13-688x457.jpg 688w, https:\/\/webdelmaestrocmf.com\/portal\/wp-content\/uploads\/2023\/10\/1A-Banner-1-portada-imagen-10-1-copia-13.jpg 940w\" sizes=\"auto, (max-width: 332px) 100vw, 332px\" \/>\t\t\t\t\t<img loading=\"lazy\" width=\"940\" height=\"587\" src=\"https:\/\/webdelmaestrocmf.com\/portal\/wp-content\/uploads\/2023\/10\/1A-Banner-1-portada-imagen-10-1-copia-13-940x587.jpg\" alt=\"\" decoding=\"async\" \/><br \/>\n\t\t\t\t<a href=\"https:\/\/webdelmaestrocmf.com\/portal\/emilio-calatayud-si-solo-vas-al-colegio-para-renir-a-los-maestros-porque-han-renido-a-tu-hijo-no-eres-su-padre-eres-su-colega\/\" title=\"Emilio Calatayud: Si solo vas al colegio para re\u00f1ir a los maestros porque han re\u00f1ido a tu hijo, no eres su padre, eres su colega\"><\/a><\/p>\n<ul>\n<li><a href=\"https:\/\/webdelmaestrocmf.com\/portal\/category\/noticias\/entrevistas\/\" rel=\"category tag\">Entrevistas<\/a><\/li>\n<li><a href=\"https:\/\/webdelmaestrocmf.com\/portal\/category\/noticias\/\" rel=\"category tag\">Noticias<\/a><\/li>\n<\/ul>\n<h2><a href=\"https:\/\/webdelmaestrocmf.com\/portal\/emilio-calatayud-si-solo-vas-al-colegio-para-renir-a-los-maestros-porque-han-renido-a-tu-hijo-no-eres-su-padre-eres-su-colega\/\">Emilio Calatayud: Si solo vas al colegio para re\u00f1ir a los maestros porque han re\u00f1ido a tu hijo, no eres su padre, eres su colega<\/a><\/h2>\n<p>\t\t\t20 junio, 20253,3K views<a href=\"https:\/\/webdelmaestrocmf.com\/portal\/emilio-calatayud-si-solo-vas-al-colegio-para-renir-a-los-maestros-porque-han-renido-a-tu-hijo-no-eres-su-padre-eres-su-colega\/#respond\" >0<\/a><br \/>\n<\/article>\n<article>\n\t\t\t\t\t<img loading=\"lazy\" width=\"332\" height=\"221\" src=\"https:\/\/webdelmaestrocmf.com\/portal\/wp-content\/uploads\/2025\/06\/1A-Banner-1-portada-imagen-10-1-copia-9-332x221.jpg\" alt=\"\" decoding=\"async\" srcset=\"https:\/\/webdelmaestrocmf.com\/portal\/wp-content\/uploads\/2025\/06\/1A-Banner-1-portada-imagen-10-1-copia-9-332x221.jpg 332w, https:\/\/webdelmaestrocmf.com\/portal\/wp-content\/uploads\/2025\/06\/1A-Banner-1-portada-imagen-10-1-copia-9-300x199.jpg 300w, https:\/\/webdelmaestrocmf.com\/portal\/wp-content\/uploads\/2025\/06\/1A-Banner-1-portada-imagen-10-1-copia-9-768x511.jpg 768w, https:\/\/webdelmaestrocmf.com\/portal\/wp-content\/uploads\/2025\/06\/1A-Banner-1-portada-imagen-10-1-copia-9-664x441.jpg 664w, https:\/\/webdelmaestrocmf.com\/portal\/wp-content\/uploads\/2025\/06\/1A-Banner-1-portada-imagen-10-1-copia-9-688x457.jpg 688w, https:\/\/webdelmaestrocmf.com\/portal\/wp-content\/uploads\/2025\/06\/1A-Banner-1-portada-imagen-10-1-copia-9.jpg 940w\" sizes=\"auto, (max-width: 332px) 100vw, 332px\" \/>\t\t\t\t\t<img loading=\"lazy\" width=\"940\" height=\"587\" src=\"https:\/\/webdelmaestrocmf.com\/portal\/wp-content\/uploads\/2025\/06\/1A-Banner-1-portada-imagen-10-1-copia-9-940x587.jpg\" alt=\"\" decoding=\"async\" \/><br \/>\n\t\t\t\t<a href=\"https:\/\/webdelmaestrocmf.com\/portal\/naomi-oreskes-cuando-la-ciencia-incomoda-al-poder-se-convierte-en-su-enemigo\/\" title=\"Naomi Oreskes: Cuando la ciencia incomoda al poder, se convierte en su enemigo\"><\/a><\/p>\n<ul>\n<li><a href=\"https:\/\/webdelmaestrocmf.com\/portal\/category\/noticias\/entrevistas\/\" rel=\"category tag\">Entrevistas<\/a><\/li>\n<li><a href=\"https:\/\/webdelmaestrocmf.com\/portal\/category\/noticias\/\" rel=\"category tag\">Noticias<\/a><\/li>\n<\/ul>\n<h2><a href=\"https:\/\/webdelmaestrocmf.com\/portal\/naomi-oreskes-cuando-la-ciencia-incomoda-al-poder-se-convierte-en-su-enemigo\/\">Naomi Oreskes: Cuando la ciencia incomoda al poder, se convierte en su enemigo<\/a><\/h2>\n<p>\t\t\t19 junio, 20251,0K views<a href=\"https:\/\/webdelmaestrocmf.com\/portal\/naomi-oreskes-cuando-la-ciencia-incomoda-al-poder-se-convierte-en-su-enemigo\/#respond\" >0<\/a><br \/>\n<\/article>\n<article>\n\t\t\t\t\t<img loading=\"lazy\" width=\"332\" height=\"332\" src=\"https:\/\/webdelmaestrocmf.com\/portal\/wp-content\/uploads\/2022\/02\/1A-Banner-1-portada-imagen-10-1-1-380x380.jpg\" alt=\"\" decoding=\"async\" srcset=\"https:\/\/webdelmaestrocmf.com\/portal\/wp-content\/uploads\/2022\/02\/1A-Banner-1-portada-imagen-10-1-1-380x380.jpg 380w, https:\/\/webdelmaestrocmf.com\/portal\/wp-content\/uploads\/2022\/02\/1A-Banner-1-portada-imagen-10-1-1-300x300.jpg 300w, https:\/\/webdelmaestrocmf.com\/portal\/wp-content\/uploads\/2022\/02\/1A-Banner-1-portada-imagen-10-1-1-150x150.jpg 150w, https:\/\/webdelmaestrocmf.com\/portal\/wp-content\/uploads\/2022\/02\/1A-Banner-1-portada-imagen-10-1-1-768x768.jpg 768w, https:\/\/webdelmaestrocmf.com\/portal\/wp-content\/uploads\/2022\/02\/1A-Banner-1-portada-imagen-10-1-1-80x80.jpg 80w, https:\/\/webdelmaestrocmf.com\/portal\/wp-content\/uploads\/2022\/02\/1A-Banner-1-portada-imagen-10-1-1-110x110.jpg 110w, https:\/\/webdelmaestrocmf.com\/portal\/wp-content\/uploads\/2022\/02\/1A-Banner-1-portada-imagen-10-1-1-550x550.jpg 550w, https:\/\/webdelmaestrocmf.com\/portal\/wp-content\/uploads\/2022\/02\/1A-Banner-1-portada-imagen-10-1-1-800x800.jpg 800w, https:\/\/webdelmaestrocmf.com\/portal\/wp-content\/uploads\/2022\/02\/1A-Banner-1-portada-imagen-10-1-1.jpg 1024w\" sizes=\"auto, (max-width: 332px) 100vw, 332px\" \/>\t\t\t\t\t<img loading=\"lazy\" width=\"884\" height=\"587\" src=\"https:\/\/webdelmaestrocmf.com\/portal\/wp-content\/uploads\/2022\/02\/1A-Banner-1-portada-imagen-10-1-1-1024x680.jpg\" alt=\"\" decoding=\"async\" \/><br \/>\n\t\t\t\t<a href=\"https:\/\/webdelmaestrocmf.com\/portal\/ana-borzone-las-escuelas-permiten-a-los-chicos-llegar-a-la-secundaria-sin-saber-leer-ni-escribir\/\" title=\"Ana Borzone: Las escuelas permiten a los chicos llegar a la secundaria sin saber leer ni escribir\"><\/a><\/p>\n<ul>\n<li><a href=\"https:\/\/webdelmaestrocmf.com\/portal\/category\/noticias\/entrevistas\/\" rel=\"category tag\">Entrevistas<\/a><\/li>\n<li><a href=\"https:\/\/webdelmaestrocmf.com\/portal\/category\/noticias\/\" rel=\"category tag\">Noticias<\/a><\/li>\n<\/ul>\n<h2><a href=\"https:\/\/webdelmaestrocmf.com\/portal\/ana-borzone-las-escuelas-permiten-a-los-chicos-llegar-a-la-secundaria-sin-saber-leer-ni-escribir\/\">Ana Borzone: Las escuelas permiten a los chicos llegar a la secundaria sin saber leer ni escribir<\/a><\/h2>\n<p>\t\t\t19 junio, 202531,5K views<a href=\"https:\/\/webdelmaestrocmf.com\/portal\/ana-borzone-las-escuelas-permiten-a-los-chicos-llegar-a-la-secundaria-sin-saber-leer-ni-escribir\/#respond\" >0<\/a><br \/>\n<\/article>\n<\/section>\n<section><\/section>\n<section>\n<article>\n\t\t\t\t\t<img loading=\"lazy\" width=\"332\" height=\"205\" src=\"https:\/\/webdelmaestrocmf.com\/portal\/wp-content\/uploads\/2023\/01\/A12B3C4D-5-1-380x235.jpg\" alt=\"\" decoding=\"async\" srcset=\"https:\/\/webdelmaestrocmf.com\/portal\/wp-content\/uploads\/2023\/01\/A12B3C4D-5-1-380x235.jpg 380w, https:\/\/webdelmaestrocmf.com\/portal\/wp-content\/uploads\/2023\/01\/A12B3C4D-5-1-300x185.jpg 300w, https:\/\/webdelmaestrocmf.com\/portal\/wp-content\/uploads\/2023\/01\/A12B3C4D-5-1-768x474.jpg 768w, https:\/\/webdelmaestrocmf.com\/portal\/wp-content\/uploads\/2023\/01\/A12B3C4D-5-1-550x340.jpg 550w, https:\/\/webdelmaestrocmf.com\/portal\/wp-content\/uploads\/2023\/01\/A12B3C4D-5-1-800x494.jpg 800w, https:\/\/webdelmaestrocmf.com\/portal\/wp-content\/uploads\/2023\/01\/A12B3C4D-5-1.jpg 900w\" sizes=\"auto, (max-width: 332px) 100vw, 332px\" \/>\t\t\t\t\t<img loading=\"lazy\" width=\"900\" height=\"556\" src=\"https:\/\/webdelmaestrocmf.com\/portal\/wp-content\/uploads\/2023\/01\/A12B3C4D-5-1.jpg\" alt=\"\" decoding=\"async\" srcset=\"https:\/\/webdelmaestrocmf.com\/portal\/wp-content\/uploads\/2023\/01\/A12B3C4D-5-1.jpg 900w, https:\/\/webdelmaestrocmf.com\/portal\/wp-content\/uploads\/2023\/01\/A12B3C4D-5-1-300x185.jpg 300w, https:\/\/webdelmaestrocmf.com\/portal\/wp-content\/uploads\/2023\/01\/A12B3C4D-5-1-768x474.jpg 768w, https:\/\/webdelmaestrocmf.com\/portal\/wp-content\/uploads\/2023\/01\/A12B3C4D-5-1-380x235.jpg 380w, https:\/\/webdelmaestrocmf.com\/portal\/wp-content\/uploads\/2023\/01\/A12B3C4D-5-1-550x340.jpg 550w, https:\/\/webdelmaestrocmf.com\/portal\/wp-content\/uploads\/2023\/01\/A12B3C4D-5-1-800x494.jpg 800w\" sizes=\"auto, (max-width: 900px) 100vw, 900px\" \/><br \/>\n\t\t\t\t<a href=\"https:\/\/webdelmaestrocmf.com\/portal\/si-no-hay-pensamiento-critico-cualquiera-te-manipula\/\" title=\"Mar\u00eda Ang\u00e9lica Lucas S\u00e1tiro: Si no hay pensamiento cr\u00edtico, cualquiera te manipula\"><\/a><\/p>\n<ul>\n<li><a href=\"https:\/\/webdelmaestrocmf.com\/portal\/category\/charlas\/\" rel=\"category tag\">CHARLAS<\/a><\/li>\n<\/ul>\n<h2><a href=\"https:\/\/webdelmaestrocmf.com\/portal\/si-no-hay-pensamiento-critico-cualquiera-te-manipula\/\">Mar\u00eda Ang\u00e9lica Lucas S\u00e1tiro: Si no hay pensamiento cr\u00edtico, cualquiera te manipula<\/a><\/h2>\n<p>\t\t\t2 enero, 202427,5K views<a href=\"https:\/\/webdelmaestrocmf.com\/portal\/si-no-hay-pensamiento-critico-cualquiera-te-manipula\/#comments\" >1<\/a><br \/>\n<\/article>\n<\/section>\n<section><\/section>\n<section>\n<article>\n\t\t\t\t\t<img loading=\"lazy\" width=\"332\" height=\"205\" src=\"https:\/\/webdelmaestrocmf.com\/portal\/wp-content\/uploads\/2022\/09\/A12B3C4D-2-380x235.jpg\" alt=\"\" decoding=\"async\" srcset=\"https:\/\/webdelmaestrocmf.com\/portal\/wp-content\/uploads\/2022\/09\/A12B3C4D-2-380x235.jpg 380w, https:\/\/webdelmaestrocmf.com\/portal\/wp-content\/uploads\/2022\/09\/A12B3C4D-2-300x185.jpg 300w, https:\/\/webdelmaestrocmf.com\/portal\/wp-content\/uploads\/2022\/09\/A12B3C4D-2-768x474.jpg 768w, https:\/\/webdelmaestrocmf.com\/portal\/wp-content\/uploads\/2022\/09\/A12B3C4D-2-550x340.jpg 550w, https:\/\/webdelmaestrocmf.com\/portal\/wp-content\/uploads\/2022\/09\/A12B3C4D-2-800x494.jpg 800w, https:\/\/webdelmaestrocmf.com\/portal\/wp-content\/uploads\/2022\/09\/A12B3C4D-2.jpg 900w\" sizes=\"auto, (max-width: 332px) 100vw, 332px\" \/>\t\t\t\t\t<img loading=\"lazy\" width=\"72\" height=\"72\" src=\"https:\/\/webdelmaestrocmf.com\/portal\/wp-content\/uploads\/2022\/09\/A12B3C4D-2-110x110.jpg\" alt=\"\" decoding=\"async\" srcset=\"https:\/\/webdelmaestrocmf.com\/portal\/wp-content\/uploads\/2022\/09\/A12B3C4D-2-110x110.jpg 110w, https:\/\/webdelmaestrocmf.com\/portal\/wp-content\/uploads\/2022\/09\/A12B3C4D-2-150x150.jpg 150w, https:\/\/webdelmaestrocmf.com\/portal\/wp-content\/uploads\/2022\/09\/A12B3C4D-2-80x80.jpg 80w\" sizes=\"auto, (max-width: 72px) 100vw, 72px\" \/><br \/>\n\t\t\t\t<a href=\"https:\/\/webdelmaestrocmf.com\/portal\/la-moral-es-importante-y-la-empatia-esta-relacionada-con-ella\/\" title=\"Mary Gordon: La moral es importante y la empat\u00eda est\u00e1 relacionada con ella\"><\/a><\/p>\n<ul>\n<li><a href=\"https:\/\/webdelmaestrocmf.com\/portal\/category\/charlas\/\" rel=\"category tag\">CHARLAS<\/a><\/li>\n<\/ul>\n<h2><a href=\"https:\/\/webdelmaestrocmf.com\/portal\/la-moral-es-importante-y-la-empatia-esta-relacionada-con-ella\/\">Mary Gordon: La moral es importante y la empat\u00eda est\u00e1 relacionada con ella<\/a><\/h2>\n<p>\t\t\t23 diciembre, 20233,6K views<a href=\"https:\/\/webdelmaestrocmf.com\/portal\/la-moral-es-importante-y-la-empatia-esta-relacionada-con-ella\/#respond\" >0<\/a><br \/>\n<\/article>\n<article>\n\t\t\t\t\t<img loading=\"lazy\" width=\"332\" height=\"205\" src=\"https:\/\/webdelmaestrocmf.com\/portal\/wp-content\/uploads\/2023\/12\/Maria-Velasco-380x235.jpg\" alt=\"Mar\u00eda Velasco\" decoding=\"async\" srcset=\"https:\/\/webdelmaestrocmf.com\/portal\/wp-content\/uploads\/2023\/12\/Maria-Velasco-380x235.jpg 380w, https:\/\/webdelmaestrocmf.com\/portal\/wp-content\/uploads\/2023\/12\/Maria-Velasco-300x185.jpg 300w, https:\/\/webdelmaestrocmf.com\/portal\/wp-content\/uploads\/2023\/12\/Maria-Velasco-768x474.jpg 768w, https:\/\/webdelmaestrocmf.com\/portal\/wp-content\/uploads\/2023\/12\/Maria-Velasco-550x340.jpg 550w, https:\/\/webdelmaestrocmf.com\/portal\/wp-content\/uploads\/2023\/12\/Maria-Velasco-800x494.jpg 800w, https:\/\/webdelmaestrocmf.com\/portal\/wp-content\/uploads\/2023\/12\/Maria-Velasco.jpg 900w\" sizes=\"auto, (max-width: 332px) 100vw, 332px\" \/>\t\t\t\t\t<img loading=\"lazy\" width=\"72\" height=\"72\" src=\"https:\/\/webdelmaestrocmf.com\/portal\/wp-content\/uploads\/2023\/12\/Maria-Velasco-110x110.jpg\" alt=\"Mar\u00eda Velasco\" decoding=\"async\" srcset=\"https:\/\/webdelmaestrocmf.com\/portal\/wp-content\/uploads\/2023\/12\/Maria-Velasco-110x110.jpg 110w, https:\/\/webdelmaestrocmf.com\/portal\/wp-content\/uploads\/2023\/12\/Maria-Velasco-150x150.jpg 150w, https:\/\/webdelmaestrocmf.com\/portal\/wp-content\/uploads\/2023\/12\/Maria-Velasco-80x80.jpg 80w\" sizes=\"auto, (max-width: 72px) 100vw, 72px\" \/><br \/>\n\t\t\t\t<a href=\"https:\/\/webdelmaestrocmf.com\/portal\/maria-velasco-hay-parar-y-reflexionar-que-necesitan-realmente-los-menores-y-que-necesito-yo-como-adulto\/\" title=\"Mar\u00eda Velasco: Hay que parar y reflexionar qu\u00e9 necesitan realmente los menores y qu\u00e9 necesito yo como adulto\"><\/a><\/p>\n<ul>\n<li><a href=\"https:\/\/webdelmaestrocmf.com\/portal\/category\/charlas\/\" rel=\"category tag\">CHARLAS<\/a><\/li>\n<\/ul>\n<h2><a href=\"https:\/\/webdelmaestrocmf.com\/portal\/maria-velasco-hay-parar-y-reflexionar-que-necesitan-realmente-los-menores-y-que-necesito-yo-como-adulto\/\">Mar\u00eda Velasco: Hay que parar y reflexionar qu\u00e9 necesitan realmente los menores y qu\u00e9 necesito yo como adulto<\/a><\/h2>\n<p>\t\t\t20 diciembre, 20231,4K views<a href=\"https:\/\/webdelmaestrocmf.com\/portal\/maria-velasco-hay-parar-y-reflexionar-que-necesitan-realmente-los-menores-y-que-necesito-yo-como-adulto\/#respond\" >0<\/a><br \/>\n<\/article>\n<article>\n\t\t\t\t\t<img loading=\"lazy\" width=\"332\" height=\"205\" src=\"https:\/\/webdelmaestrocmf.com\/portal\/wp-content\/uploads\/2021\/04\/A12B3C4D-10-380x235.jpg\" alt=\"Michael Sandel\" decoding=\"async\" srcset=\"https:\/\/webdelmaestrocmf.com\/portal\/wp-content\/uploads\/2021\/04\/A12B3C4D-10-380x235.jpg 380w, https:\/\/webdelmaestrocmf.com\/portal\/wp-content\/uploads\/2021\/04\/A12B3C4D-10-300x185.jpg 300w, https:\/\/webdelmaestrocmf.com\/portal\/wp-content\/uploads\/2021\/04\/A12B3C4D-10-768x474.jpg 768w, https:\/\/webdelmaestrocmf.com\/portal\/wp-content\/uploads\/2021\/04\/A12B3C4D-10-550x340.jpg 550w, https:\/\/webdelmaestrocmf.com\/portal\/wp-content\/uploads\/2021\/04\/A12B3C4D-10-800x494.jpg 800w, https:\/\/webdelmaestrocmf.com\/portal\/wp-content\/uploads\/2021\/04\/A12B3C4D-10.jpg 900w\" sizes=\"auto, (max-width: 332px) 100vw, 332px\" \/>\t\t\t\t\t<img loading=\"lazy\" width=\"72\" height=\"72\" src=\"https:\/\/webdelmaestrocmf.com\/portal\/wp-content\/uploads\/2021\/04\/A12B3C4D-10-110x110.jpg\" alt=\"Michael Sandel\" decoding=\"async\" srcset=\"https:\/\/webdelmaestrocmf.com\/portal\/wp-content\/uploads\/2021\/04\/A12B3C4D-10-110x110.jpg 110w, https:\/\/webdelmaestrocmf.com\/portal\/wp-content\/uploads\/2021\/04\/A12B3C4D-10-150x150.jpg 150w, https:\/\/webdelmaestrocmf.com\/portal\/wp-content\/uploads\/2021\/04\/A12B3C4D-10-80x80.jpg 80w\" sizes=\"auto, (max-width: 72px) 100vw, 72px\" \/><br \/>\n\t\t\t\t<a href=\"https:\/\/webdelmaestrocmf.com\/portal\/michael-sandel-los-jovenes-necesitan-aprender-la-habilidad-de-debatir-y-argumentar\/\" title=\"Michael Sandel: Los profesores evitan debatir mucho en el aula porque se preocupan de que los estudiantes puedan chocar y no respetarse unos a otros\"><\/a><\/p>\n<ul>\n<li><a href=\"https:\/\/webdelmaestrocmf.com\/portal\/category\/charlas\/\" rel=\"category tag\">CHARLAS<\/a><\/li>\n<\/ul>\n<h2><a href=\"https:\/\/webdelmaestrocmf.com\/portal\/michael-sandel-los-jovenes-necesitan-aprender-la-habilidad-de-debatir-y-argumentar\/\">Michael Sandel: Los profesores evitan debatir mucho en el aula porque se preocupan de que los estudiantes puedan chocar y no respetarse unos a otros<\/a><\/h2>\n<p>\t\t\t19 noviembre, 202316,4K views<a href=\"https:\/\/webdelmaestrocmf.com\/portal\/michael-sandel-los-jovenes-necesitan-aprender-la-habilidad-de-debatir-y-argumentar\/#respond\" >0<\/a><br \/>\n<\/article>\n<article>\n\t\t\t\t\t<img loading=\"lazy\" width=\"332\" height=\"205\" src=\"https:\/\/webdelmaestrocmf.com\/portal\/wp-content\/uploads\/2023\/11\/A12B3C4D-4-3-380x235.jpg\" alt=\"\" decoding=\"async\" srcset=\"https:\/\/webdelmaestrocmf.com\/portal\/wp-content\/uploads\/2023\/11\/A12B3C4D-4-3-380x235.jpg 380w, https:\/\/webdelmaestrocmf.com\/portal\/wp-content\/uploads\/2023\/11\/A12B3C4D-4-3-300x185.jpg 300w, https:\/\/webdelmaestrocmf.com\/portal\/wp-content\/uploads\/2023\/11\/A12B3C4D-4-3-768x474.jpg 768w, https:\/\/webdelmaestrocmf.com\/portal\/wp-content\/uploads\/2023\/11\/A12B3C4D-4-3-550x340.jpg 550w, https:\/\/webdelmaestrocmf.com\/portal\/wp-content\/uploads\/2023\/11\/A12B3C4D-4-3-800x494.jpg 800w, https:\/\/webdelmaestrocmf.com\/portal\/wp-content\/uploads\/2023\/11\/A12B3C4D-4-3.jpg 900w\" sizes=\"auto, (max-width: 332px) 100vw, 332px\" \/>\t\t\t\t\t<img loading=\"lazy\" width=\"72\" height=\"72\" src=\"https:\/\/webdelmaestrocmf.com\/portal\/wp-content\/uploads\/2023\/11\/A12B3C4D-4-3-110x110.jpg\" alt=\"\" decoding=\"async\" srcset=\"https:\/\/webdelmaestrocmf.com\/portal\/wp-content\/uploads\/2023\/11\/A12B3C4D-4-3-110x110.jpg 110w, https:\/\/webdelmaestrocmf.com\/portal\/wp-content\/uploads\/2023\/11\/A12B3C4D-4-3-150x150.jpg 150w, https:\/\/webdelmaestrocmf.com\/portal\/wp-content\/uploads\/2023\/11\/A12B3C4D-4-3-80x80.jpg 80w\" sizes=\"auto, (max-width: 72px) 100vw, 72px\" \/><br \/>\n\t\t\t\t<a href=\"https:\/\/webdelmaestrocmf.com\/portal\/diana-al-azem-los-padres-tambien-dramatizamos-y-nos-ponemos-en-plan-victimas\/\" title=\"Diana Al Azem: Los padres tambi\u00e9n dramatizamos y nos ponemos en plan v\u00edctimas\"><\/a><\/p>\n<ul>\n<li><a href=\"https:\/\/webdelmaestrocmf.com\/portal\/category\/charlas\/\" rel=\"category tag\">CHARLAS<\/a><\/li>\n<\/ul>\n<h2><a href=\"https:\/\/webdelmaestrocmf.com\/portal\/diana-al-azem-los-padres-tambien-dramatizamos-y-nos-ponemos-en-plan-victimas\/\">Diana Al Azem: Los padres tambi\u00e9n dramatizamos y nos ponemos en plan v\u00edctimas<\/a><\/h2>\n<p>\t\t\t14 noviembre, 20231,2K views<a href=\"https:\/\/webdelmaestrocmf.com\/portal\/diana-al-azem-los-padres-tambien-dramatizamos-y-nos-ponemos-en-plan-victimas\/#respond\" >0<\/a><br \/>\n<\/article>\n<\/section>\n<section><\/section>\n<h2 style=\"font-family: 'Playfair Display', serif; font-size: 30px;  font-weight: 700; \">\n  Articulos, materiales educativos y opiniones<br \/>\n<\/h2>\n<section>\n<h2>\n\t\t\t\t\t\tlectura\t\t\t\t\t<\/h2>\n<p>\t\t\t\t\t\t\t\t\t\t\t<a href=\"https:\/\/webdelmaestrocmf.com\/portal\/category\/pedagogia\/\" target=\"_self\"><br \/>\n\t\t\t\t\t\t\t\tOBLIGATORIA<br \/>\n\t\t\t\t\t\t<\/a><br \/>\n\t\t\t<\/section>\n<section>\n<article>\n\t\t\t\t\t\t\t\t\t<img loading=\"lazy\" width=\"332\" height=\"221\" src=\"https:\/\/webdelmaestrocmf.com\/portal\/wp-content\/uploads\/2025\/06\/1A-Banner-1-portada-imagen-10-1-copia-11-332x221.jpg\" alt=\"\" decoding=\"async\" srcset=\"https:\/\/webdelmaestrocmf.com\/portal\/wp-content\/uploads\/2025\/06\/1A-Banner-1-portada-imagen-10-1-copia-11-332x221.jpg 332w, https:\/\/webdelmaestrocmf.com\/portal\/wp-content\/uploads\/2025\/06\/1A-Banner-1-portada-imagen-10-1-copia-11-300x199.jpg 300w, https:\/\/webdelmaestrocmf.com\/portal\/wp-content\/uploads\/2025\/06\/1A-Banner-1-portada-imagen-10-1-copia-11-768x511.jpg 768w, https:\/\/webdelmaestrocmf.com\/portal\/wp-content\/uploads\/2025\/06\/1A-Banner-1-portada-imagen-10-1-copia-11-664x441.jpg 664w, https:\/\/webdelmaestrocmf.com\/portal\/wp-content\/uploads\/2025\/06\/1A-Banner-1-portada-imagen-10-1-copia-11-688x457.jpg 688w, https:\/\/webdelmaestrocmf.com\/portal\/wp-content\/uploads\/2025\/06\/1A-Banner-1-portada-imagen-10-1-copia-11.jpg 940w\" sizes=\"auto, (max-width: 332px) 100vw, 332px\" \/>\t\t\t\t\t<img loading=\"lazy\" width=\"940\" height=\"625\" src=\"https:\/\/webdelmaestrocmf.com\/portal\/wp-content\/uploads\/2025\/06\/1A-Banner-1-portada-imagen-10-1-copia-11.jpg\" alt=\"\" decoding=\"async\" srcset=\"https:\/\/webdelmaestrocmf.com\/portal\/wp-content\/uploads\/2025\/06\/1A-Banner-1-portada-imagen-10-1-copia-11.jpg 940w, https:\/\/webdelmaestrocmf.com\/portal\/wp-content\/uploads\/2025\/06\/1A-Banner-1-portada-imagen-10-1-copia-11-300x199.jpg 300w, https:\/\/webdelmaestrocmf.com\/portal\/wp-content\/uploads\/2025\/06\/1A-Banner-1-portada-imagen-10-1-copia-11-768x511.jpg 768w, https:\/\/webdelmaestrocmf.com\/portal\/wp-content\/uploads\/2025\/06\/1A-Banner-1-portada-imagen-10-1-copia-11-332x221.jpg 332w, https:\/\/webdelmaestrocmf.com\/portal\/wp-content\/uploads\/2025\/06\/1A-Banner-1-portada-imagen-10-1-copia-11-664x441.jpg 664w, https:\/\/webdelmaestrocmf.com\/portal\/wp-content\/uploads\/2025\/06\/1A-Banner-1-portada-imagen-10-1-copia-11-688x457.jpg 688w\" sizes=\"auto, (max-width: 940px) 100vw, 940px\" \/>\t\t\t\t\t\t\t<\/p>\n<h2>Dictados y otros errores frecuentes que se cometen al ense\u00f1ar ortograf\u00eda<\/h2>\n<p>\t\t\t19 junio, 20251,1K views<a href=\"https:\/\/webdelmaestrocmf.com\/portal\/dictados-y-otros-errores-frecuentes-que-se-cometen-al-ensenar-ortografia\/#respond\" >0<\/a><br \/>\n\t\t<a href=\"https:\/\/webdelmaestrocmf.com\/portal\/dictados-y-otros-errores-frecuentes-que-se-cometen-al-ensenar-ortografia\/\" title=\"Dictados y otros errores frecuentes que se cometen al ense\u00f1ar ortograf\u00eda\"><\/a><br \/>\n<\/article>\n<\/section>\n<section><\/section>\n<section>\n<article>\n\t\t\t\t\t<img loading=\"lazy\" width=\"332\" height=\"221\" src=\"https:\/\/webdelmaestrocmf.com\/portal\/wp-content\/uploads\/2022\/09\/1A-Banner-1-portada-imagen-10-1-copia-12-332x221.jpg\" alt=\"\" decoding=\"async\" srcset=\"https:\/\/webdelmaestrocmf.com\/portal\/wp-content\/uploads\/2022\/09\/1A-Banner-1-portada-imagen-10-1-copia-12-332x221.jpg 332w, https:\/\/webdelmaestrocmf.com\/portal\/wp-content\/uploads\/2022\/09\/1A-Banner-1-portada-imagen-10-1-copia-12-300x199.jpg 300w, https:\/\/webdelmaestrocmf.com\/portal\/wp-content\/uploads\/2022\/09\/1A-Banner-1-portada-imagen-10-1-copia-12-768x511.jpg 768w, https:\/\/webdelmaestrocmf.com\/portal\/wp-content\/uploads\/2022\/09\/1A-Banner-1-portada-imagen-10-1-copia-12-664x441.jpg 664w, https:\/\/webdelmaestrocmf.com\/portal\/wp-content\/uploads\/2022\/09\/1A-Banner-1-portada-imagen-10-1-copia-12-688x457.jpg 688w, https:\/\/webdelmaestrocmf.com\/portal\/wp-content\/uploads\/2022\/09\/1A-Banner-1-portada-imagen-10-1-copia-12.jpg 940w\" sizes=\"auto, (max-width: 332px) 100vw, 332px\" \/>\t\t\t\t\t<img loading=\"lazy\" width=\"332\" height=\"186\" src=\"https:\/\/webdelmaestrocmf.com\/portal\/wp-content\/uploads\/2022\/09\/1A-Banner-1-portada-imagen-10-1-copia-12-332x186.jpg\" alt=\"\" decoding=\"async\" srcset=\"https:\/\/webdelmaestrocmf.com\/portal\/wp-content\/uploads\/2022\/09\/1A-Banner-1-portada-imagen-10-1-copia-12-332x186.jpg 332w, https:\/\/webdelmaestrocmf.com\/portal\/wp-content\/uploads\/2022\/09\/1A-Banner-1-portada-imagen-10-1-copia-12-664x372.jpg 664w, https:\/\/webdelmaestrocmf.com\/portal\/wp-content\/uploads\/2022\/09\/1A-Banner-1-portada-imagen-10-1-copia-12-688x387.jpg 688w\" sizes=\"auto, (max-width: 332px) 100vw, 332px\" \/><br \/>\n\t\t\t\t<a href=\"https:\/\/webdelmaestrocmf.com\/portal\/estas-son-las-caracteristicas-importantes-de-los-directores-de-las-escuelas-efectivas\/\" title=\"Est\u00e1s son las caracter\u00edsticas importantes de los directores de las \u201cescuelas efectivas\u201d\"><\/a><\/p>\n<h2><a href=\"https:\/\/webdelmaestrocmf.com\/portal\/estas-son-las-caracteristicas-importantes-de-los-directores-de-las-escuelas-efectivas\/\">Est\u00e1s son las caracter\u00edsticas importantes de los directores de las \u201cescuelas efectivas\u201d<\/a><\/h2>\n<p>\t\t\t19 junio, 20257,3K views<a href=\"https:\/\/webdelmaestrocmf.com\/portal\/estas-son-las-caracteristicas-importantes-de-los-directores-de-las-escuelas-efectivas\/#respond\" >0<\/a><br \/>\n<\/article>\n<article>\n\t\t\t\t\t<img loading=\"lazy\" width=\"332\" height=\"332\" src=\"https:\/\/webdelmaestrocmf.com\/portal\/wp-content\/uploads\/2024\/01\/Banner-1-portada-imagen-10-8-380x380.jpg\" alt=\"clase efectiva\" decoding=\"async\" srcset=\"https:\/\/webdelmaestrocmf.com\/portal\/wp-content\/uploads\/2024\/01\/Banner-1-portada-imagen-10-8-380x380.jpg 380w, https:\/\/webdelmaestrocmf.com\/portal\/wp-content\/uploads\/2024\/01\/Banner-1-portada-imagen-10-8-300x300.jpg 300w, https:\/\/webdelmaestrocmf.com\/portal\/wp-content\/uploads\/2024\/01\/Banner-1-portada-imagen-10-8-150x150.jpg 150w, https:\/\/webdelmaestrocmf.com\/portal\/wp-content\/uploads\/2024\/01\/Banner-1-portada-imagen-10-8-768x768.jpg 768w, https:\/\/webdelmaestrocmf.com\/portal\/wp-content\/uploads\/2024\/01\/Banner-1-portada-imagen-10-8-80x80.jpg 80w, https:\/\/webdelmaestrocmf.com\/portal\/wp-content\/uploads\/2024\/01\/Banner-1-portada-imagen-10-8-110x110.jpg 110w, https:\/\/webdelmaestrocmf.com\/portal\/wp-content\/uploads\/2024\/01\/Banner-1-portada-imagen-10-8-550x550.jpg 550w, https:\/\/webdelmaestrocmf.com\/portal\/wp-content\/uploads\/2024\/01\/Banner-1-portada-imagen-10-8-800x800.jpg 800w, https:\/\/webdelmaestrocmf.com\/portal\/wp-content\/uploads\/2024\/01\/Banner-1-portada-imagen-10-8.jpg 1024w\" sizes=\"auto, (max-width: 332px) 100vw, 332px\" \/>\t\t\t\t\t<img loading=\"lazy\" width=\"283\" height=\"186\" src=\"https:\/\/webdelmaestrocmf.com\/portal\/wp-content\/uploads\/2024\/01\/Banner-1-portada-imagen-10-8-380x250.jpg\" alt=\"clase efectiva\" decoding=\"async\" srcset=\"https:\/\/webdelmaestrocmf.com\/portal\/wp-content\/uploads\/2024\/01\/Banner-1-portada-imagen-10-8-380x250.jpg 380w, https:\/\/webdelmaestrocmf.com\/portal\/wp-content\/uploads\/2024\/01\/Banner-1-portada-imagen-10-8-230x150.jpg 230w, https:\/\/webdelmaestrocmf.com\/portal\/wp-content\/uploads\/2024\/01\/Banner-1-portada-imagen-10-8-260x170.jpg 260w\" sizes=\"auto, (max-width: 283px) 100vw, 283px\" \/><br \/>\n\t\t\t\t<a href=\"https:\/\/webdelmaestrocmf.com\/portal\/como-dar-una-clase-efectiva-consejos-para-docentes\/\" title=\"C\u00f3mo dar una clase efectiva: consejos para docentes\"><\/a><\/p>\n<h2><a href=\"https:\/\/webdelmaestrocmf.com\/portal\/como-dar-una-clase-efectiva-consejos-para-docentes\/\">C\u00f3mo dar una clase efectiva: consejos para docentes<\/a><\/h2>\n<p>\t\t\t19 junio, 202544,2K views<a href=\"https:\/\/webdelmaestrocmf.com\/portal\/como-dar-una-clase-efectiva-consejos-para-docentes\/#comments\" >4<\/a><br \/>\n<\/article>\n<article>\n\t\t\t\t\t<img loading=\"lazy\" width=\"332\" height=\"332\" src=\"https:\/\/webdelmaestrocmf.com\/portal\/wp-content\/uploads\/2022\/02\/Banner-1-portada-imagen-10-5-380x380.jpg\" alt=\"preguntas\" decoding=\"async\" srcset=\"https:\/\/webdelmaestrocmf.com\/portal\/wp-content\/uploads\/2022\/02\/Banner-1-portada-imagen-10-5-380x380.jpg 380w, https:\/\/webdelmaestrocmf.com\/portal\/wp-content\/uploads\/2022\/02\/Banner-1-portada-imagen-10-5-300x300.jpg 300w, https:\/\/webdelmaestrocmf.com\/portal\/wp-content\/uploads\/2022\/02\/Banner-1-portada-imagen-10-5-150x150.jpg 150w, https:\/\/webdelmaestrocmf.com\/portal\/wp-content\/uploads\/2022\/02\/Banner-1-portada-imagen-10-5-768x768.jpg 768w, https:\/\/webdelmaestrocmf.com\/portal\/wp-content\/uploads\/2022\/02\/Banner-1-portada-imagen-10-5-80x80.jpg 80w, https:\/\/webdelmaestrocmf.com\/portal\/wp-content\/uploads\/2022\/02\/Banner-1-portada-imagen-10-5-110x110.jpg 110w, https:\/\/webdelmaestrocmf.com\/portal\/wp-content\/uploads\/2022\/02\/Banner-1-portada-imagen-10-5-550x550.jpg 550w, https:\/\/webdelmaestrocmf.com\/portal\/wp-content\/uploads\/2022\/02\/Banner-1-portada-imagen-10-5-800x800.jpg 800w, https:\/\/webdelmaestrocmf.com\/portal\/wp-content\/uploads\/2022\/02\/Banner-1-portada-imagen-10-5.jpg 1024w\" sizes=\"auto, (max-width: 332px) 100vw, 332px\" \/>\t\t\t\t\t<img loading=\"lazy\" width=\"283\" height=\"186\" src=\"https:\/\/webdelmaestrocmf.com\/portal\/wp-content\/uploads\/2022\/02\/Banner-1-portada-imagen-10-5-380x250.jpg\" alt=\"preguntas\" decoding=\"async\" srcset=\"https:\/\/webdelmaestrocmf.com\/portal\/wp-content\/uploads\/2022\/02\/Banner-1-portada-imagen-10-5-380x250.jpg 380w, https:\/\/webdelmaestrocmf.com\/portal\/wp-content\/uploads\/2022\/02\/Banner-1-portada-imagen-10-5-230x150.jpg 230w, https:\/\/webdelmaestrocmf.com\/portal\/wp-content\/uploads\/2022\/02\/Banner-1-portada-imagen-10-5-260x170.jpg 260w\" sizes=\"auto, (max-width: 283px) 100vw, 283px\" \/><br \/>\n\t\t\t\t<a href=\"https:\/\/webdelmaestrocmf.com\/portal\/50-preguntas-para-fomentar-pensamiento-critico-en-los-alumnos\/\" title=\"50 preguntas para fomentar Pensamiento Cr\u00edtico en los alumnos\"><\/a><\/p>\n<h2><a href=\"https:\/\/webdelmaestrocmf.com\/portal\/50-preguntas-para-fomentar-pensamiento-critico-en-los-alumnos\/\">50 preguntas para fomentar Pensamiento Cr\u00edtico en los alumnos<\/a><\/h2>\n<p>\t\t\t19 junio, 202577,3K views<a href=\"https:\/\/webdelmaestrocmf.com\/portal\/50-preguntas-para-fomentar-pensamiento-critico-en-los-alumnos\/#comments\" >3<\/a><br \/>\n<\/article>\n<article>\n\t\t\t\t\t<img loading=\"lazy\" width=\"332\" height=\"221\" src=\"https:\/\/webdelmaestrocmf.com\/portal\/wp-content\/uploads\/2025\/06\/1A-Banner-1-portada-imagen-10-1-copia-6-332x221.jpg\" alt=\"\" decoding=\"async\" srcset=\"https:\/\/webdelmaestrocmf.com\/portal\/wp-content\/uploads\/2025\/06\/1A-Banner-1-portada-imagen-10-1-copia-6-332x221.jpg 332w, https:\/\/webdelmaestrocmf.com\/portal\/wp-content\/uploads\/2025\/06\/1A-Banner-1-portada-imagen-10-1-copia-6-300x199.jpg 300w, https:\/\/webdelmaestrocmf.com\/portal\/wp-content\/uploads\/2025\/06\/1A-Banner-1-portada-imagen-10-1-copia-6-768x511.jpg 768w, https:\/\/webdelmaestrocmf.com\/portal\/wp-content\/uploads\/2025\/06\/1A-Banner-1-portada-imagen-10-1-copia-6-664x441.jpg 664w, https:\/\/webdelmaestrocmf.com\/portal\/wp-content\/uploads\/2025\/06\/1A-Banner-1-portada-imagen-10-1-copia-6-688x457.jpg 688w, https:\/\/webdelmaestrocmf.com\/portal\/wp-content\/uploads\/2025\/06\/1A-Banner-1-portada-imagen-10-1-copia-6.jpg 940w\" sizes=\"auto, (max-width: 332px) 100vw, 332px\" \/>\t\t\t\t\t<img loading=\"lazy\" width=\"332\" height=\"186\" src=\"https:\/\/webdelmaestrocmf.com\/portal\/wp-content\/uploads\/2025\/06\/1A-Banner-1-portada-imagen-10-1-copia-6-332x186.jpg\" alt=\"\" decoding=\"async\" srcset=\"https:\/\/webdelmaestrocmf.com\/portal\/wp-content\/uploads\/2025\/06\/1A-Banner-1-portada-imagen-10-1-copia-6-332x186.jpg 332w, https:\/\/webdelmaestrocmf.com\/portal\/wp-content\/uploads\/2025\/06\/1A-Banner-1-portada-imagen-10-1-copia-6-664x372.jpg 664w, https:\/\/webdelmaestrocmf.com\/portal\/wp-content\/uploads\/2025\/06\/1A-Banner-1-portada-imagen-10-1-copia-6-688x387.jpg 688w\" sizes=\"auto, (max-width: 332px) 100vw, 332px\" \/><br \/>\n\t\t\t\t<a href=\"https:\/\/webdelmaestrocmf.com\/portal\/mucha-pantalla-poco-pensamiento-una-alerta-para-familias-y-estudiantes\/\" title=\"Mucha pantalla, poco pensamiento: una alerta para familias y estudiantes\"><\/a><\/p>\n<h2><a href=\"https:\/\/webdelmaestrocmf.com\/portal\/mucha-pantalla-poco-pensamiento-una-alerta-para-familias-y-estudiantes\/\">Mucha pantalla, poco pensamiento: una alerta para familias y estudiantes<\/a><\/h2>\n<p>\t\t\t18 junio, 20251,3K views<a href=\"https:\/\/webdelmaestrocmf.com\/portal\/mucha-pantalla-poco-pensamiento-una-alerta-para-familias-y-estudiantes\/#respond\" >0<\/a><br \/>\n<\/article>\n<article>\n\t\t\t\t\t<img loading=\"lazy\" width=\"332\" height=\"221\" src=\"https:\/\/webdelmaestrocmf.com\/portal\/wp-content\/uploads\/2025\/06\/1A-Banner-1-portada-imagen-10-1-copia-3-1-332x221.jpg\" alt=\"\" decoding=\"async\" srcset=\"https:\/\/webdelmaestrocmf.com\/portal\/wp-content\/uploads\/2025\/06\/1A-Banner-1-portada-imagen-10-1-copia-3-1-332x221.jpg 332w, https:\/\/webdelmaestrocmf.com\/portal\/wp-content\/uploads\/2025\/06\/1A-Banner-1-portada-imagen-10-1-copia-3-1-300x199.jpg 300w, https:\/\/webdelmaestrocmf.com\/portal\/wp-content\/uploads\/2025\/06\/1A-Banner-1-portada-imagen-10-1-copia-3-1-768x511.jpg 768w, https:\/\/webdelmaestrocmf.com\/portal\/wp-content\/uploads\/2025\/06\/1A-Banner-1-portada-imagen-10-1-copia-3-1-664x441.jpg 664w, https:\/\/webdelmaestrocmf.com\/portal\/wp-content\/uploads\/2025\/06\/1A-Banner-1-portada-imagen-10-1-copia-3-1-688x457.jpg 688w, https:\/\/webdelmaestrocmf.com\/portal\/wp-content\/uploads\/2025\/06\/1A-Banner-1-portada-imagen-10-1-copia-3-1.jpg 940w\" sizes=\"auto, (max-width: 332px) 100vw, 332px\" \/>\t\t\t\t\t<img loading=\"lazy\" width=\"332\" height=\"186\" src=\"https:\/\/webdelmaestrocmf.com\/portal\/wp-content\/uploads\/2025\/06\/1A-Banner-1-portada-imagen-10-1-copia-3-1-332x186.jpg\" alt=\"\" decoding=\"async\" srcset=\"https:\/\/webdelmaestrocmf.com\/portal\/wp-content\/uploads\/2025\/06\/1A-Banner-1-portada-imagen-10-1-copia-3-1-332x186.jpg 332w, https:\/\/webdelmaestrocmf.com\/portal\/wp-content\/uploads\/2025\/06\/1A-Banner-1-portada-imagen-10-1-copia-3-1-664x372.jpg 664w, https:\/\/webdelmaestrocmf.com\/portal\/wp-content\/uploads\/2025\/06\/1A-Banner-1-portada-imagen-10-1-copia-3-1-688x387.jpg 688w\" sizes=\"auto, (max-width: 332px) 100vw, 332px\" \/><br \/>\n\t\t\t\t<a href=\"https:\/\/webdelmaestrocmf.com\/portal\/rueda-de-la-innovacion-curricular-transformar-el-aprendizaje-desde-la-raiz\/\" title=\"Rueda de la innovaci\u00f3n curricular: transformar el aprendizaje desde la ra\u00edz\"><\/a><\/p>\n<h2><a href=\"https:\/\/webdelmaestrocmf.com\/portal\/rueda-de-la-innovacion-curricular-transformar-el-aprendizaje-desde-la-raiz\/\">Rueda de la innovaci\u00f3n curricular: transformar el aprendizaje desde la ra\u00edz<\/a><\/h2>\n<p>\t\t\t18 junio, 20255,7K views<a href=\"https:\/\/webdelmaestrocmf.com\/portal\/rueda-de-la-innovacion-curricular-transformar-el-aprendizaje-desde-la-raiz\/#respond\" >0<\/a><br \/>\n<\/article>\n<article>\n\t\t\t\t\t<img loading=\"lazy\" width=\"332\" height=\"221\" src=\"https:\/\/webdelmaestrocmf.com\/portal\/wp-content\/uploads\/2025\/06\/1A-Banner-1-portada-imagen-10-1-copia-2-332x221.jpg\" alt=\"\" decoding=\"async\" srcset=\"https:\/\/webdelmaestrocmf.com\/portal\/wp-content\/uploads\/2025\/06\/1A-Banner-1-portada-imagen-10-1-copia-2-332x221.jpg 332w, https:\/\/webdelmaestrocmf.com\/portal\/wp-content\/uploads\/2025\/06\/1A-Banner-1-portada-imagen-10-1-copia-2-300x199.jpg 300w, https:\/\/webdelmaestrocmf.com\/portal\/wp-content\/uploads\/2025\/06\/1A-Banner-1-portada-imagen-10-1-copia-2-768x511.jpg 768w, https:\/\/webdelmaestrocmf.com\/portal\/wp-content\/uploads\/2025\/06\/1A-Banner-1-portada-imagen-10-1-copia-2-664x441.jpg 664w, https:\/\/webdelmaestrocmf.com\/portal\/wp-content\/uploads\/2025\/06\/1A-Banner-1-portada-imagen-10-1-copia-2-688x457.jpg 688w, https:\/\/webdelmaestrocmf.com\/portal\/wp-content\/uploads\/2025\/06\/1A-Banner-1-portada-imagen-10-1-copia-2.jpg 940w\" sizes=\"auto, (max-width: 332px) 100vw, 332px\" \/>\t\t\t\t\t<img loading=\"lazy\" width=\"332\" height=\"186\" src=\"https:\/\/webdelmaestrocmf.com\/portal\/wp-content\/uploads\/2025\/06\/1A-Banner-1-portada-imagen-10-1-copia-2-332x186.jpg\" alt=\"\" decoding=\"async\" srcset=\"https:\/\/webdelmaestrocmf.com\/portal\/wp-content\/uploads\/2025\/06\/1A-Banner-1-portada-imagen-10-1-copia-2-332x186.jpg 332w, https:\/\/webdelmaestrocmf.com\/portal\/wp-content\/uploads\/2025\/06\/1A-Banner-1-portada-imagen-10-1-copia-2-664x372.jpg 664w, https:\/\/webdelmaestrocmf.com\/portal\/wp-content\/uploads\/2025\/06\/1A-Banner-1-portada-imagen-10-1-copia-2-688x387.jpg 688w\" sizes=\"auto, (max-width: 332px) 100vw, 332px\" \/><br \/>\n\t\t\t\t<a href=\"https:\/\/webdelmaestrocmf.com\/portal\/que-es-la-taxonomia-de-bloom-sus-actualizaciones-y-como-aplicarla-en-el-aula\/\" title=\"Qu\u00e9 es la Taxonom\u00eda de Bloom\"><\/a><\/p>\n<h2><a href=\"https:\/\/webdelmaestrocmf.com\/portal\/que-es-la-taxonomia-de-bloom-sus-actualizaciones-y-como-aplicarla-en-el-aula\/\">Qu\u00e9 es la Taxonom\u00eda de Bloom<\/a><\/h2>\n<p>\t\t\t17 junio, 20258,5K views<a href=\"https:\/\/webdelmaestrocmf.com\/portal\/que-es-la-taxonomia-de-bloom-sus-actualizaciones-y-como-aplicarla-en-el-aula\/#respond\" >0<\/a><br \/>\n<\/article>\n<article>\n\t\t\t\t\t<img loading=\"lazy\" width=\"332\" height=\"332\" src=\"https:\/\/webdelmaestrocmf.com\/portal\/wp-content\/uploads\/2025\/06\/1A-Banner-1-portada-imagen-10-1-41-380x380.jpg\" alt=\"\" decoding=\"async\" srcset=\"https:\/\/webdelmaestrocmf.com\/portal\/wp-content\/uploads\/2025\/06\/1A-Banner-1-portada-imagen-10-1-41-380x380.jpg 380w, https:\/\/webdelmaestrocmf.com\/portal\/wp-content\/uploads\/2025\/06\/1A-Banner-1-portada-imagen-10-1-41-300x300.jpg 300w, https:\/\/webdelmaestrocmf.com\/portal\/wp-content\/uploads\/2025\/06\/1A-Banner-1-portada-imagen-10-1-41-150x150.jpg 150w, https:\/\/webdelmaestrocmf.com\/portal\/wp-content\/uploads\/2025\/06\/1A-Banner-1-portada-imagen-10-1-41-768x768.jpg 768w, https:\/\/webdelmaestrocmf.com\/portal\/wp-content\/uploads\/2025\/06\/1A-Banner-1-portada-imagen-10-1-41-80x80.jpg 80w, https:\/\/webdelmaestrocmf.com\/portal\/wp-content\/uploads\/2025\/06\/1A-Banner-1-portada-imagen-10-1-41-110x110.jpg 110w, https:\/\/webdelmaestrocmf.com\/portal\/wp-content\/uploads\/2025\/06\/1A-Banner-1-portada-imagen-10-1-41-550x550.jpg 550w, https:\/\/webdelmaestrocmf.com\/portal\/wp-content\/uploads\/2025\/06\/1A-Banner-1-portada-imagen-10-1-41-800x800.jpg 800w, https:\/\/webdelmaestrocmf.com\/portal\/wp-content\/uploads\/2025\/06\/1A-Banner-1-portada-imagen-10-1-41.jpg 1024w\" sizes=\"auto, (max-width: 332px) 100vw, 332px\" \/>\t\t\t\t\t<img loading=\"lazy\" width=\"283\" height=\"186\" src=\"https:\/\/webdelmaestrocmf.com\/portal\/wp-content\/uploads\/2025\/06\/1A-Banner-1-portada-imagen-10-1-41-380x250.jpg\" alt=\"\" decoding=\"async\" srcset=\"https:\/\/webdelmaestrocmf.com\/portal\/wp-content\/uploads\/2025\/06\/1A-Banner-1-portada-imagen-10-1-41-380x250.jpg 380w, https:\/\/webdelmaestrocmf.com\/portal\/wp-content\/uploads\/2025\/06\/1A-Banner-1-portada-imagen-10-1-41-230x150.jpg 230w, https:\/\/webdelmaestrocmf.com\/portal\/wp-content\/uploads\/2025\/06\/1A-Banner-1-portada-imagen-10-1-41-260x170.jpg 260w\" sizes=\"auto, (max-width: 283px) 100vw, 283px\" \/><br \/>\n\t\t\t\t<a href=\"https:\/\/webdelmaestrocmf.com\/portal\/del-repartidor-al-pupas-10-tipos-de-padres-que-encontraras-en-el-colegio\/\" title=\"Del repartidor al pupas: 10 tipos de padres que encontrar\u00e1s en el colegio\"><\/a><\/p>\n<h2><a href=\"https:\/\/webdelmaestrocmf.com\/portal\/del-repartidor-al-pupas-10-tipos-de-padres-que-encontraras-en-el-colegio\/\">Del repartidor al pupas: 10 tipos de padres que encontrar\u00e1s en el colegio<\/a><\/h2>\n<p>\t\t\t15 junio, 20251,1K views<a href=\"https:\/\/webdelmaestrocmf.com\/portal\/del-repartidor-al-pupas-10-tipos-de-padres-que-encontraras-en-el-colegio\/#respond\" >0<\/a><br \/>\n<\/article>\n<article>\n\t\t\t\t\t<img loading=\"lazy\" width=\"332\" height=\"332\" src=\"https:\/\/webdelmaestrocmf.com\/portal\/wp-content\/uploads\/2025\/06\/1A-Banner-1-portada-imagen-10-1-11-1-380x380.jpg\" alt=\"\" decoding=\"async\" srcset=\"https:\/\/webdelmaestrocmf.com\/portal\/wp-content\/uploads\/2025\/06\/1A-Banner-1-portada-imagen-10-1-11-1-380x380.jpg 380w, https:\/\/webdelmaestrocmf.com\/portal\/wp-content\/uploads\/2025\/06\/1A-Banner-1-portada-imagen-10-1-11-1-300x300.jpg 300w, https:\/\/webdelmaestrocmf.com\/portal\/wp-content\/uploads\/2025\/06\/1A-Banner-1-portada-imagen-10-1-11-1-150x150.jpg 150w, https:\/\/webdelmaestrocmf.com\/portal\/wp-content\/uploads\/2025\/06\/1A-Banner-1-portada-imagen-10-1-11-1-768x768.jpg 768w, https:\/\/webdelmaestrocmf.com\/portal\/wp-content\/uploads\/2025\/06\/1A-Banner-1-portada-imagen-10-1-11-1-80x80.jpg 80w, https:\/\/webdelmaestrocmf.com\/portal\/wp-content\/uploads\/2025\/06\/1A-Banner-1-portada-imagen-10-1-11-1-110x110.jpg 110w, https:\/\/webdelmaestrocmf.com\/portal\/wp-content\/uploads\/2025\/06\/1A-Banner-1-portada-imagen-10-1-11-1-550x550.jpg 550w, https:\/\/webdelmaestrocmf.com\/portal\/wp-content\/uploads\/2025\/06\/1A-Banner-1-portada-imagen-10-1-11-1-800x800.jpg 800w, https:\/\/webdelmaestrocmf.com\/portal\/wp-content\/uploads\/2025\/06\/1A-Banner-1-portada-imagen-10-1-11-1.jpg 1024w\" sizes=\"auto, (max-width: 332px) 100vw, 332px\" \/>\t\t\t\t\t<img loading=\"lazy\" width=\"283\" height=\"186\" src=\"https:\/\/webdelmaestrocmf.com\/portal\/wp-content\/uploads\/2025\/06\/1A-Banner-1-portada-imagen-10-1-11-1-380x250.jpg\" alt=\"\" decoding=\"async\" srcset=\"https:\/\/webdelmaestrocmf.com\/portal\/wp-content\/uploads\/2025\/06\/1A-Banner-1-portada-imagen-10-1-11-1-380x250.jpg 380w, https:\/\/webdelmaestrocmf.com\/portal\/wp-content\/uploads\/2025\/06\/1A-Banner-1-portada-imagen-10-1-11-1-230x150.jpg 230w, https:\/\/webdelmaestrocmf.com\/portal\/wp-content\/uploads\/2025\/06\/1A-Banner-1-portada-imagen-10-1-11-1-260x170.jpg 260w\" sizes=\"auto, (max-width: 283px) 100vw, 283px\" \/><br \/>\n\t\t\t\t<a href=\"https:\/\/webdelmaestrocmf.com\/portal\/cada-minuto-un-nino-sufre-malnutricion-grave-en-15-paises-afectados-por-la-crisis-mundial-del-hambre\/\" title=\"Cada minuto, un ni\u00f1o sufre malnutrici\u00f3n grave en 15 pa\u00edses afectados por la crisis mundial del hambre\"><\/a><\/p>\n<h2><a href=\"https:\/\/webdelmaestrocmf.com\/portal\/cada-minuto-un-nino-sufre-malnutricion-grave-en-15-paises-afectados-por-la-crisis-mundial-del-hambre\/\">Cada minuto, un ni\u00f1o sufre malnutrici\u00f3n grave en 15 pa\u00edses afectados por la crisis mundial del hambre<\/a><\/h2>\n<p>\t\t\t15 junio, 20251,0K views<a href=\"https:\/\/webdelmaestrocmf.com\/portal\/cada-minuto-un-nino-sufre-malnutricion-grave-en-15-paises-afectados-por-la-crisis-mundial-del-hambre\/#respond\" >0<\/a><br \/>\n<\/article>\n<article>\n\t\t\t\t\t<img loading=\"lazy\" width=\"332\" height=\"332\" src=\"https:\/\/webdelmaestrocmf.com\/portal\/wp-content\/uploads\/2021\/06\/Banner-1-portada-imagen-10-1-2024-06-16T122100.139-380x380.jpg\" alt=\"\" decoding=\"async\" srcset=\"https:\/\/webdelmaestrocmf.com\/portal\/wp-content\/uploads\/2021\/06\/Banner-1-portada-imagen-10-1-2024-06-16T122100.139-380x380.jpg 380w, https:\/\/webdelmaestrocmf.com\/portal\/wp-content\/uploads\/2021\/06\/Banner-1-portada-imagen-10-1-2024-06-16T122100.139-300x300.jpg 300w, https:\/\/webdelmaestrocmf.com\/portal\/wp-content\/uploads\/2021\/06\/Banner-1-portada-imagen-10-1-2024-06-16T122100.139-150x150.jpg 150w, https:\/\/webdelmaestrocmf.com\/portal\/wp-content\/uploads\/2021\/06\/Banner-1-portada-imagen-10-1-2024-06-16T122100.139-768x768.jpg 768w, https:\/\/webdelmaestrocmf.com\/portal\/wp-content\/uploads\/2021\/06\/Banner-1-portada-imagen-10-1-2024-06-16T122100.139-80x80.jpg 80w, https:\/\/webdelmaestrocmf.com\/portal\/wp-content\/uploads\/2021\/06\/Banner-1-portada-imagen-10-1-2024-06-16T122100.139-110x110.jpg 110w, https:\/\/webdelmaestrocmf.com\/portal\/wp-content\/uploads\/2021\/06\/Banner-1-portada-imagen-10-1-2024-06-16T122100.139-550x550.jpg 550w, https:\/\/webdelmaestrocmf.com\/portal\/wp-content\/uploads\/2021\/06\/Banner-1-portada-imagen-10-1-2024-06-16T122100.139-800x800.jpg 800w, https:\/\/webdelmaestrocmf.com\/portal\/wp-content\/uploads\/2021\/06\/Banner-1-portada-imagen-10-1-2024-06-16T122100.139.jpg 1024w\" sizes=\"auto, (max-width: 332px) 100vw, 332px\" \/>\t\t\t\t\t<img loading=\"lazy\" width=\"283\" height=\"186\" src=\"https:\/\/webdelmaestrocmf.com\/portal\/wp-content\/uploads\/2021\/06\/Banner-1-portada-imagen-10-1-2024-06-16T122100.139-380x250.jpg\" alt=\"\" decoding=\"async\" srcset=\"https:\/\/webdelmaestrocmf.com\/portal\/wp-content\/uploads\/2021\/06\/Banner-1-portada-imagen-10-1-2024-06-16T122100.139-380x250.jpg 380w, https:\/\/webdelmaestrocmf.com\/portal\/wp-content\/uploads\/2021\/06\/Banner-1-portada-imagen-10-1-2024-06-16T122100.139-230x150.jpg 230w, https:\/\/webdelmaestrocmf.com\/portal\/wp-content\/uploads\/2021\/06\/Banner-1-portada-imagen-10-1-2024-06-16T122100.139-260x170.jpg 260w\" sizes=\"auto, (max-width: 283px) 100vw, 283px\" \/><br \/>\n\t\t\t\t<a href=\"https:\/\/webdelmaestrocmf.com\/portal\/dia-del-padre-y-maestro\/\" title=\"Gratitud al Padre y Maestro\"><\/a><\/p>\n<h2><a href=\"https:\/\/webdelmaestrocmf.com\/portal\/dia-del-padre-y-maestro\/\">Gratitud al Padre y Maestro<\/a><\/h2>\n<p>\t\t\t15 junio, 202526,3K views<a href=\"https:\/\/webdelmaestrocmf.com\/portal\/dia-del-padre-y-maestro\/#respond\" >0<\/a><br \/>\n<\/article>\n<article>\n\t\t\t\t\t<img loading=\"lazy\" width=\"332\" height=\"332\" src=\"https:\/\/webdelmaestrocmf.com\/portal\/wp-content\/uploads\/2021\/05\/1A-Banner-1-portada-imagen-10-1-10-380x380.jpg\" alt=\"\" decoding=\"async\" srcset=\"https:\/\/webdelmaestrocmf.com\/portal\/wp-content\/uploads\/2021\/05\/1A-Banner-1-portada-imagen-10-1-10-380x380.jpg 380w, https:\/\/webdelmaestrocmf.com\/portal\/wp-content\/uploads\/2021\/05\/1A-Banner-1-portada-imagen-10-1-10-300x300.jpg 300w, https:\/\/webdelmaestrocmf.com\/portal\/wp-content\/uploads\/2021\/05\/1A-Banner-1-portada-imagen-10-1-10-150x150.jpg 150w, https:\/\/webdelmaestrocmf.com\/portal\/wp-content\/uploads\/2021\/05\/1A-Banner-1-portada-imagen-10-1-10-768x768.jpg 768w, https:\/\/webdelmaestrocmf.com\/portal\/wp-content\/uploads\/2021\/05\/1A-Banner-1-portada-imagen-10-1-10-80x80.jpg 80w, https:\/\/webdelmaestrocmf.com\/portal\/wp-content\/uploads\/2021\/05\/1A-Banner-1-portada-imagen-10-1-10-110x110.jpg 110w, https:\/\/webdelmaestrocmf.com\/portal\/wp-content\/uploads\/2021\/05\/1A-Banner-1-portada-imagen-10-1-10-550x550.jpg 550w, https:\/\/webdelmaestrocmf.com\/portal\/wp-content\/uploads\/2021\/05\/1A-Banner-1-portada-imagen-10-1-10-800x800.jpg 800w, https:\/\/webdelmaestrocmf.com\/portal\/wp-content\/uploads\/2021\/05\/1A-Banner-1-portada-imagen-10-1-10.jpg 1024w\" sizes=\"auto, (max-width: 332px) 100vw, 332px\" \/>\t\t\t\t\t<img loading=\"lazy\" width=\"283\" height=\"186\" src=\"https:\/\/webdelmaestrocmf.com\/portal\/wp-content\/uploads\/2021\/05\/1A-Banner-1-portada-imagen-10-1-10-380x250.jpg\" alt=\"\" decoding=\"async\" srcset=\"https:\/\/webdelmaestrocmf.com\/portal\/wp-content\/uploads\/2021\/05\/1A-Banner-1-portada-imagen-10-1-10-380x250.jpg 380w, https:\/\/webdelmaestrocmf.com\/portal\/wp-content\/uploads\/2021\/05\/1A-Banner-1-portada-imagen-10-1-10-230x150.jpg 230w, https:\/\/webdelmaestrocmf.com\/portal\/wp-content\/uploads\/2021\/05\/1A-Banner-1-portada-imagen-10-1-10-260x170.jpg 260w\" sizes=\"auto, (max-width: 283px) 100vw, 283px\" \/><br \/>\n\t\t\t\t<a href=\"https:\/\/webdelmaestrocmf.com\/portal\/el-cerebro-del-profesor-importa\/\" title=\"El cerebro y las emociones del docente tambi\u00e9n importan\"><\/a><\/p>\n<h2><a href=\"https:\/\/webdelmaestrocmf.com\/portal\/el-cerebro-del-profesor-importa\/\">El cerebro y las emociones del docente tambi\u00e9n importan<\/a><\/h2>\n<p>\t\t\t14 junio, 202515,5K views<a href=\"https:\/\/webdelmaestrocmf.com\/portal\/el-cerebro-del-profesor-importa\/#respond\" >0<\/a><br \/>\n<\/article>\n<article>\n\t\t\t\t\t<img loading=\"lazy\" width=\"332\" height=\"332\" src=\"https:\/\/webdelmaestrocmf.com\/portal\/wp-content\/uploads\/2025\/06\/1A-Banner-1-portada-imagen-10-1-28-380x380.jpg\" alt=\"\" decoding=\"async\" srcset=\"https:\/\/webdelmaestrocmf.com\/portal\/wp-content\/uploads\/2025\/06\/1A-Banner-1-portada-imagen-10-1-28-380x380.jpg 380w, https:\/\/webdelmaestrocmf.com\/portal\/wp-content\/uploads\/2025\/06\/1A-Banner-1-portada-imagen-10-1-28-300x300.jpg 300w, https:\/\/webdelmaestrocmf.com\/portal\/wp-content\/uploads\/2025\/06\/1A-Banner-1-portada-imagen-10-1-28-150x150.jpg 150w, https:\/\/webdelmaestrocmf.com\/portal\/wp-content\/uploads\/2025\/06\/1A-Banner-1-portada-imagen-10-1-28-768x768.jpg 768w, https:\/\/webdelmaestrocmf.com\/portal\/wp-content\/uploads\/2025\/06\/1A-Banner-1-portada-imagen-10-1-28-80x80.jpg 80w, https:\/\/webdelmaestrocmf.com\/portal\/wp-content\/uploads\/2025\/06\/1A-Banner-1-portada-imagen-10-1-28-110x110.jpg 110w, https:\/\/webdelmaestrocmf.com\/portal\/wp-content\/uploads\/2025\/06\/1A-Banner-1-portada-imagen-10-1-28-550x550.jpg 550w, https:\/\/webdelmaestrocmf.com\/portal\/wp-content\/uploads\/2025\/06\/1A-Banner-1-portada-imagen-10-1-28-800x800.jpg 800w, https:\/\/webdelmaestrocmf.com\/portal\/wp-content\/uploads\/2025\/06\/1A-Banner-1-portada-imagen-10-1-28.jpg 1024w\" sizes=\"auto, (max-width: 332px) 100vw, 332px\" \/>\t\t\t\t\t<img loading=\"lazy\" width=\"283\" height=\"186\" src=\"https:\/\/webdelmaestrocmf.com\/portal\/wp-content\/uploads\/2025\/06\/1A-Banner-1-portada-imagen-10-1-28-380x250.jpg\" alt=\"\" decoding=\"async\" srcset=\"https:\/\/webdelmaestrocmf.com\/portal\/wp-content\/uploads\/2025\/06\/1A-Banner-1-portada-imagen-10-1-28-380x250.jpg 380w, https:\/\/webdelmaestrocmf.com\/portal\/wp-content\/uploads\/2025\/06\/1A-Banner-1-portada-imagen-10-1-28-230x150.jpg 230w, https:\/\/webdelmaestrocmf.com\/portal\/wp-content\/uploads\/2025\/06\/1A-Banner-1-portada-imagen-10-1-28-260x170.jpg 260w\" sizes=\"auto, (max-width: 283px) 100vw, 283px\" \/><br \/>\n\t\t\t\t<a href=\"https:\/\/webdelmaestrocmf.com\/portal\/docentes-bajo-amenaza-la-salud-del-magisterio-latinoamericano-en-crisis\/\" title=\"Docentes bajo amenaza: la salud del magisterio latinoamericano en crisis\"><\/a><\/p>\n<h2><a href=\"https:\/\/webdelmaestrocmf.com\/portal\/docentes-bajo-amenaza-la-salud-del-magisterio-latinoamericano-en-crisis\/\">Docentes bajo amenaza: la salud del magisterio latinoamericano en crisis<\/a><\/h2>\n<p>\t\t\t9 junio, 20251,7K views<a href=\"https:\/\/webdelmaestrocmf.com\/portal\/docentes-bajo-amenaza-la-salud-del-magisterio-latinoamericano-en-crisis\/#respond\" >0<\/a><br \/>\n<\/article>\n<article>\n\t\t\t\t\t<img loading=\"lazy\" width=\"332\" height=\"332\" src=\"https:\/\/webdelmaestrocmf.com\/portal\/wp-content\/uploads\/2025\/06\/1A-Banner-1-portada-imagen-10-1-25-380x380.jpg\" alt=\"\" decoding=\"async\" srcset=\"https:\/\/webdelmaestrocmf.com\/portal\/wp-content\/uploads\/2025\/06\/1A-Banner-1-portada-imagen-10-1-25-380x380.jpg 380w, https:\/\/webdelmaestrocmf.com\/portal\/wp-content\/uploads\/2025\/06\/1A-Banner-1-portada-imagen-10-1-25-300x300.jpg 300w, https:\/\/webdelmaestrocmf.com\/portal\/wp-content\/uploads\/2025\/06\/1A-Banner-1-portada-imagen-10-1-25-150x150.jpg 150w, https:\/\/webdelmaestrocmf.com\/portal\/wp-content\/uploads\/2025\/06\/1A-Banner-1-portada-imagen-10-1-25-768x768.jpg 768w, https:\/\/webdelmaestrocmf.com\/portal\/wp-content\/uploads\/2025\/06\/1A-Banner-1-portada-imagen-10-1-25-80x80.jpg 80w, https:\/\/webdelmaestrocmf.com\/portal\/wp-content\/uploads\/2025\/06\/1A-Banner-1-portada-imagen-10-1-25-110x110.jpg 110w, https:\/\/webdelmaestrocmf.com\/portal\/wp-content\/uploads\/2025\/06\/1A-Banner-1-portada-imagen-10-1-25-550x550.jpg 550w, https:\/\/webdelmaestrocmf.com\/portal\/wp-content\/uploads\/2025\/06\/1A-Banner-1-portada-imagen-10-1-25-800x800.jpg 800w, https:\/\/webdelmaestrocmf.com\/portal\/wp-content\/uploads\/2025\/06\/1A-Banner-1-portada-imagen-10-1-25.jpg 1024w\" sizes=\"auto, (max-width: 332px) 100vw, 332px\" \/>\t\t\t\t\t<img loading=\"lazy\" width=\"283\" height=\"186\" src=\"https:\/\/webdelmaestrocmf.com\/portal\/wp-content\/uploads\/2025\/06\/1A-Banner-1-portada-imagen-10-1-25-380x250.jpg\" alt=\"\" decoding=\"async\" srcset=\"https:\/\/webdelmaestrocmf.com\/portal\/wp-content\/uploads\/2025\/06\/1A-Banner-1-portada-imagen-10-1-25-380x250.jpg 380w, https:\/\/webdelmaestrocmf.com\/portal\/wp-content\/uploads\/2025\/06\/1A-Banner-1-portada-imagen-10-1-25-230x150.jpg 230w, https:\/\/webdelmaestrocmf.com\/portal\/wp-content\/uploads\/2025\/06\/1A-Banner-1-portada-imagen-10-1-25-260x170.jpg 260w\" sizes=\"auto, (max-width: 283px) 100vw, 283px\" \/><br \/>\n\t\t\t\t<a href=\"https:\/\/webdelmaestrocmf.com\/portal\/como-afectan-las-conductas-disruptivas-de-los-alumnos-a-los-docentes-descarga-la-guia-pdf\/\" title=\"C\u00f3mo afectan las conductas disruptivas de los alumnos a los docentes | Descarga la gu\u00eda PDF\"><\/a><\/p>\n<h2><a href=\"https:\/\/webdelmaestrocmf.com\/portal\/como-afectan-las-conductas-disruptivas-de-los-alumnos-a-los-docentes-descarga-la-guia-pdf\/\">C\u00f3mo afectan las conductas disruptivas de los alumnos a los docentes | Descarga la gu\u00eda PDF<\/a><\/h2>\n<p>\t\t\t9 junio, 20252,4K views<a href=\"https:\/\/webdelmaestrocmf.com\/portal\/como-afectan-las-conductas-disruptivas-de-los-alumnos-a-los-docentes-descarga-la-guia-pdf\/#respond\" >0<\/a><br \/>\n<\/article>\n<\/section>\n<section><\/section>\n<section>\n<!-- ANUNCIAO 2025 PAGINA PRINCIAL INTERIOR --><br \/>\n<ins\n     style=\"display:block\"\n     data-ad-client=\"ca-pub-9544854023617669\"\n     data-ad-slot=\"7645396543\"\n     data-ad-format=\"auto\"\n     data-full-width-responsive=\"true\"><\/ins><br \/>\n\t\t<\/section>\n<h2 style=\"font-family: 'Playfair Display', serif; font-size: 30px;  font-weight: 700; \">\n  Cursos gratuitos y capacitaci\u00f3n docente<br \/>\n<\/h2>\n<section>\n<h2>\n\t\t\t\t\t\tMANTENTE\t\t\t\t\t<\/h2>\n<p>\t\t\t\t\t\t\t\t\t\t\t<a href=\"https:\/\/webdelmaestrocmf.com\/portal\/category\/pedagogia\/cursos\/\" target=\"_self\"><br \/>\n\t\t\t\t\t\t\t\tACTUALIZADO<br \/>\n\t\t\t\t\t\t<\/a><br \/>\n\t\t\t<\/section>\n<section>\n<article>\n\t\t\t\t\t<img loading=\"lazy\" width=\"332\" height=\"205\" src=\"https:\/\/webdelmaestrocmf.com\/portal\/wp-content\/uploads\/2023\/02\/3ABC-380x235.jpg\" alt=\"\" decoding=\"async\" srcset=\"https:\/\/webdelmaestrocmf.com\/portal\/wp-content\/uploads\/2023\/02\/3ABC-380x235.jpg 380w, https:\/\/webdelmaestrocmf.com\/portal\/wp-content\/uploads\/2023\/02\/3ABC-300x185.jpg 300w, https:\/\/webdelmaestrocmf.com\/portal\/wp-content\/uploads\/2023\/02\/3ABC-768x474.jpg 768w, https:\/\/webdelmaestrocmf.com\/portal\/wp-content\/uploads\/2023\/02\/3ABC-800x494.jpg 800w, https:\/\/webdelmaestrocmf.com\/portal\/wp-content\/uploads\/2023\/02\/3ABC.jpg 900w\" sizes=\"auto, (max-width: 332px) 100vw, 332px\" \/>\t\t\t\t\t<img loading=\"lazy\" width=\"619\" height=\"387\" src=\"https:\/\/webdelmaestrocmf.com\/portal\/wp-content\/uploads\/2023\/02\/3ABC-800x500.jpg\" alt=\"\" decoding=\"async\" \/><br \/>\n\t\t\t\t<a href=\"https:\/\/webdelmaestrocmf.com\/portal\/curso-gratuito-para-docentes-manejo-del-trastorno-del-espectro-autista-tea-inicio-02-de-marzo-2023\/\" title=\"Curso gratuito para docentes: Manejo del trastorno del espectro autista (TEA) | Inicio 02 de marzo 2023\"><\/a><\/p>\n<ul>\n<li><a href=\"https:\/\/webdelmaestrocmf.com\/portal\/category\/cursos\/\" rel=\"category tag\">Cursos<\/a><\/li>\n<li><a href=\"https:\/\/webdelmaestrocmf.com\/portal\/category\/pedagogia\/\" rel=\"category tag\">Recursos y materiales<\/a><\/li>\n<\/ul>\n<h2><a href=\"https:\/\/webdelmaestrocmf.com\/portal\/curso-gratuito-para-docentes-manejo-del-trastorno-del-espectro-autista-tea-inicio-02-de-marzo-2023\/\">Curso gratuito para docentes: Manejo del trastorno del espectro autista (TEA) | Inicio 02 de marzo 2023<\/a><\/h2>\n<p>\t\t\t25 febrero, 20233,1K views<a href=\"https:\/\/webdelmaestrocmf.com\/portal\/curso-gratuito-para-docentes-manejo-del-trastorno-del-espectro-autista-tea-inicio-02-de-marzo-2023\/#respond\" >0<\/a><br \/>\n<\/article>\n<\/section>\n<section><\/section>\n<section>\n<article>\n<ul>\n<li><a href=\"https:\/\/webdelmaestrocmf.com\/portal\/category\/cursos\/\" rel=\"category tag\">Cursos<\/a><\/li>\n<li><a href=\"https:\/\/webdelmaestrocmf.com\/portal\/category\/pedagogia\/\" rel=\"category tag\">Recursos y materiales<\/a><\/li>\n<\/ul>\n<h2><a href=\"https:\/\/webdelmaestrocmf.com\/portal\/32-cursos-de-dibujo-en-google-drive-35-libros-de-dibujo-pdf\/\">32 cursos de dibujo en Google Drive +35 Libros de Dibujo [PDF]<\/a><\/h2>\n<p>\t\t\t5 febrero, 202310,0K views<a href=\"https:\/\/webdelmaestrocmf.com\/portal\/32-cursos-de-dibujo-en-google-drive-35-libros-de-dibujo-pdf\/#respond\" >0<\/a><br \/>\n<\/article>\n<article>\n<ul>\n<li><a href=\"https:\/\/webdelmaestrocmf.com\/portal\/category\/cursos\/\" rel=\"category tag\">Cursos<\/a><\/li>\n<li><a href=\"https:\/\/webdelmaestrocmf.com\/portal\/category\/pedagogia\/\" rel=\"category tag\">Recursos y materiales<\/a><\/li>\n<\/ul>\n<h2><a href=\"https:\/\/webdelmaestrocmf.com\/portal\/curso-educar-en-positivo-con-alvaro-bilbao\/\">El mejor curso de educaci\u00f3n y disciplina positiva con \u00c1lvaro Bilbao<\/a><\/h2>\n<p>\t\t\t30 enero, 20231,8K views<a href=\"https:\/\/webdelmaestrocmf.com\/portal\/curso-educar-en-positivo-con-alvaro-bilbao\/#respond\" >0<\/a><br \/>\n<\/article>\n<\/section>\n<section><\/section>\n<section>\n<!-- ANUNCIAO 2025 PAGINA PRINCIAL INTERIOR --><br \/>\n<ins\n     style=\"display:block\"\n     data-ad-client=\"ca-pub-9544854023617669\"\n     data-ad-slot=\"7645396543\"\n     data-ad-format=\"auto\"\n     data-full-width-responsive=\"true\"><\/ins><br \/>\n\t\t<\/section>\n<section><\/section>\n<section>\n<article>\n\t\t\t\t\t<img loading=\"lazy\" width=\"332\" height=\"205\" src=\"https:\/\/webdelmaestrocmf.com\/portal\/wp-content\/uploads\/2023\/01\/1-63-380x235.jpg\" alt=\"\" decoding=\"async\" srcset=\"https:\/\/webdelmaestrocmf.com\/portal\/wp-content\/uploads\/2023\/01\/1-63-380x235.jpg 380w, https:\/\/webdelmaestrocmf.com\/portal\/wp-content\/uploads\/2023\/01\/1-63-300x185.jpg 300w, https:\/\/webdelmaestrocmf.com\/portal\/wp-content\/uploads\/2023\/01\/1-63-768x474.jpg 768w, https:\/\/webdelmaestrocmf.com\/portal\/wp-content\/uploads\/2023\/01\/1-63-800x494.jpg 800w, https:\/\/webdelmaestrocmf.com\/portal\/wp-content\/uploads\/2023\/01\/1-63.jpg 900w\" sizes=\"auto, (max-width: 332px) 100vw, 332px\" \/>\t\t\t\t\t<img loading=\"lazy\" width=\"900\" height=\"556\" src=\"https:\/\/webdelmaestrocmf.com\/portal\/wp-content\/uploads\/2023\/01\/1-63.jpg\" alt=\"\" decoding=\"async\" srcset=\"https:\/\/webdelmaestrocmf.com\/portal\/wp-content\/uploads\/2023\/01\/1-63.jpg 900w, https:\/\/webdelmaestrocmf.com\/portal\/wp-content\/uploads\/2023\/01\/1-63-300x185.jpg 300w, https:\/\/webdelmaestrocmf.com\/portal\/wp-content\/uploads\/2023\/01\/1-63-768x474.jpg 768w, https:\/\/webdelmaestrocmf.com\/portal\/wp-content\/uploads\/2023\/01\/1-63-380x235.jpg 380w, https:\/\/webdelmaestrocmf.com\/portal\/wp-content\/uploads\/2023\/01\/1-63-800x494.jpg 800w\" sizes=\"auto, (max-width: 900px) 100vw, 900px\" \/><br \/>\n\t\t\t\t<a href=\"https:\/\/webdelmaestrocmf.com\/portal\/3-cursos-on-line-gratis-profesores-neurobiologia-moodle-lecto-escritura\/\" title=\"3 cursos On Line y gratis, para profesores sobre Neurobiolog\u00eda, Moodle y Lectoescritura\"><\/a><\/p>\n<ul>\n<li><a href=\"https:\/\/webdelmaestrocmf.com\/portal\/category\/cursos\/\" rel=\"category tag\">Cursos<\/a><\/li>\n<li><a href=\"https:\/\/webdelmaestrocmf.com\/portal\/category\/pedagogia\/\" rel=\"category tag\">Recursos y materiales<\/a><\/li>\n<\/ul>\n<h2><a href=\"https:\/\/webdelmaestrocmf.com\/portal\/3-cursos-on-line-gratis-profesores-neurobiologia-moodle-lecto-escritura\/\">3 cursos On Line y gratis, para profesores sobre Neurobiolog\u00eda, Moodle y Lectoescritura<\/a><\/h2>\n<p>\t\t\t22 enero, 202310,8K views<a href=\"https:\/\/webdelmaestrocmf.com\/portal\/3-cursos-on-line-gratis-profesores-neurobiologia-moodle-lecto-escritura\/#respond\" >0<\/a><br \/>\n<\/article>\n<\/section>\n<section>\n<article>\n\t\t\t\t\t<img loading=\"lazy\" width=\"332\" height=\"205\" src=\"https:\/\/webdelmaestrocmf.com\/portal\/wp-content\/uploads\/2022\/09\/1-39-380x235.jpg\" alt=\"\" decoding=\"async\" srcset=\"https:\/\/webdelmaestrocmf.com\/portal\/wp-content\/uploads\/2022\/09\/1-39-380x235.jpg 380w, https:\/\/webdelmaestrocmf.com\/portal\/wp-content\/uploads\/2022\/09\/1-39-300x185.jpg 300w, https:\/\/webdelmaestrocmf.com\/portal\/wp-content\/uploads\/2022\/09\/1-39-768x474.jpg 768w, https:\/\/webdelmaestrocmf.com\/portal\/wp-content\/uploads\/2022\/09\/1-39-110x68.jpg 110w, https:\/\/webdelmaestrocmf.com\/portal\/wp-content\/uploads\/2022\/09\/1-39-200x124.jpg 200w, https:\/\/webdelmaestrocmf.com\/portal\/wp-content\/uploads\/2022\/09\/1-39-255x158.jpg 255w, https:\/\/webdelmaestrocmf.com\/portal\/wp-content\/uploads\/2022\/09\/1-39-550x340.jpg 550w, https:\/\/webdelmaestrocmf.com\/portal\/wp-content\/uploads\/2022\/09\/1-39-800x494.jpg 800w, https:\/\/webdelmaestrocmf.com\/portal\/wp-content\/uploads\/2022\/09\/1-39.jpg 900w\" sizes=\"auto, (max-width: 332px) 100vw, 332px\" \/>\t\t\t\t\t<img loading=\"lazy\" width=\"321\" height=\"186\" src=\"https:\/\/webdelmaestrocmf.com\/portal\/wp-content\/uploads\/2022\/09\/1-39-380x220.jpg\" alt=\"\" decoding=\"async\" \/><br \/>\n\t\t\t\t<a href=\"https:\/\/webdelmaestrocmf.com\/portal\/10-cursos-gratuitos-dirigidos-a-docentes-para-aprender-excel-desde-cero-hasta-el-nivel-experto\/\" title=\"10 cursos gratuitos dirigidos a docentes para aprender Excel desde cero hasta el nivel experto\"><\/a><\/p>\n<ul>\n<li><a href=\"https:\/\/webdelmaestrocmf.com\/portal\/category\/cursos\/\" rel=\"category tag\">Cursos<\/a><\/li>\n<li><a href=\"https:\/\/webdelmaestrocmf.com\/portal\/category\/pedagogia\/\" rel=\"category tag\">Recursos y materiales<\/a><\/li>\n<\/ul>\n<h2><a href=\"https:\/\/webdelmaestrocmf.com\/portal\/10-cursos-gratuitos-dirigidos-a-docentes-para-aprender-excel-desde-cero-hasta-el-nivel-experto\/\">10 cursos gratuitos dirigidos a docentes para aprender Excel desde cero hasta el nivel experto<\/a><\/h2>\n<p>\t\t\t8 septiembre, 20227,9K views<a href=\"https:\/\/webdelmaestrocmf.com\/portal\/10-cursos-gratuitos-dirigidos-a-docentes-para-aprender-excel-desde-cero-hasta-el-nivel-experto\/#respond\" >0<\/a><br \/>\n<\/article>\n<article>\n\t\t\t\t\t<img loading=\"lazy\" width=\"332\" height=\"205\" src=\"https:\/\/webdelmaestrocmf.com\/portal\/wp-content\/uploads\/2022\/08\/1-81-380x235.jpg\" alt=\"\" decoding=\"async\" srcset=\"https:\/\/webdelmaestrocmf.com\/portal\/wp-content\/uploads\/2022\/08\/1-81-380x235.jpg 380w, https:\/\/webdelmaestrocmf.com\/portal\/wp-content\/uploads\/2022\/08\/1-81-300x185.jpg 300w, https:\/\/webdelmaestrocmf.com\/portal\/wp-content\/uploads\/2022\/08\/1-81-768x474.jpg 768w, https:\/\/webdelmaestrocmf.com\/portal\/wp-content\/uploads\/2022\/08\/1-81-110x68.jpg 110w, https:\/\/webdelmaestrocmf.com\/portal\/wp-content\/uploads\/2022\/08\/1-81-200x124.jpg 200w, https:\/\/webdelmaestrocmf.com\/portal\/wp-content\/uploads\/2022\/08\/1-81-255x158.jpg 255w, https:\/\/webdelmaestrocmf.com\/portal\/wp-content\/uploads\/2022\/08\/1-81-550x340.jpg 550w, https:\/\/webdelmaestrocmf.com\/portal\/wp-content\/uploads\/2022\/08\/1-81-800x494.jpg 800w, https:\/\/webdelmaestrocmf.com\/portal\/wp-content\/uploads\/2022\/08\/1-81.jpg 900w\" sizes=\"auto, (max-width: 332px) 100vw, 332px\" \/>\t\t\t\t\t<img loading=\"lazy\" width=\"321\" height=\"186\" src=\"https:\/\/webdelmaestrocmf.com\/portal\/wp-content\/uploads\/2022\/08\/1-81-380x220.jpg\" alt=\"\" decoding=\"async\" \/><br \/>\n\t\t\t\t<a href=\"https:\/\/webdelmaestrocmf.com\/portal\/curso-gratis-de-google-2022\/\" title=\"Curso gratis de Google\"><\/a><\/p>\n<ul>\n<li><a href=\"https:\/\/webdelmaestrocmf.com\/portal\/category\/cursos\/\" rel=\"category tag\">Cursos<\/a><\/li>\n<li><a href=\"https:\/\/webdelmaestrocmf.com\/portal\/category\/pedagogia\/\" rel=\"category tag\">Recursos y materiales<\/a><\/li>\n<\/ul>\n<h2><a href=\"https:\/\/webdelmaestrocmf.com\/portal\/curso-gratis-de-google-2022\/\">Curso gratis de Google<\/a><\/h2>\n<p>\t\t\t30 agosto, 20224,7K views<a href=\"https:\/\/webdelmaestrocmf.com\/portal\/curso-gratis-de-google-2022\/#respond\" >0<\/a><br \/>\n<\/article>\n<article>\n\t\t\t\t\t<img loading=\"lazy\" width=\"332\" height=\"205\" src=\"https:\/\/webdelmaestrocmf.com\/portal\/wp-content\/uploads\/2021\/09\/1-109-380x235.jpg\" alt=\"\" decoding=\"async\" srcset=\"https:\/\/webdelmaestrocmf.com\/portal\/wp-content\/uploads\/2021\/09\/1-109-380x235.jpg 380w, https:\/\/webdelmaestrocmf.com\/portal\/wp-content\/uploads\/2021\/09\/1-109-300x185.jpg 300w, https:\/\/webdelmaestrocmf.com\/portal\/wp-content\/uploads\/2021\/09\/1-109-1024x633.jpg 1024w, https:\/\/webdelmaestrocmf.com\/portal\/wp-content\/uploads\/2021\/09\/1-109-768x475.jpg 768w, https:\/\/webdelmaestrocmf.com\/portal\/wp-content\/uploads\/2021\/09\/1-109-110x68.jpg 110w, https:\/\/webdelmaestrocmf.com\/portal\/wp-content\/uploads\/2021\/09\/1-109-200x124.jpg 200w, https:\/\/webdelmaestrocmf.com\/portal\/wp-content\/uploads\/2021\/09\/1-109-255x158.jpg 255w, https:\/\/webdelmaestrocmf.com\/portal\/wp-content\/uploads\/2021\/09\/1-109-550x340.jpg 550w, https:\/\/webdelmaestrocmf.com\/portal\/wp-content\/uploads\/2021\/09\/1-109-800x495.jpg 800w, https:\/\/webdelmaestrocmf.com\/portal\/wp-content\/uploads\/2021\/09\/1-109-220x136.jpg 220w, https:\/\/webdelmaestrocmf.com\/portal\/wp-content\/uploads\/2021\/09\/1-109-400x247.jpg 400w, https:\/\/webdelmaestrocmf.com\/portal\/wp-content\/uploads\/2021\/09\/1-109-760x470.jpg 760w, https:\/\/webdelmaestrocmf.com\/portal\/wp-content\/uploads\/2021\/09\/1-109-510x315.jpg 510w, https:\/\/webdelmaestrocmf.com\/portal\/wp-content\/uploads\/2021\/09\/1-109-600x371.jpg 600w, https:\/\/webdelmaestrocmf.com\/portal\/wp-content\/uploads\/2021\/09\/1-109.jpg 1100w\" sizes=\"auto, (max-width: 332px) 100vw, 332px\" \/>\t\t\t\t\t<img loading=\"lazy\" width=\"321\" height=\"186\" src=\"https:\/\/webdelmaestrocmf.com\/portal\/wp-content\/uploads\/2021\/09\/1-109-380x220.jpg\" alt=\"\" decoding=\"async\" srcset=\"https:\/\/webdelmaestrocmf.com\/portal\/wp-content\/uploads\/2021\/09\/1-109-380x220.jpg 380w, https:\/\/webdelmaestrocmf.com\/portal\/wp-content\/uploads\/2021\/09\/1-109-760x440.jpg 760w\" sizes=\"auto, (max-width: 321px) 100vw, 321px\" \/><br \/>\n\t\t\t\t<a href=\"https:\/\/webdelmaestrocmf.com\/portal\/cursos-gratuitos-de-la-universidad-de-harvard-septiembre-2021\/\" title=\"Cursos gratuitos de la Universidad de Harvard\"><\/a><\/p>\n<ul>\n<li><a href=\"https:\/\/webdelmaestrocmf.com\/portal\/category\/cursos\/\" rel=\"category tag\">Cursos<\/a><\/li>\n<li><a href=\"https:\/\/webdelmaestrocmf.com\/portal\/category\/pedagogia\/\" rel=\"category tag\">Recursos y materiales<\/a><\/li>\n<\/ul>\n<h2><a href=\"https:\/\/webdelmaestrocmf.com\/portal\/cursos-gratuitos-de-la-universidad-de-harvard-septiembre-2021\/\">Cursos gratuitos de la Universidad de Harvard<\/a><\/h2>\n<p>\t\t\t31 mayo, 202213,4K views<a href=\"https:\/\/webdelmaestrocmf.com\/portal\/cursos-gratuitos-de-la-universidad-de-harvard-septiembre-2021\/#respond\" >0<\/a><br \/>\n<\/article>\n<article>\n\t\t\t\t\t<img loading=\"lazy\" width=\"332\" height=\"205\" src=\"https:\/\/webdelmaestrocmf.com\/portal\/wp-content\/uploads\/2022\/04\/1-22-380x235.jpg\" alt=\"\" decoding=\"async\" srcset=\"https:\/\/webdelmaestrocmf.com\/portal\/wp-content\/uploads\/2022\/04\/1-22-380x235.jpg 380w, https:\/\/webdelmaestrocmf.com\/portal\/wp-content\/uploads\/2022\/04\/1-22-300x185.jpg 300w, https:\/\/webdelmaestrocmf.com\/portal\/wp-content\/uploads\/2022\/04\/1-22-1024x633.jpg 1024w, https:\/\/webdelmaestrocmf.com\/portal\/wp-content\/uploads\/2022\/04\/1-22-768x475.jpg 768w, https:\/\/webdelmaestrocmf.com\/portal\/wp-content\/uploads\/2022\/04\/1-22-110x68.jpg 110w, https:\/\/webdelmaestrocmf.com\/portal\/wp-content\/uploads\/2022\/04\/1-22-200x124.jpg 200w, https:\/\/webdelmaestrocmf.com\/portal\/wp-content\/uploads\/2022\/04\/1-22-255x158.jpg 255w, https:\/\/webdelmaestrocmf.com\/portal\/wp-content\/uploads\/2022\/04\/1-22-550x340.jpg 550w, https:\/\/webdelmaestrocmf.com\/portal\/wp-content\/uploads\/2022\/04\/1-22-800x495.jpg 800w, https:\/\/webdelmaestrocmf.com\/portal\/wp-content\/uploads\/2022\/04\/1-22.jpg 1100w\" sizes=\"auto, (max-width: 332px) 100vw, 332px\" \/>\t\t\t\t\t<img loading=\"lazy\" width=\"321\" height=\"186\" src=\"https:\/\/webdelmaestrocmf.com\/portal\/wp-content\/uploads\/2022\/04\/1-22-380x220.jpg\" alt=\"\" decoding=\"async\" \/><br \/>\n\t\t\t\t<a href=\"https:\/\/webdelmaestrocmf.com\/portal\/8-cursos-de-educacion-online-para-profesores-y-maestros\/\" title=\"Cursos de educaci\u00f3n online para maestros y educadores\"><\/a><\/p>\n<ul>\n<li><a href=\"https:\/\/webdelmaestrocmf.com\/portal\/category\/cursos\/\" rel=\"category tag\">Cursos<\/a><\/li>\n<li><a href=\"https:\/\/webdelmaestrocmf.com\/portal\/category\/pedagogia\/\" rel=\"category tag\">Recursos y materiales<\/a><\/li>\n<\/ul>\n<h2><a href=\"https:\/\/webdelmaestrocmf.com\/portal\/8-cursos-de-educacion-online-para-profesores-y-maestros\/\">Cursos de educaci\u00f3n online para maestros y educadores<\/a><\/h2>\n<p>\t\t\t10 abril, 20227,3K views<a href=\"https:\/\/webdelmaestrocmf.com\/portal\/8-cursos-de-educacion-online-para-profesores-y-maestros\/#comments\" >1<\/a><br \/>\n<\/article>\n<\/section>\n<section><\/section>\n<section><\/section>\n<section>\n<article>\n\t\t\t\t\t<img loading=\"lazy\" width=\"332\" height=\"205\" src=\"https:\/\/webdelmaestrocmf.com\/portal\/wp-content\/uploads\/2019\/01\/1-105-380x235.jpg\" alt=\"\" decoding=\"async\" srcset=\"https:\/\/webdelmaestrocmf.com\/portal\/wp-content\/uploads\/2019\/01\/1-105-380x235.jpg 380w, https:\/\/webdelmaestrocmf.com\/portal\/wp-content\/uploads\/2019\/01\/1-105-300x185.jpg 300w, https:\/\/webdelmaestrocmf.com\/portal\/wp-content\/uploads\/2019\/01\/1-105-1024x633.jpg 1024w, https:\/\/webdelmaestrocmf.com\/portal\/wp-content\/uploads\/2019\/01\/1-105-768x475.jpg 768w, https:\/\/webdelmaestrocmf.com\/portal\/wp-content\/uploads\/2019\/01\/1-105-110x68.jpg 110w, https:\/\/webdelmaestrocmf.com\/portal\/wp-content\/uploads\/2019\/01\/1-105-200x124.jpg 200w, https:\/\/webdelmaestrocmf.com\/portal\/wp-content\/uploads\/2019\/01\/1-105-255x158.jpg 255w, https:\/\/webdelmaestrocmf.com\/portal\/wp-content\/uploads\/2019\/01\/1-105-550x340.jpg 550w, https:\/\/webdelmaestrocmf.com\/portal\/wp-content\/uploads\/2019\/01\/1-105-800x495.jpg 800w, https:\/\/webdelmaestrocmf.com\/portal\/wp-content\/uploads\/2019\/01\/1-105.jpg 1100w\" sizes=\"auto, (max-width: 332px) 100vw, 332px\" \/>\t\t\t\t\t<img loading=\"lazy\" width=\"619\" height=\"387\" src=\"https:\/\/webdelmaestrocmf.com\/portal\/wp-content\/uploads\/2019\/01\/1-105-800x500.jpg\" alt=\"\" decoding=\"async\" srcset=\"https:\/\/webdelmaestrocmf.com\/portal\/wp-content\/uploads\/2019\/01\/1-105-800x500.jpg 800w, https:\/\/webdelmaestrocmf.com\/portal\/wp-content\/uploads\/2019\/01\/1-105-110x68.jpg 110w, https:\/\/webdelmaestrocmf.com\/portal\/wp-content\/uploads\/2019\/01\/1-105-200x124.jpg 200w, https:\/\/webdelmaestrocmf.com\/portal\/wp-content\/uploads\/2019\/01\/1-105-255x158.jpg 255w\" sizes=\"auto, (max-width: 619px) 100vw, 619px\" \/><br \/>\n\t\t\t\t<a href=\"https:\/\/webdelmaestrocmf.com\/portal\/el-profesor-como-gestor-pedagogico-curso-on-line-y-modulo-gratuitos\/\" title=\"Curso on line y m\u00f3dulo gratuitos: El profesor como gestor pedag\u00f3gico\"><\/a><\/p>\n<ul>\n<li><a href=\"https:\/\/webdelmaestrocmf.com\/portal\/category\/cursos\/\" rel=\"category tag\">Cursos<\/a><\/li>\n<li><a href=\"https:\/\/webdelmaestrocmf.com\/portal\/category\/pedagogia\/\" rel=\"category tag\">Recursos y materiales<\/a><\/li>\n<\/ul>\n<h2><a href=\"https:\/\/webdelmaestrocmf.com\/portal\/el-profesor-como-gestor-pedagogico-curso-on-line-y-modulo-gratuitos\/\">Curso on line y m\u00f3dulo gratuitos: El profesor como gestor pedag\u00f3gico<\/a><\/h2>\n<p>\t\t\t22 marzo, 20225,4K views<a href=\"https:\/\/webdelmaestrocmf.com\/portal\/el-profesor-como-gestor-pedagogico-curso-on-line-y-modulo-gratuitos\/#respond\" >0<\/a><br \/>\n<\/article>\n<\/section>\n<section><\/section>\n<section>\n<article>\n<ul>\n<li><a href=\"https:\/\/webdelmaestrocmf.com\/portal\/category\/cursos\/\" rel=\"category tag\">Cursos<\/a><\/li>\n<li><a href=\"https:\/\/webdelmaestrocmf.com\/portal\/category\/pedagogia\/\" rel=\"category tag\">Recursos y materiales<\/a><\/li>\n<\/ul>\n<h2><a href=\"https:\/\/webdelmaestrocmf.com\/portal\/congreso-de-educacion-religiosa-2022-aguas-vivas-de-esperanza\/\">Congreso de Educaci\u00f3n Religiosa 2022: Aguas vivas de esperanza<\/a><\/h2>\n<p>\t\t\t18 marzo, 20221,6K views<a href=\"https:\/\/webdelmaestrocmf.com\/portal\/congreso-de-educacion-religiosa-2022-aguas-vivas-de-esperanza\/#respond\" >0<\/a><br \/>\n<\/article>\n<article>\n<ul>\n<li><a href=\"https:\/\/webdelmaestrocmf.com\/portal\/category\/cursos\/\" rel=\"category tag\">Cursos<\/a><\/li>\n<li><a href=\"https:\/\/webdelmaestrocmf.com\/portal\/category\/pedagogia\/\" rel=\"category tag\">Recursos y materiales<\/a><\/li>\n<\/ul>\n<h2><a href=\"https:\/\/webdelmaestrocmf.com\/portal\/50-cursos-gratuitos-de-universidades-argentinas-para-este-2022-cognicion-pensamiento-y-lenguaje-neurociencias-psicologia-de-la-percepcion-etc\/\">50 cursos gratuitos para docentes<\/a><\/h2>\n<p>\t\t\t8 marzo, 20225,4K views<a href=\"https:\/\/webdelmaestrocmf.com\/portal\/50-cursos-gratuitos-de-universidades-argentinas-para-este-2022-cognicion-pensamiento-y-lenguaje-neurociencias-psicologia-de-la-percepcion-etc\/#respond\" >0<\/a><br \/>\n<\/article>\n<\/section>\n<section>\n<!-- ANUNCIAO 2025 PAGINA PRINCIAL INTERIOR --><br \/>\n<ins\n     style=\"display:block\"\n     data-ad-client=\"ca-pub-9544854023617669\"\n     data-ad-slot=\"7645396543\"\n     data-ad-format=\"auto\"\n     data-full-width-responsive=\"true\"><\/ins><br \/>\n\t\t<\/section>\n<section><\/section>\n<section>\n<h2>\n\t\t\t\t\t\t\tMant\u00e9ngase informado sobre los hechos clave del mundo educativo.\t\t\t\t\t\t<\/h2>\n<form action=\"https:\/\/webdelmaestrocmf.us1.list-manage.com\/subscribe\/post?u=e91d98b311c12f10167b65da4&#038;id=c58de1524b&#038;f_id=00bd35e5f0\" method=\"post\" target=\"_blank\" novalidate>\n\t\t\t\t\t\t<input type=\"email\" placeholder=\"E-mail\" name=\"EMAIL\" required><br \/>\n\t\t\t\t\t\t<button type=\"submit\" value=\"Suscr\u00edbete\" name=\"subscribe\">Suscr\u00edbete<\/button><\/p>\n<p>Al presionar el bot\u00f3n Suscribirse, confirma que ha le\u00eddo y acepta nuestra <a href=\"https:\/\/webdelmaestrocmf.com\/portal\/politica-de-privacidad\/\" target=\"_blank\" rel=\"noopener\">Pol\u00edtica de privacidad y T\u00e9rminos de uso.<\/a><\/p>\n<\/p><\/form>\n<\/section>\n<h2 style=\"font-family: 'Playfair Display', serif; font-size: 30px;  font-weight: 700; \">\n  Inteligencia Artifical y Tecnolog\u00eda<br \/>\n<\/h2>\n<section>\n<h2>\n\t\t\t\t\t\tLO \u00daLTIMO \t\t\t\t\t<\/h2>\n<p>\t\t\t\t\t\t\t\t\t\t\t<a href=\"https:\/\/webdelmaestrocmf.com\/portal\/category\/tecnologia\/\" target=\"_self\"><br \/>\n\t\t\t\t\t\t\t\tDE LA TECNOLOG\u00cdA<br \/>\n\t\t\t\t\t\t<\/a><br \/>\n\t\t\t<\/section>\n<section>\n<article>\n\t\t\t\t\t<img loading=\"lazy\" width=\"332\" height=\"332\" src=\"https:\/\/webdelmaestrocmf.com\/portal\/wp-content\/uploads\/2025\/03\/1A-Banner-1-portada-imagen-10-1-2-2-380x380.jpg\" alt=\"\" decoding=\"async\" srcset=\"https:\/\/webdelmaestrocmf.com\/portal\/wp-content\/uploads\/2025\/03\/1A-Banner-1-portada-imagen-10-1-2-2-380x380.jpg 380w, https:\/\/webdelmaestrocmf.com\/portal\/wp-content\/uploads\/2025\/03\/1A-Banner-1-portada-imagen-10-1-2-2-300x300.jpg 300w, https:\/\/webdelmaestrocmf.com\/portal\/wp-content\/uploads\/2025\/03\/1A-Banner-1-portada-imagen-10-1-2-2-150x150.jpg 150w, https:\/\/webdelmaestrocmf.com\/portal\/wp-content\/uploads\/2025\/03\/1A-Banner-1-portada-imagen-10-1-2-2-768x768.jpg 768w, https:\/\/webdelmaestrocmf.com\/portal\/wp-content\/uploads\/2025\/03\/1A-Banner-1-portada-imagen-10-1-2-2-80x80.jpg 80w, https:\/\/webdelmaestrocmf.com\/portal\/wp-content\/uploads\/2025\/03\/1A-Banner-1-portada-imagen-10-1-2-2-110x110.jpg 110w, https:\/\/webdelmaestrocmf.com\/portal\/wp-content\/uploads\/2025\/03\/1A-Banner-1-portada-imagen-10-1-2-2-550x550.jpg 550w, https:\/\/webdelmaestrocmf.com\/portal\/wp-content\/uploads\/2025\/03\/1A-Banner-1-portada-imagen-10-1-2-2-800x800.jpg 800w, https:\/\/webdelmaestrocmf.com\/portal\/wp-content\/uploads\/2025\/03\/1A-Banner-1-portada-imagen-10-1-2-2.jpg 1024w\" sizes=\"auto, (max-width: 332px) 100vw, 332px\" \/>\t\t\t\t\t<img loading=\"lazy\" width=\"619\" height=\"387\" src=\"https:\/\/webdelmaestrocmf.com\/portal\/wp-content\/uploads\/2025\/03\/1A-Banner-1-portada-imagen-10-1-2-2-800x500.jpg\" alt=\"\" decoding=\"async\" \/><br \/>\n\t\t\t\t<a href=\"https:\/\/webdelmaestrocmf.com\/portal\/descubre-200-prompts-para-docentes-una-guia-para-profes-innovadores\/\" title=\"Descubre 200 Prompts para docentes: una gu\u00eda para \u00abProfes\u00bb innovadores\"><\/a><\/p>\n<ul>\n<li><a href=\"https:\/\/webdelmaestrocmf.com\/portal\/category\/tecnologia\/ia\/\" rel=\"category tag\">IA<\/a><\/li>\n<li><a href=\"https:\/\/webdelmaestrocmf.com\/portal\/category\/tecnologia\/\" rel=\"category tag\">TECNOLOG\u00cdA<\/a><\/li>\n<\/ul>\n<h2><a href=\"https:\/\/webdelmaestrocmf.com\/portal\/descubre-200-prompts-para-docentes-una-guia-para-profes-innovadores\/\">Descubre 200 Prompts para docentes: una gu\u00eda para \u00abProfes\u00bb innovadores<\/a><\/h2>\n<p>\t\t\t18 marzo, 20256,4K views<a href=\"https:\/\/webdelmaestrocmf.com\/portal\/descubre-200-prompts-para-docentes-una-guia-para-profes-innovadores\/#respond\" >0<\/a><br \/>\n<\/article>\n<\/section>\n<section><\/section>\n<section>\n<article>\n\t\t\t\t\t<img loading=\"lazy\" width=\"332\" height=\"332\" src=\"https:\/\/webdelmaestrocmf.com\/portal\/wp-content\/uploads\/2025\/03\/1A-Banner-1-portada-imagen-10-1-1-3-380x380.jpg\" alt=\"\" decoding=\"async\" srcset=\"https:\/\/webdelmaestrocmf.com\/portal\/wp-content\/uploads\/2025\/03\/1A-Banner-1-portada-imagen-10-1-1-3-380x380.jpg 380w, https:\/\/webdelmaestrocmf.com\/portal\/wp-content\/uploads\/2025\/03\/1A-Banner-1-portada-imagen-10-1-1-3-300x300.jpg 300w, https:\/\/webdelmaestrocmf.com\/portal\/wp-content\/uploads\/2025\/03\/1A-Banner-1-portada-imagen-10-1-1-3-150x150.jpg 150w, https:\/\/webdelmaestrocmf.com\/portal\/wp-content\/uploads\/2025\/03\/1A-Banner-1-portada-imagen-10-1-1-3-768x768.jpg 768w, https:\/\/webdelmaestrocmf.com\/portal\/wp-content\/uploads\/2025\/03\/1A-Banner-1-portada-imagen-10-1-1-3-80x80.jpg 80w, https:\/\/webdelmaestrocmf.com\/portal\/wp-content\/uploads\/2025\/03\/1A-Banner-1-portada-imagen-10-1-1-3-110x110.jpg 110w, https:\/\/webdelmaestrocmf.com\/portal\/wp-content\/uploads\/2025\/03\/1A-Banner-1-portada-imagen-10-1-1-3-550x550.jpg 550w, https:\/\/webdelmaestrocmf.com\/portal\/wp-content\/uploads\/2025\/03\/1A-Banner-1-portada-imagen-10-1-1-3-800x800.jpg 800w, https:\/\/webdelmaestrocmf.com\/portal\/wp-content\/uploads\/2025\/03\/1A-Banner-1-portada-imagen-10-1-1-3.jpg 1024w\" sizes=\"auto, (max-width: 332px) 100vw, 332px\" \/>\t\t\t\t\t<img loading=\"lazy\" width=\"688\" height=\"688\" src=\"https:\/\/webdelmaestrocmf.com\/portal\/wp-content\/uploads\/2025\/03\/1A-Banner-1-portada-imagen-10-1-1-3-800x800.jpg\" alt=\"\" decoding=\"async\" srcset=\"https:\/\/webdelmaestrocmf.com\/portal\/wp-content\/uploads\/2025\/03\/1A-Banner-1-portada-imagen-10-1-1-3-800x800.jpg 800w, https:\/\/webdelmaestrocmf.com\/portal\/wp-content\/uploads\/2025\/03\/1A-Banner-1-portada-imagen-10-1-1-3-300x300.jpg 300w, https:\/\/webdelmaestrocmf.com\/portal\/wp-content\/uploads\/2025\/03\/1A-Banner-1-portada-imagen-10-1-1-3-150x150.jpg 150w, https:\/\/webdelmaestrocmf.com\/portal\/wp-content\/uploads\/2025\/03\/1A-Banner-1-portada-imagen-10-1-1-3-768x768.jpg 768w, https:\/\/webdelmaestrocmf.com\/portal\/wp-content\/uploads\/2025\/03\/1A-Banner-1-portada-imagen-10-1-1-3-80x80.jpg 80w, https:\/\/webdelmaestrocmf.com\/portal\/wp-content\/uploads\/2025\/03\/1A-Banner-1-portada-imagen-10-1-1-3-110x110.jpg 110w, https:\/\/webdelmaestrocmf.com\/portal\/wp-content\/uploads\/2025\/03\/1A-Banner-1-portada-imagen-10-1-1-3-380x380.jpg 380w, https:\/\/webdelmaestrocmf.com\/portal\/wp-content\/uploads\/2025\/03\/1A-Banner-1-portada-imagen-10-1-1-3-550x550.jpg 550w, https:\/\/webdelmaestrocmf.com\/portal\/wp-content\/uploads\/2025\/03\/1A-Banner-1-portada-imagen-10-1-1-3.jpg 1024w\" sizes=\"auto, (max-width: 688px) 100vw, 688px\" \/><br \/>\n\t\t\t\t<a href=\"https:\/\/webdelmaestrocmf.com\/portal\/las-dos-caras-de-la-inteligencia-artificial-en-la-educacion-beneficios-y-preocupaciones\/\" title=\"Las dos caras de la Inteligencia Artificial en la educaci\u00f3n: beneficios y preocupaciones\"><\/a><\/p>\n<ul>\n<li><a href=\"https:\/\/webdelmaestrocmf.com\/portal\/category\/tecnologia\/ia\/\" rel=\"category tag\">IA<\/a><\/li>\n<li><a href=\"https:\/\/webdelmaestrocmf.com\/portal\/category\/pedagogia\/\" rel=\"category tag\">Recursos y materiales<\/a><\/li>\n<li><a href=\"https:\/\/webdelmaestrocmf.com\/portal\/category\/tecnologia\/\" rel=\"category tag\">TECNOLOG\u00cdA<\/a><\/li>\n<\/ul>\n<h2><a href=\"https:\/\/webdelmaestrocmf.com\/portal\/las-dos-caras-de-la-inteligencia-artificial-en-la-educacion-beneficios-y-preocupaciones\/\">Las dos caras de la Inteligencia Artificial en la educaci\u00f3n: beneficios y preocupaciones<\/a><\/h2>\n<p>\t\t\t15 marzo, 20252,3K views<a href=\"https:\/\/webdelmaestrocmf.com\/portal\/las-dos-caras-de-la-inteligencia-artificial-en-la-educacion-beneficios-y-preocupaciones\/#respond\" >0<\/a><br \/>\n<\/article>\n<article>\n\t\t\t\t\t<img loading=\"lazy\" width=\"332\" height=\"332\" src=\"https:\/\/webdelmaestrocmf.com\/portal\/wp-content\/uploads\/2025\/03\/1A-Banner-1-portada-imagen-10-1-3-1-380x380.jpg\" alt=\"\" decoding=\"async\" srcset=\"https:\/\/webdelmaestrocmf.com\/portal\/wp-content\/uploads\/2025\/03\/1A-Banner-1-portada-imagen-10-1-3-1-380x380.jpg 380w, https:\/\/webdelmaestrocmf.com\/portal\/wp-content\/uploads\/2025\/03\/1A-Banner-1-portada-imagen-10-1-3-1-300x300.jpg 300w, https:\/\/webdelmaestrocmf.com\/portal\/wp-content\/uploads\/2025\/03\/1A-Banner-1-portada-imagen-10-1-3-1-150x150.jpg 150w, https:\/\/webdelmaestrocmf.com\/portal\/wp-content\/uploads\/2025\/03\/1A-Banner-1-portada-imagen-10-1-3-1-768x768.jpg 768w, https:\/\/webdelmaestrocmf.com\/portal\/wp-content\/uploads\/2025\/03\/1A-Banner-1-portada-imagen-10-1-3-1-80x80.jpg 80w, https:\/\/webdelmaestrocmf.com\/portal\/wp-content\/uploads\/2025\/03\/1A-Banner-1-portada-imagen-10-1-3-1-110x110.jpg 110w, https:\/\/webdelmaestrocmf.com\/portal\/wp-content\/uploads\/2025\/03\/1A-Banner-1-portada-imagen-10-1-3-1-550x550.jpg 550w, https:\/\/webdelmaestrocmf.com\/portal\/wp-content\/uploads\/2025\/03\/1A-Banner-1-portada-imagen-10-1-3-1-800x800.jpg 800w, https:\/\/webdelmaestrocmf.com\/portal\/wp-content\/uploads\/2025\/03\/1A-Banner-1-portada-imagen-10-1-3-1.jpg 1024w\" sizes=\"auto, (max-width: 332px) 100vw, 332px\" \/>\t\t\t\t\t<img loading=\"lazy\" width=\"688\" height=\"688\" src=\"https:\/\/webdelmaestrocmf.com\/portal\/wp-content\/uploads\/2025\/03\/1A-Banner-1-portada-imagen-10-1-3-1-800x800.jpg\" alt=\"\" decoding=\"async\" srcset=\"https:\/\/webdelmaestrocmf.com\/portal\/wp-content\/uploads\/2025\/03\/1A-Banner-1-portada-imagen-10-1-3-1-800x800.jpg 800w, https:\/\/webdelmaestrocmf.com\/portal\/wp-content\/uploads\/2025\/03\/1A-Banner-1-portada-imagen-10-1-3-1-300x300.jpg 300w, https:\/\/webdelmaestrocmf.com\/portal\/wp-content\/uploads\/2025\/03\/1A-Banner-1-portada-imagen-10-1-3-1-150x150.jpg 150w, https:\/\/webdelmaestrocmf.com\/portal\/wp-content\/uploads\/2025\/03\/1A-Banner-1-portada-imagen-10-1-3-1-768x768.jpg 768w, https:\/\/webdelmaestrocmf.com\/portal\/wp-content\/uploads\/2025\/03\/1A-Banner-1-portada-imagen-10-1-3-1-80x80.jpg 80w, https:\/\/webdelmaestrocmf.com\/portal\/wp-content\/uploads\/2025\/03\/1A-Banner-1-portada-imagen-10-1-3-1-110x110.jpg 110w, https:\/\/webdelmaestrocmf.com\/portal\/wp-content\/uploads\/2025\/03\/1A-Banner-1-portada-imagen-10-1-3-1-380x380.jpg 380w, https:\/\/webdelmaestrocmf.com\/portal\/wp-content\/uploads\/2025\/03\/1A-Banner-1-portada-imagen-10-1-3-1-550x550.jpg 550w, https:\/\/webdelmaestrocmf.com\/portal\/wp-content\/uploads\/2025\/03\/1A-Banner-1-portada-imagen-10-1-3-1.jpg 1024w\" sizes=\"auto, (max-width: 688px) 100vw, 688px\" \/><br \/>\n\t\t\t\t<a href=\"https:\/\/webdelmaestrocmf.com\/portal\/la-inteligencia-artificial-generativa-en-la-docencia-una-guia-esencial-para-docentes\/\" title=\"La Inteligencia Artificial generativa en la docencia: una gu\u00eda esencial para docentes\"><\/a><\/p>\n<ul>\n<li><a href=\"https:\/\/webdelmaestrocmf.com\/portal\/category\/tecnologia\/ia\/\" rel=\"category tag\">IA<\/a><\/li>\n<li><a href=\"https:\/\/webdelmaestrocmf.com\/portal\/category\/tecnologia\/\" rel=\"category tag\">TECNOLOG\u00cdA<\/a><\/li>\n<\/ul>\n<h2><a href=\"https:\/\/webdelmaestrocmf.com\/portal\/la-inteligencia-artificial-generativa-en-la-docencia-una-guia-esencial-para-docentes\/\">La Inteligencia Artificial generativa en la docencia: una gu\u00eda esencial para docentes<\/a><\/h2>\n<p>\t\t\t12 marzo, 20252,9K views<a href=\"https:\/\/webdelmaestrocmf.com\/portal\/la-inteligencia-artificial-generativa-en-la-docencia-una-guia-esencial-para-docentes\/#respond\" >0<\/a><br \/>\n<\/article>\n<\/section>\n<section>\n<!-- ANUNCIAO 2025 PAGINA PRINCIAL INTERIOR --><br \/>\n<ins\n     style=\"display:block\"\n     data-ad-client=\"ca-pub-9544854023617669\"\n     data-ad-slot=\"7645396543\"\n     data-ad-format=\"auto\"\n     data-full-width-responsive=\"true\"><\/ins><br \/>\n\t\t<\/section>\n<section><\/section>\n<section>\n<article>\n\t\t\t\t\t<img loading=\"lazy\" width=\"332\" height=\"332\" src=\"https:\/\/webdelmaestrocmf.com\/portal\/wp-content\/uploads\/2025\/03\/1A-Banner-1-portada-imagen-10-1-2025-03-08T211410.250-380x380.jpg\" alt=\"\" decoding=\"async\" srcset=\"https:\/\/webdelmaestrocmf.com\/portal\/wp-content\/uploads\/2025\/03\/1A-Banner-1-portada-imagen-10-1-2025-03-08T211410.250-380x380.jpg 380w, https:\/\/webdelmaestrocmf.com\/portal\/wp-content\/uploads\/2025\/03\/1A-Banner-1-portada-imagen-10-1-2025-03-08T211410.250-300x300.jpg 300w, https:\/\/webdelmaestrocmf.com\/portal\/wp-content\/uploads\/2025\/03\/1A-Banner-1-portada-imagen-10-1-2025-03-08T211410.250-150x150.jpg 150w, https:\/\/webdelmaestrocmf.com\/portal\/wp-content\/uploads\/2025\/03\/1A-Banner-1-portada-imagen-10-1-2025-03-08T211410.250-768x768.jpg 768w, https:\/\/webdelmaestrocmf.com\/portal\/wp-content\/uploads\/2025\/03\/1A-Banner-1-portada-imagen-10-1-2025-03-08T211410.250-80x80.jpg 80w, https:\/\/webdelmaestrocmf.com\/portal\/wp-content\/uploads\/2025\/03\/1A-Banner-1-portada-imagen-10-1-2025-03-08T211410.250-110x110.jpg 110w, https:\/\/webdelmaestrocmf.com\/portal\/wp-content\/uploads\/2025\/03\/1A-Banner-1-portada-imagen-10-1-2025-03-08T211410.250-550x550.jpg 550w, https:\/\/webdelmaestrocmf.com\/portal\/wp-content\/uploads\/2025\/03\/1A-Banner-1-portada-imagen-10-1-2025-03-08T211410.250-800x800.jpg 800w, https:\/\/webdelmaestrocmf.com\/portal\/wp-content\/uploads\/2025\/03\/1A-Banner-1-portada-imagen-10-1-2025-03-08T211410.250.jpg 1024w\" sizes=\"auto, (max-width: 332px) 100vw, 332px\" \/>\t\t\t\t\t<img loading=\"lazy\" width=\"650\" height=\"650\" src=\"https:\/\/webdelmaestrocmf.com\/portal\/wp-content\/uploads\/2025\/03\/1A-Banner-1-portada-imagen-10-1-2025-03-08T211410.250.jpg\" alt=\"\" decoding=\"async\" srcset=\"https:\/\/webdelmaestrocmf.com\/portal\/wp-content\/uploads\/2025\/03\/1A-Banner-1-portada-imagen-10-1-2025-03-08T211410.250.jpg 1024w, https:\/\/webdelmaestrocmf.com\/portal\/wp-content\/uploads\/2025\/03\/1A-Banner-1-portada-imagen-10-1-2025-03-08T211410.250-300x300.jpg 300w, https:\/\/webdelmaestrocmf.com\/portal\/wp-content\/uploads\/2025\/03\/1A-Banner-1-portada-imagen-10-1-2025-03-08T211410.250-150x150.jpg 150w, https:\/\/webdelmaestrocmf.com\/portal\/wp-content\/uploads\/2025\/03\/1A-Banner-1-portada-imagen-10-1-2025-03-08T211410.250-768x768.jpg 768w, https:\/\/webdelmaestrocmf.com\/portal\/wp-content\/uploads\/2025\/03\/1A-Banner-1-portada-imagen-10-1-2025-03-08T211410.250-80x80.jpg 80w, https:\/\/webdelmaestrocmf.com\/portal\/wp-content\/uploads\/2025\/03\/1A-Banner-1-portada-imagen-10-1-2025-03-08T211410.250-110x110.jpg 110w, https:\/\/webdelmaestrocmf.com\/portal\/wp-content\/uploads\/2025\/03\/1A-Banner-1-portada-imagen-10-1-2025-03-08T211410.250-380x380.jpg 380w, https:\/\/webdelmaestrocmf.com\/portal\/wp-content\/uploads\/2025\/03\/1A-Banner-1-portada-imagen-10-1-2025-03-08T211410.250-550x550.jpg 550w, https:\/\/webdelmaestrocmf.com\/portal\/wp-content\/uploads\/2025\/03\/1A-Banner-1-portada-imagen-10-1-2025-03-08T211410.250-800x800.jpg 800w\" sizes=\"auto, (max-width: 650px) 100vw, 650px\" \/><br \/>\n\t\t\t\t<a href=\"https:\/\/webdelmaestrocmf.com\/portal\/descarga-las-guias-para-elaborar-un-examen-con-microsoft-forms-o-formularios-de-google\/\" title=\"Descarga las gu\u00edas para elaborar un examen con Microsoft Forms o Formularios de Google\"><\/a><\/p>\n<ul>\n<li><a href=\"https:\/\/webdelmaestrocmf.com\/portal\/category\/tecnologia\/\" rel=\"category tag\">TECNOLOG\u00cdA<\/a><\/li>\n<li><a href=\"https:\/\/webdelmaestrocmf.com\/portal\/category\/tecnologia\/tic\/\" rel=\"category tag\">TIC<\/a><\/li>\n<\/ul>\n<h2><a href=\"https:\/\/webdelmaestrocmf.com\/portal\/descarga-las-guias-para-elaborar-un-examen-con-microsoft-forms-o-formularios-de-google\/\">Descarga las gu\u00edas para elaborar un examen con Microsoft Forms o Formularios de Google<\/a><\/h2>\n<p>\t\t\t8 marzo, 20252,4K views<a href=\"https:\/\/webdelmaestrocmf.com\/portal\/descarga-las-guias-para-elaborar-un-examen-con-microsoft-forms-o-formularios-de-google\/#respond\" >0<\/a><br \/>\n<\/article>\n<\/section>\n<section>\n<article>\n\t\t\t\t\t<img loading=\"lazy\" width=\"332\" height=\"332\" src=\"https:\/\/webdelmaestrocmf.com\/portal\/wp-content\/uploads\/2025\/03\/1A-Banner-1-portada-imagen-10-1-2-380x380.jpg\" alt=\"\" decoding=\"async\" srcset=\"https:\/\/webdelmaestrocmf.com\/portal\/wp-content\/uploads\/2025\/03\/1A-Banner-1-portada-imagen-10-1-2-380x380.jpg 380w, https:\/\/webdelmaestrocmf.com\/portal\/wp-content\/uploads\/2025\/03\/1A-Banner-1-portada-imagen-10-1-2-300x300.jpg 300w, https:\/\/webdelmaestrocmf.com\/portal\/wp-content\/uploads\/2025\/03\/1A-Banner-1-portada-imagen-10-1-2-150x150.jpg 150w, https:\/\/webdelmaestrocmf.com\/portal\/wp-content\/uploads\/2025\/03\/1A-Banner-1-portada-imagen-10-1-2-768x768.jpg 768w, https:\/\/webdelmaestrocmf.com\/portal\/wp-content\/uploads\/2025\/03\/1A-Banner-1-portada-imagen-10-1-2-80x80.jpg 80w, https:\/\/webdelmaestrocmf.com\/portal\/wp-content\/uploads\/2025\/03\/1A-Banner-1-portada-imagen-10-1-2-110x110.jpg 110w, https:\/\/webdelmaestrocmf.com\/portal\/wp-content\/uploads\/2025\/03\/1A-Banner-1-portada-imagen-10-1-2-550x550.jpg 550w, https:\/\/webdelmaestrocmf.com\/portal\/wp-content\/uploads\/2025\/03\/1A-Banner-1-portada-imagen-10-1-2-800x800.jpg 800w, https:\/\/webdelmaestrocmf.com\/portal\/wp-content\/uploads\/2025\/03\/1A-Banner-1-portada-imagen-10-1-2.jpg 1024w\" sizes=\"auto, (max-width: 332px) 100vw, 332px\" \/>\t\t\t\t\t<img loading=\"lazy\" width=\"283\" height=\"186\" src=\"https:\/\/webdelmaestrocmf.com\/portal\/wp-content\/uploads\/2025\/03\/1A-Banner-1-portada-imagen-10-1-2-380x250.jpg\" alt=\"\" decoding=\"async\" srcset=\"https:\/\/webdelmaestrocmf.com\/portal\/wp-content\/uploads\/2025\/03\/1A-Banner-1-portada-imagen-10-1-2-380x250.jpg 380w, https:\/\/webdelmaestrocmf.com\/portal\/wp-content\/uploads\/2025\/03\/1A-Banner-1-portada-imagen-10-1-2-230x150.jpg 230w, https:\/\/webdelmaestrocmf.com\/portal\/wp-content\/uploads\/2025\/03\/1A-Banner-1-portada-imagen-10-1-2-260x170.jpg 260w\" sizes=\"auto, (max-width: 283px) 100vw, 283px\" \/><br \/>\n\t\t\t\t<a href=\"https:\/\/webdelmaestrocmf.com\/portal\/descarga-la-tabla-periodica-de-apps-gratuitas-de-inteligencia-artificial\/\" title=\"Aplicaciones educativas y gratuitas de inteligencia artificial\"><\/a><\/p>\n<ul>\n<li><a href=\"https:\/\/webdelmaestrocmf.com\/portal\/category\/tecnologia\/ia\/\" rel=\"category tag\">IA<\/a><\/li>\n<li><a href=\"https:\/\/webdelmaestrocmf.com\/portal\/category\/tecnologia\/\" rel=\"category tag\">TECNOLOG\u00cdA<\/a><\/li>\n<\/ul>\n<h2><a href=\"https:\/\/webdelmaestrocmf.com\/portal\/descarga-la-tabla-periodica-de-apps-gratuitas-de-inteligencia-artificial\/\">Aplicaciones educativas y gratuitas de inteligencia artificial<\/a><\/h2>\n<p>\t\t\t6 marzo, 20252,3K views<a href=\"https:\/\/webdelmaestrocmf.com\/portal\/descarga-la-tabla-periodica-de-apps-gratuitas-de-inteligencia-artificial\/#respond\" >0<\/a><br \/>\n<\/article>\n<article>\n\t\t\t\t\t<img loading=\"lazy\" width=\"332\" height=\"332\" src=\"https:\/\/webdelmaestrocmf.com\/portal\/wp-content\/uploads\/2025\/03\/1A-Banner-1-portada-imagen-10-1-380x380.jpg\" alt=\"\" decoding=\"async\" srcset=\"https:\/\/webdelmaestrocmf.com\/portal\/wp-content\/uploads\/2025\/03\/1A-Banner-1-portada-imagen-10-1-380x380.jpg 380w, https:\/\/webdelmaestrocmf.com\/portal\/wp-content\/uploads\/2025\/03\/1A-Banner-1-portada-imagen-10-1-300x300.jpg 300w, https:\/\/webdelmaestrocmf.com\/portal\/wp-content\/uploads\/2025\/03\/1A-Banner-1-portada-imagen-10-1-150x150.jpg 150w, https:\/\/webdelmaestrocmf.com\/portal\/wp-content\/uploads\/2025\/03\/1A-Banner-1-portada-imagen-10-1-768x768.jpg 768w, https:\/\/webdelmaestrocmf.com\/portal\/wp-content\/uploads\/2025\/03\/1A-Banner-1-portada-imagen-10-1-80x80.jpg 80w, https:\/\/webdelmaestrocmf.com\/portal\/wp-content\/uploads\/2025\/03\/1A-Banner-1-portada-imagen-10-1-110x110.jpg 110w, https:\/\/webdelmaestrocmf.com\/portal\/wp-content\/uploads\/2025\/03\/1A-Banner-1-portada-imagen-10-1-550x550.jpg 550w, https:\/\/webdelmaestrocmf.com\/portal\/wp-content\/uploads\/2025\/03\/1A-Banner-1-portada-imagen-10-1-800x800.jpg 800w, https:\/\/webdelmaestrocmf.com\/portal\/wp-content\/uploads\/2025\/03\/1A-Banner-1-portada-imagen-10-1.jpg 1024w\" sizes=\"auto, (max-width: 332px) 100vw, 332px\" \/>\t\t\t\t\t<img loading=\"lazy\" width=\"283\" height=\"186\" src=\"https:\/\/webdelmaestrocmf.com\/portal\/wp-content\/uploads\/2025\/03\/1A-Banner-1-portada-imagen-10-1-380x250.jpg\" alt=\"\" decoding=\"async\" srcset=\"https:\/\/webdelmaestrocmf.com\/portal\/wp-content\/uploads\/2025\/03\/1A-Banner-1-portada-imagen-10-1-380x250.jpg 380w, https:\/\/webdelmaestrocmf.com\/portal\/wp-content\/uploads\/2025\/03\/1A-Banner-1-portada-imagen-10-1-230x150.jpg 230w, https:\/\/webdelmaestrocmf.com\/portal\/wp-content\/uploads\/2025\/03\/1A-Banner-1-portada-imagen-10-1-260x170.jpg 260w\" sizes=\"auto, (max-width: 283px) 100vw, 283px\" \/><br \/>\n\t\t\t\t<a href=\"https:\/\/webdelmaestrocmf.com\/portal\/deepseek-una-herramienta-de-inteligencia-artificial-para-docentes\/\" title=\"DeepSeek: una herramienta de Inteligencia Artificial para docentes\"><\/a><\/p>\n<ul>\n<li><a href=\"https:\/\/webdelmaestrocmf.com\/portal\/category\/tecnologia\/ia\/\" rel=\"category tag\">IA<\/a><\/li>\n<li><a href=\"https:\/\/webdelmaestrocmf.com\/portal\/category\/tecnologia\/\" rel=\"category tag\">TECNOLOG\u00cdA<\/a><\/li>\n<\/ul>\n<h2><a href=\"https:\/\/webdelmaestrocmf.com\/portal\/deepseek-una-herramienta-de-inteligencia-artificial-para-docentes\/\">DeepSeek: una herramienta de Inteligencia Artificial para docentes<\/a><\/h2>\n<p>\t\t\t2 marzo, 20252,7K views<a href=\"https:\/\/webdelmaestrocmf.com\/portal\/deepseek-una-herramienta-de-inteligencia-artificial-para-docentes\/#respond\" >0<\/a><br \/>\n<\/article>\n<article>\n\t\t\t\t\t<img loading=\"lazy\" width=\"332\" height=\"332\" src=\"https:\/\/webdelmaestrocmf.com\/portal\/wp-content\/uploads\/2025\/02\/1A-Banner-1-portada-imagen-10-1-97-380x380.jpg\" alt=\"\" decoding=\"async\" srcset=\"https:\/\/webdelmaestrocmf.com\/portal\/wp-content\/uploads\/2025\/02\/1A-Banner-1-portada-imagen-10-1-97-380x380.jpg 380w, https:\/\/webdelmaestrocmf.com\/portal\/wp-content\/uploads\/2025\/02\/1A-Banner-1-portada-imagen-10-1-97-300x300.jpg 300w, https:\/\/webdelmaestrocmf.com\/portal\/wp-content\/uploads\/2025\/02\/1A-Banner-1-portada-imagen-10-1-97-150x150.jpg 150w, https:\/\/webdelmaestrocmf.com\/portal\/wp-content\/uploads\/2025\/02\/1A-Banner-1-portada-imagen-10-1-97-768x768.jpg 768w, https:\/\/webdelmaestrocmf.com\/portal\/wp-content\/uploads\/2025\/02\/1A-Banner-1-portada-imagen-10-1-97-80x80.jpg 80w, https:\/\/webdelmaestrocmf.com\/portal\/wp-content\/uploads\/2025\/02\/1A-Banner-1-portada-imagen-10-1-97-110x110.jpg 110w, https:\/\/webdelmaestrocmf.com\/portal\/wp-content\/uploads\/2025\/02\/1A-Banner-1-portada-imagen-10-1-97-550x550.jpg 550w, https:\/\/webdelmaestrocmf.com\/portal\/wp-content\/uploads\/2025\/02\/1A-Banner-1-portada-imagen-10-1-97-800x800.jpg 800w, https:\/\/webdelmaestrocmf.com\/portal\/wp-content\/uploads\/2025\/02\/1A-Banner-1-portada-imagen-10-1-97.jpg 1024w\" sizes=\"auto, (max-width: 332px) 100vw, 332px\" \/>\t\t\t\t\t<img loading=\"lazy\" width=\"283\" height=\"186\" src=\"https:\/\/webdelmaestrocmf.com\/portal\/wp-content\/uploads\/2025\/02\/1A-Banner-1-portada-imagen-10-1-97-380x250.jpg\" alt=\"\" decoding=\"async\" srcset=\"https:\/\/webdelmaestrocmf.com\/portal\/wp-content\/uploads\/2025\/02\/1A-Banner-1-portada-imagen-10-1-97-380x250.jpg 380w, https:\/\/webdelmaestrocmf.com\/portal\/wp-content\/uploads\/2025\/02\/1A-Banner-1-portada-imagen-10-1-97-230x150.jpg 230w, https:\/\/webdelmaestrocmf.com\/portal\/wp-content\/uploads\/2025\/02\/1A-Banner-1-portada-imagen-10-1-97-260x170.jpg 260w\" sizes=\"auto, (max-width: 283px) 100vw, 283px\" \/><br \/>\n\t\t\t\t<a href=\"https:\/\/webdelmaestrocmf.com\/portal\/aplicacion-de-la-inteligencia-artificial-en-cada-nivel-educativo\/\" title=\"Aplicaci\u00f3n de la Inteligencia Artificial en cada nivel educativo\"><\/a><\/p>\n<ul>\n<li><a href=\"https:\/\/webdelmaestrocmf.com\/portal\/category\/tecnologia\/ia\/\" rel=\"category tag\">IA<\/a><\/li>\n<li><a href=\"https:\/\/webdelmaestrocmf.com\/portal\/category\/pedagogia\/inteligencia-artificial\/\" rel=\"category tag\">Inteligencia artificial<\/a><\/li>\n<li><a href=\"https:\/\/webdelmaestrocmf.com\/portal\/category\/pedagogia\/\" rel=\"category tag\">Recursos y materiales<\/a><\/li>\n<li><a href=\"https:\/\/webdelmaestrocmf.com\/portal\/category\/tecnologia\/\" rel=\"category tag\">TECNOLOG\u00cdA<\/a><\/li>\n<\/ul>\n<h2><a href=\"https:\/\/webdelmaestrocmf.com\/portal\/aplicacion-de-la-inteligencia-artificial-en-cada-nivel-educativo\/\">Aplicaci\u00f3n de la Inteligencia Artificial en cada nivel educativo<\/a><\/h2>\n<p>\t\t\t26 febrero, 20254,8K views<a href=\"https:\/\/webdelmaestrocmf.com\/portal\/aplicacion-de-la-inteligencia-artificial-en-cada-nivel-educativo\/#respond\" >0<\/a><br \/>\n<\/article>\n<article>\n\t\t\t\t\t<img loading=\"lazy\" width=\"332\" height=\"332\" src=\"https:\/\/webdelmaestrocmf.com\/portal\/wp-content\/uploads\/2025\/02\/1A-Banner-1-portada-imagen-10-1-94-380x380.jpg\" alt=\"\" decoding=\"async\" srcset=\"https:\/\/webdelmaestrocmf.com\/portal\/wp-content\/uploads\/2025\/02\/1A-Banner-1-portada-imagen-10-1-94-380x380.jpg 380w, https:\/\/webdelmaestrocmf.com\/portal\/wp-content\/uploads\/2025\/02\/1A-Banner-1-portada-imagen-10-1-94-300x300.jpg 300w, https:\/\/webdelmaestrocmf.com\/portal\/wp-content\/uploads\/2025\/02\/1A-Banner-1-portada-imagen-10-1-94-150x150.jpg 150w, https:\/\/webdelmaestrocmf.com\/portal\/wp-content\/uploads\/2025\/02\/1A-Banner-1-portada-imagen-10-1-94-768x768.jpg 768w, https:\/\/webdelmaestrocmf.com\/portal\/wp-content\/uploads\/2025\/02\/1A-Banner-1-portada-imagen-10-1-94-80x80.jpg 80w, https:\/\/webdelmaestrocmf.com\/portal\/wp-content\/uploads\/2025\/02\/1A-Banner-1-portada-imagen-10-1-94-110x110.jpg 110w, https:\/\/webdelmaestrocmf.com\/portal\/wp-content\/uploads\/2025\/02\/1A-Banner-1-portada-imagen-10-1-94-550x550.jpg 550w, https:\/\/webdelmaestrocmf.com\/portal\/wp-content\/uploads\/2025\/02\/1A-Banner-1-portada-imagen-10-1-94-800x800.jpg 800w, https:\/\/webdelmaestrocmf.com\/portal\/wp-content\/uploads\/2025\/02\/1A-Banner-1-portada-imagen-10-1-94.jpg 1024w\" sizes=\"auto, (max-width: 332px) 100vw, 332px\" \/>\t\t\t\t\t<img loading=\"lazy\" width=\"283\" height=\"186\" src=\"https:\/\/webdelmaestrocmf.com\/portal\/wp-content\/uploads\/2025\/02\/1A-Banner-1-portada-imagen-10-1-94-380x250.jpg\" alt=\"\" decoding=\"async\" srcset=\"https:\/\/webdelmaestrocmf.com\/portal\/wp-content\/uploads\/2025\/02\/1A-Banner-1-portada-imagen-10-1-94-380x250.jpg 380w, https:\/\/webdelmaestrocmf.com\/portal\/wp-content\/uploads\/2025\/02\/1A-Banner-1-portada-imagen-10-1-94-230x150.jpg 230w, https:\/\/webdelmaestrocmf.com\/portal\/wp-content\/uploads\/2025\/02\/1A-Banner-1-portada-imagen-10-1-94-260x170.jpg 260w\" sizes=\"auto, (max-width: 283px) 100vw, 283px\" \/><br \/>\n\t\t\t\t<a href=\"https:\/\/webdelmaestrocmf.com\/portal\/innovar-o-quedar-obsoleto-6-aplicaciones-de-ia-que-como-docentes-debes-conocer\/\" title=\"Innovar o quedar obsoleto: 6 Aplicaciones de IA que como docente debes conocer\"><\/a><\/p>\n<ul>\n<li><a href=\"https:\/\/webdelmaestrocmf.com\/portal\/category\/tecnologia\/ia\/\" rel=\"category tag\">IA<\/a><\/li>\n<li><a href=\"https:\/\/webdelmaestrocmf.com\/portal\/category\/pedagogia\/inteligencia-artificial\/\" rel=\"category tag\">Inteligencia artificial<\/a><\/li>\n<li><a href=\"https:\/\/webdelmaestrocmf.com\/portal\/category\/pedagogia\/\" rel=\"category tag\">Recursos y materiales<\/a><\/li>\n<li><a href=\"https:\/\/webdelmaestrocmf.com\/portal\/category\/tecnologia\/\" rel=\"category tag\">TECNOLOG\u00cdA<\/a><\/li>\n<\/ul>\n<h2><a href=\"https:\/\/webdelmaestrocmf.com\/portal\/innovar-o-quedar-obsoleto-6-aplicaciones-de-ia-que-como-docentes-debes-conocer\/\">Innovar o quedar obsoleto: 6 Aplicaciones de IA que como docente debes conocer<\/a><\/h2>\n<p>\t\t\t24 febrero, 20251,9K views<a href=\"https:\/\/webdelmaestrocmf.com\/portal\/innovar-o-quedar-obsoleto-6-aplicaciones-de-ia-que-como-docentes-debes-conocer\/#respond\" >0<\/a><br \/>\n<\/article>\n<\/section>\n<section><\/section>\n<section><\/section>\n<section>\n<article>\n\t\t\t\t\t<img loading=\"lazy\" width=\"332\" height=\"332\" src=\"https:\/\/webdelmaestrocmf.com\/portal\/wp-content\/uploads\/2021\/11\/1A-Banner-1-portada-imagen-10-1-81-380x380.jpg\" alt=\"\" decoding=\"async\" srcset=\"https:\/\/webdelmaestrocmf.com\/portal\/wp-content\/uploads\/2021\/11\/1A-Banner-1-portada-imagen-10-1-81-380x380.jpg 380w, https:\/\/webdelmaestrocmf.com\/portal\/wp-content\/uploads\/2021\/11\/1A-Banner-1-portada-imagen-10-1-81-300x300.jpg 300w, https:\/\/webdelmaestrocmf.com\/portal\/wp-content\/uploads\/2021\/11\/1A-Banner-1-portada-imagen-10-1-81-150x150.jpg 150w, https:\/\/webdelmaestrocmf.com\/portal\/wp-content\/uploads\/2021\/11\/1A-Banner-1-portada-imagen-10-1-81-768x768.jpg 768w, https:\/\/webdelmaestrocmf.com\/portal\/wp-content\/uploads\/2021\/11\/1A-Banner-1-portada-imagen-10-1-81-80x80.jpg 80w, https:\/\/webdelmaestrocmf.com\/portal\/wp-content\/uploads\/2021\/11\/1A-Banner-1-portada-imagen-10-1-81-110x110.jpg 110w, https:\/\/webdelmaestrocmf.com\/portal\/wp-content\/uploads\/2021\/11\/1A-Banner-1-portada-imagen-10-1-81-550x550.jpg 550w, https:\/\/webdelmaestrocmf.com\/portal\/wp-content\/uploads\/2021\/11\/1A-Banner-1-portada-imagen-10-1-81-800x800.jpg 800w, https:\/\/webdelmaestrocmf.com\/portal\/wp-content\/uploads\/2021\/11\/1A-Banner-1-portada-imagen-10-1-81.jpg 1024w\" sizes=\"auto, (max-width: 332px) 100vw, 332px\" \/>\t\t\t\t\t<img loading=\"lazy\" width=\"619\" height=\"387\" src=\"https:\/\/webdelmaestrocmf.com\/portal\/wp-content\/uploads\/2021\/11\/1A-Banner-1-portada-imagen-10-1-81-800x500.jpg\" alt=\"\" decoding=\"async\" \/><br \/>\n\t\t\t\t<a href=\"https:\/\/webdelmaestrocmf.com\/portal\/50-atajos-de-teclado-en-excel-los-mas-funcionales-y-productivos\/\" title=\"Descarga la tabla peri\u00f3dica de atajos de teclado en Excel: imprescindibles para mayor productividad\"><\/a><\/p>\n<ul>\n<li><a href=\"https:\/\/webdelmaestrocmf.com\/portal\/category\/tecnologia\/software\/\" rel=\"category tag\">Software<\/a><\/li>\n<li><a href=\"https:\/\/webdelmaestrocmf.com\/portal\/category\/tecnologia\/\" rel=\"category tag\">TECNOLOG\u00cdA<\/a><\/li>\n<\/ul>\n<h2><a href=\"https:\/\/webdelmaestrocmf.com\/portal\/50-atajos-de-teclado-en-excel-los-mas-funcionales-y-productivos\/\">Descarga la tabla peri\u00f3dica de atajos de teclado en Excel: imprescindibles para mayor productividad<\/a><\/h2>\n<p>\t\t\t18 febrero, 20258,9K views<a href=\"https:\/\/webdelmaestrocmf.com\/portal\/50-atajos-de-teclado-en-excel-los-mas-funcionales-y-productivos\/#comments\" >1<\/a><br \/>\n<\/article>\n<\/section>\n<section><\/section>\n<section>\n<article>\n\t\t\t\t\t<img loading=\"lazy\" width=\"332\" height=\"332\" src=\"https:\/\/webdelmaestrocmf.com\/portal\/wp-content\/uploads\/2024\/01\/B-dibujos-1-13-380x380.webp\" alt=\"herramientas de inteligencia artificial\" decoding=\"async\" srcset=\"https:\/\/webdelmaestrocmf.com\/portal\/wp-content\/uploads\/2024\/01\/B-dibujos-1-13-380x380.webp 380w, https:\/\/webdelmaestrocmf.com\/portal\/wp-content\/uploads\/2024\/01\/B-dibujos-1-13-300x300.webp 300w, https:\/\/webdelmaestrocmf.com\/portal\/wp-content\/uploads\/2024\/01\/B-dibujos-1-13-150x150.webp 150w, https:\/\/webdelmaestrocmf.com\/portal\/wp-content\/uploads\/2024\/01\/B-dibujos-1-13-768x768.webp 768w, https:\/\/webdelmaestrocmf.com\/portal\/wp-content\/uploads\/2024\/01\/B-dibujos-1-13-80x80.webp 80w, https:\/\/webdelmaestrocmf.com\/portal\/wp-content\/uploads\/2024\/01\/B-dibujos-1-13-110x110.webp 110w, https:\/\/webdelmaestrocmf.com\/portal\/wp-content\/uploads\/2024\/01\/B-dibujos-1-13-550x550.webp 550w, https:\/\/webdelmaestrocmf.com\/portal\/wp-content\/uploads\/2024\/01\/B-dibujos-1-13-800x800.webp 800w, https:\/\/webdelmaestrocmf.com\/portal\/wp-content\/uploads\/2024\/01\/B-dibujos-1-13.webp 1024w\" sizes=\"auto, (max-width: 332px) 100vw, 332px\" \/>\t\t\t\t\t<img loading=\"lazy\" width=\"688\" height=\"688\" src=\"https:\/\/webdelmaestrocmf.com\/portal\/wp-content\/uploads\/2024\/01\/B-dibujos-1-13-800x800.webp\" alt=\"herramientas de inteligencia artificial\" decoding=\"async\" srcset=\"https:\/\/webdelmaestrocmf.com\/portal\/wp-content\/uploads\/2024\/01\/B-dibujos-1-13-800x800.webp 800w, https:\/\/webdelmaestrocmf.com\/portal\/wp-content\/uploads\/2024\/01\/B-dibujos-1-13-300x300.webp 300w, https:\/\/webdelmaestrocmf.com\/portal\/wp-content\/uploads\/2024\/01\/B-dibujos-1-13-150x150.webp 150w, https:\/\/webdelmaestrocmf.com\/portal\/wp-content\/uploads\/2024\/01\/B-dibujos-1-13-768x768.webp 768w, https:\/\/webdelmaestrocmf.com\/portal\/wp-content\/uploads\/2024\/01\/B-dibujos-1-13-80x80.webp 80w, https:\/\/webdelmaestrocmf.com\/portal\/wp-content\/uploads\/2024\/01\/B-dibujos-1-13-110x110.webp 110w, https:\/\/webdelmaestrocmf.com\/portal\/wp-content\/uploads\/2024\/01\/B-dibujos-1-13-380x380.webp 380w, https:\/\/webdelmaestrocmf.com\/portal\/wp-content\/uploads\/2024\/01\/B-dibujos-1-13-550x550.webp 550w, https:\/\/webdelmaestrocmf.com\/portal\/wp-content\/uploads\/2024\/01\/B-dibujos-1-13.webp 1024w\" sizes=\"auto, (max-width: 688px) 100vw, 688px\" \/><br \/>\n\t\t\t\t<a href=\"https:\/\/webdelmaestrocmf.com\/portal\/5-herramientas-de-inteligencia-artificial-para-educadores\/\" title=\"140 herramientas de inteligencia artificial para docentes\"><\/a><\/p>\n<ul>\n<li><a href=\"https:\/\/webdelmaestrocmf.com\/portal\/category\/tecnologia\/chatgpt\/\" rel=\"category tag\">ChatGPT<\/a><\/li>\n<li><a href=\"https:\/\/webdelmaestrocmf.com\/portal\/category\/tecnologia\/ia\/\" rel=\"category tag\">IA<\/a><\/li>\n<li><a href=\"https:\/\/webdelmaestrocmf.com\/portal\/category\/tecnologia\/\" rel=\"category tag\">TECNOLOG\u00cdA<\/a><\/li>\n<\/ul>\n<h2><a href=\"https:\/\/webdelmaestrocmf.com\/portal\/5-herramientas-de-inteligencia-artificial-para-educadores\/\">140 herramientas de inteligencia artificial para docentes<\/a><\/h2>\n<p>\t\t\t11 febrero, 202521,3K views<a href=\"https:\/\/webdelmaestrocmf.com\/portal\/5-herramientas-de-inteligencia-artificial-para-educadores\/#comments\" >1<\/a><br \/>\n<\/article>\n<article>\n\t\t\t\t\t<img loading=\"lazy\" width=\"332\" height=\"332\" src=\"https:\/\/webdelmaestrocmf.com\/portal\/wp-content\/uploads\/2025\/02\/1A-Banner-1-portada-imagen-10-1-63-380x380.jpg\" alt=\"\" decoding=\"async\" srcset=\"https:\/\/webdelmaestrocmf.com\/portal\/wp-content\/uploads\/2025\/02\/1A-Banner-1-portada-imagen-10-1-63-380x380.jpg 380w, https:\/\/webdelmaestrocmf.com\/portal\/wp-content\/uploads\/2025\/02\/1A-Banner-1-portada-imagen-10-1-63-300x300.jpg 300w, https:\/\/webdelmaestrocmf.com\/portal\/wp-content\/uploads\/2025\/02\/1A-Banner-1-portada-imagen-10-1-63-150x150.jpg 150w, https:\/\/webdelmaestrocmf.com\/portal\/wp-content\/uploads\/2025\/02\/1A-Banner-1-portada-imagen-10-1-63-768x768.jpg 768w, https:\/\/webdelmaestrocmf.com\/portal\/wp-content\/uploads\/2025\/02\/1A-Banner-1-portada-imagen-10-1-63-80x80.jpg 80w, https:\/\/webdelmaestrocmf.com\/portal\/wp-content\/uploads\/2025\/02\/1A-Banner-1-portada-imagen-10-1-63-110x110.jpg 110w, https:\/\/webdelmaestrocmf.com\/portal\/wp-content\/uploads\/2025\/02\/1A-Banner-1-portada-imagen-10-1-63-550x550.jpg 550w, https:\/\/webdelmaestrocmf.com\/portal\/wp-content\/uploads\/2025\/02\/1A-Banner-1-portada-imagen-10-1-63-800x800.jpg 800w, https:\/\/webdelmaestrocmf.com\/portal\/wp-content\/uploads\/2025\/02\/1A-Banner-1-portada-imagen-10-1-63.jpg 1024w\" sizes=\"auto, (max-width: 332px) 100vw, 332px\" \/>\t\t\t\t\t<img loading=\"lazy\" width=\"688\" height=\"688\" src=\"https:\/\/webdelmaestrocmf.com\/portal\/wp-content\/uploads\/2025\/02\/1A-Banner-1-portada-imagen-10-1-63-800x800.jpg\" alt=\"\" decoding=\"async\" srcset=\"https:\/\/webdelmaestrocmf.com\/portal\/wp-content\/uploads\/2025\/02\/1A-Banner-1-portada-imagen-10-1-63-800x800.jpg 800w, https:\/\/webdelmaestrocmf.com\/portal\/wp-content\/uploads\/2025\/02\/1A-Banner-1-portada-imagen-10-1-63-300x300.jpg 300w, https:\/\/webdelmaestrocmf.com\/portal\/wp-content\/uploads\/2025\/02\/1A-Banner-1-portada-imagen-10-1-63-150x150.jpg 150w, https:\/\/webdelmaestrocmf.com\/portal\/wp-content\/uploads\/2025\/02\/1A-Banner-1-portada-imagen-10-1-63-768x768.jpg 768w, https:\/\/webdelmaestrocmf.com\/portal\/wp-content\/uploads\/2025\/02\/1A-Banner-1-portada-imagen-10-1-63-80x80.jpg 80w, https:\/\/webdelmaestrocmf.com\/portal\/wp-content\/uploads\/2025\/02\/1A-Banner-1-portada-imagen-10-1-63-110x110.jpg 110w, https:\/\/webdelmaestrocmf.com\/portal\/wp-content\/uploads\/2025\/02\/1A-Banner-1-portada-imagen-10-1-63-380x380.jpg 380w, https:\/\/webdelmaestrocmf.com\/portal\/wp-content\/uploads\/2025\/02\/1A-Banner-1-portada-imagen-10-1-63-550x550.jpg 550w, https:\/\/webdelmaestrocmf.com\/portal\/wp-content\/uploads\/2025\/02\/1A-Banner-1-portada-imagen-10-1-63.jpg 1024w\" sizes=\"auto, (max-width: 688px) 100vw, 688px\" \/><br \/>\n\t\t\t\t<a href=\"https:\/\/webdelmaestrocmf.com\/portal\/lo-que-se-quiere-es-que-la-ia-no-sustituya-la-capacidad-de-pensamiento-critico-de-los-estudiantes\/\" title=\"Lo que se quiere es que la IA no sustituya la capacidad de pensamiento cr\u00edtico de los estudiantes\"><\/a><\/p>\n<ul>\n<li><a href=\"https:\/\/webdelmaestrocmf.com\/portal\/category\/tecnologia\/ia\/\" rel=\"category tag\">IA<\/a><\/li>\n<li><a href=\"https:\/\/webdelmaestrocmf.com\/portal\/category\/tecnologia\/\" rel=\"category tag\">TECNOLOG\u00cdA<\/a><\/li>\n<\/ul>\n<h2><a href=\"https:\/\/webdelmaestrocmf.com\/portal\/lo-que-se-quiere-es-que-la-ia-no-sustituya-la-capacidad-de-pensamiento-critico-de-los-estudiantes\/\">Lo que se quiere es que la IA no sustituya la capacidad de pensamiento cr\u00edtico de los estudiantes<\/a><\/h2>\n<p>\t\t\t10 febrero, 20251,9K views<a href=\"https:\/\/webdelmaestrocmf.com\/portal\/lo-que-se-quiere-es-que-la-ia-no-sustituya-la-capacidad-de-pensamiento-critico-de-los-estudiantes\/#respond\" >0<\/a><br \/>\n<\/article>\n<\/section>\n<section>\n<!-- ANUNCIAO 2025 PAGINA PRINCIAL INTERIOR --><br \/>\n<ins\n     style=\"display:block\"\n     data-ad-client=\"ca-pub-9544854023617669\"\n     data-ad-slot=\"7645396543\"\n     data-ad-format=\"auto\"\n     data-full-width-responsive=\"true\"><\/ins><br \/>\n\t\t<\/section>\n<section><\/section>\n<h2 style=\"font-family: 'Playfair Display', serif; font-size: 30px;  font-weight: 700; \">\n  Materiales educativos para descargar<br \/>\n<\/h2>\n<section>\n<h2>\n\t\t\t\t\t\tDESCARGALO\t\t\t\t\t<\/h2>\n<p>\t\t\t\t\t\t\t\t\t\t\t<a href=\"https:\/\/webdelmaestrocmf.com\/portal\/category\/pedagogia\/descargas-manuales-pdf\/\" target=\"_self\"><br \/>\n\t\t\t\t\t\t\t\tTODO<br \/>\n\t\t\t\t\t\t<\/a><br \/>\n\t\t\t<\/section>\n<section>\n<article>\n<ul>\n<li><a href=\"https:\/\/webdelmaestrocmf.com\/portal\/category\/descarga\/\" rel=\"category tag\">DESCARGA<\/a><\/li>\n<\/ul>\n<h2><a href=\"https:\/\/webdelmaestrocmf.com\/portal\/que-son-y-cuales-son-las-reglas-del-salon-de-clases-basicas-y-necesarias-normas-y-reglas-para-descargar\/\">Qu\u00e9 son y cu\u00e1les son las reglas del sal\u00f3n de clases b\u00e1sicas y necesarias: Normas y reglas para descargar<\/a><\/h2>\n<p>\t\t\t\t17 marzo, 202526,1K views<a href=\"https:\/\/webdelmaestrocmf.com\/portal\/que-son-y-cuales-son-las-reglas-del-salon-de-clases-basicas-y-necesarias-normas-y-reglas-para-descargar\/#respond\" >0<\/a><br \/>\n<\/article>\n<article>\n<ul>\n<li><a href=\"https:\/\/webdelmaestrocmf.com\/portal\/category\/descarga\/\" rel=\"category tag\">DESCARGA<\/a><\/li>\n<\/ul>\n<h2><a href=\"https:\/\/webdelmaestrocmf.com\/portal\/el-cubo-de-pensar-herramienta-educativa\/\">El Cubo de Pensar: Herramienta educativa<\/a><\/h2>\n<p>\t\t\t\t15 marzo, 20255,6K views<a href=\"https:\/\/webdelmaestrocmf.com\/portal\/el-cubo-de-pensar-herramienta-educativa\/#respond\" >0<\/a><br \/>\n<\/article>\n<article>\n<ul>\n<li><a href=\"https:\/\/webdelmaestrocmf.com\/portal\/category\/descarga\/\" rel=\"category tag\">DESCARGA<\/a><\/li>\n<\/ul>\n<h2><a href=\"https:\/\/webdelmaestrocmf.com\/portal\/descarga-como-ganarte-a-tus-alumnos\/\">Descarga: C\u00f3mo ganarte a tus alumnos<\/a><\/h2>\n<p>\t\t\t\t10 marzo, 2024678 views<a href=\"https:\/\/webdelmaestrocmf.com\/portal\/descarga-como-ganarte-a-tus-alumnos\/#respond\" >0<\/a><br \/>\n<\/article>\n<article>\n<ul>\n<li><a href=\"https:\/\/webdelmaestrocmf.com\/portal\/category\/descarga\/\" rel=\"category tag\">DESCARGA<\/a><\/li>\n<\/ul>\n<h2><a href=\"https:\/\/webdelmaestrocmf.com\/portal\/descarga-estrategias-para-activar-y-usar-los-conocimientos-previos-en-los-alumnos-incluye-manual-de-juegos\/\">Descarga: Estrategias para activar y usar los conocimientos previos en los alumnos (Incluye manual de juegos)<\/a><\/h2>\n<p>\t\t\t\t10 marzo, 20242,4K views<a href=\"https:\/\/webdelmaestrocmf.com\/portal\/descarga-estrategias-para-activar-y-usar-los-conocimientos-previos-en-los-alumnos-incluye-manual-de-juegos\/#comments\" >1<\/a><br \/>\n<\/article>\n<article>\n<ul>\n<li><a href=\"https:\/\/webdelmaestrocmf.com\/portal\/category\/descarga\/\" rel=\"category tag\">DESCARGA<\/a><\/li>\n<\/ul>\n<h2><a href=\"https:\/\/webdelmaestrocmf.com\/portal\/descarga-actividades-para-los-primeros-dias-de-clases-inicial-primaria-y-secundaria\/\">Descarga: Actividades para los primeros d\u00edas de clases: Inicial, Primaria y Secundaria<\/a><\/h2>\n<p>\t\t\t\t10 marzo, 2024557 views<a href=\"https:\/\/webdelmaestrocmf.com\/portal\/descarga-actividades-para-los-primeros-dias-de-clases-inicial-primaria-y-secundaria\/#respond\" >0<\/a><br \/>\n<\/article>\n<article>\n<ul>\n<li><a href=\"https:\/\/webdelmaestrocmf.com\/portal\/category\/descarga\/\" rel=\"category tag\">DESCARGA<\/a><\/li>\n<\/ul>\n<h2><a href=\"https:\/\/webdelmaestrocmf.com\/portal\/descarga-nuevo-banco-de-rubricas-para-diferentes-actividades-educativas\/\">Descarga: Nuevo banco de rubricas para diferentes actividades educativas<\/a><\/h2>\n<p>\t\t\t\t10 marzo, 2024629 views<a href=\"https:\/\/webdelmaestrocmf.com\/portal\/descarga-nuevo-banco-de-rubricas-para-diferentes-actividades-educativas\/#respond\" >0<\/a><br \/>\n<\/article>\n<article>\n<ul>\n<li><a href=\"https:\/\/webdelmaestrocmf.com\/portal\/category\/descarga\/\" rel=\"category tag\">DESCARGA<\/a><\/li>\n<\/ul>\n<h2><a href=\"https:\/\/webdelmaestrocmf.com\/portal\/descarga-estas-son-las-rubricas-que-necesita-todo-docente-detallista\/\">Descarga: Estas son las r\u00fabricas que necesita todo docente detallista<\/a><\/h2>\n<p>\t\t\t\t10 marzo, 20242,3K views<a href=\"https:\/\/webdelmaestrocmf.com\/portal\/descarga-estas-son-las-rubricas-que-necesita-todo-docente-detallista\/#comments\" >1<\/a><br \/>\n<\/article>\n<article>\n<ul>\n<li><a href=\"https:\/\/webdelmaestrocmf.com\/portal\/category\/descarga\/\" rel=\"category tag\">DESCARGA<\/a><\/li>\n<\/ul>\n<h2><a href=\"https:\/\/webdelmaestrocmf.com\/portal\/descarga-modelos-de-rubrica-para-evaluar-mapa-conceptuales-mapa-mentales-ensayos-foros-foros-virtuales-infografias-lineas-de-tiempo-y-presentaciones\/\">Descarga: Modelos de R\u00fabrica para evaluar Mapa conceptuales, Mapa mentales, Ensayos, Foros, Foros virtuales, Infograf\u00edas, L\u00edneas de tiempo y Presentaciones<\/a><\/h2>\n<p>\t\t\t\t10 marzo, 20241,1K views<a href=\"https:\/\/webdelmaestrocmf.com\/portal\/descarga-modelos-de-rubrica-para-evaluar-mapa-conceptuales-mapa-mentales-ensayos-foros-foros-virtuales-infografias-lineas-de-tiempo-y-presentaciones\/#respond\" >0<\/a><br \/>\n<\/article>\n<article>\n<ul>\n<li><a href=\"https:\/\/webdelmaestrocmf.com\/portal\/category\/descarga\/\" rel=\"category tag\">DESCARGA<\/a><\/li>\n<\/ul>\n<h2><a href=\"https:\/\/webdelmaestrocmf.com\/portal\/descarga-reglas-de-convivencia-para-adornar-el-salon\/\">Descarga: Reglas de convivencia para adornar el sal\u00f3n<\/a><\/h2>\n<p>\t\t\t\t10 marzo, 20243,0K views<a href=\"https:\/\/webdelmaestrocmf.com\/portal\/descarga-reglas-de-convivencia-para-adornar-el-salon\/#respond\" >0<\/a><br \/>\n<\/article>\n<article>\n<ul>\n<li><a href=\"https:\/\/webdelmaestrocmf.com\/portal\/category\/descarga\/\" rel=\"category tag\">DESCARGA<\/a><\/li>\n<\/ul>\n<h2><a href=\"https:\/\/webdelmaestrocmf.com\/portal\/descarga-descarga-el-calendario-civico-escolar-2024\/\">Descarga: El Calendario C\u00edvico Escolar 2024<\/a><\/h2>\n<p>\t\t\t\t7 marzo, 2024945 views<a href=\"https:\/\/webdelmaestrocmf.com\/portal\/descarga-descarga-el-calendario-civico-escolar-2024\/#respond\" >0<\/a><br \/>\n<\/article>\n<article>\n<ul>\n<li><a href=\"https:\/\/webdelmaestrocmf.com\/portal\/category\/descarga\/\" rel=\"category tag\">DESCARGA<\/a><\/li>\n<\/ul>\n<h2><a href=\"https:\/\/webdelmaestrocmf.com\/portal\/descarga-cuaderno-maduracion-para-preescolar\/\">Descarga: Cuaderno de Maduraci\u00f3n para Preescolar<\/a><\/h2>\n<p>\t\t\t\t7 marzo, 20241,3K views<a href=\"https:\/\/webdelmaestrocmf.com\/portal\/descarga-cuaderno-maduracion-para-preescolar\/#respond\" >0<\/a><br \/>\n<\/article>\n<article>\n<ul>\n<li><a href=\"https:\/\/webdelmaestrocmf.com\/portal\/category\/descarga\/\" rel=\"category tag\">DESCARGA<\/a><\/li>\n<\/ul>\n<h2><a href=\"https:\/\/webdelmaestrocmf.com\/portal\/descarga-manual-de-procesos-didacticos-de-todas-las-areas-curriculares\/\">Descarga: Manual de Procesos did\u00e1cticos de todas las \u00e1reas curriculares<\/a><\/h2>\n<p>\t\t\t\t7 marzo, 20242,8K views<a href=\"https:\/\/webdelmaestrocmf.com\/portal\/descarga-manual-de-procesos-didacticos-de-todas-las-areas-curriculares\/#respond\" >0<\/a><br \/>\n<\/article>\n<\/section>\n<section><\/section>\n<section>\n<!-- ANUNCIAO 2025 PAGINA PRINCIAL INTERIOR --><br \/>\n<ins\n     style=\"display:block\"\n     data-ad-client=\"ca-pub-9544854023617669\"\n     data-ad-slot=\"7645396543\"\n     data-ad-format=\"auto\"\n     data-full-width-responsive=\"true\"><\/ins><br \/>\n\t\t<\/section>\n<h2 style=\"font-family: 'Playfair Display', serif; font-size: 30px;  font-weight: 700; \">\n  Noticias Internacionales<br \/>\n<\/h2>\n<section>\n<h2>\n\t\t\t\t\t\tLO M\u00c1S\t\t\t\t\t<\/h2>\n<p>\t\t\t\t\t\t\t\t\t\t\t<a href=\"https:\/\/webdelmaestrocmf.com\/portal\/category\/noticias-internacionales\/\" target=\"_self\"><br \/>\n\t\t\t\t\t\t\t\tRECIENTE<br \/>\n\t\t\t\t\t\t<\/a><br \/>\n\t\t\t<\/section>\n<section>\n<article>\n\t\t\t\t\t<img loading=\"lazy\" width=\"332\" height=\"221\" src=\"https:\/\/webdelmaestrocmf.com\/portal\/wp-content\/uploads\/2025\/07\/1A-Banner-1-portada-imagen-10-1-copia-45-332x221.jpg\" alt=\"\" decoding=\"async\" srcset=\"https:\/\/webdelmaestrocmf.com\/portal\/wp-content\/uploads\/2025\/07\/1A-Banner-1-portada-imagen-10-1-copia-45-332x221.jpg 332w, https:\/\/webdelmaestrocmf.com\/portal\/wp-content\/uploads\/2025\/07\/1A-Banner-1-portada-imagen-10-1-copia-45-300x200.jpg 300w, https:\/\/webdelmaestrocmf.com\/portal\/wp-content\/uploads\/2025\/07\/1A-Banner-1-portada-imagen-10-1-copia-45-768x511.jpg 768w, https:\/\/webdelmaestrocmf.com\/portal\/wp-content\/uploads\/2025\/07\/1A-Banner-1-portada-imagen-10-1-copia-45-664x442.jpg 664w, https:\/\/webdelmaestrocmf.com\/portal\/wp-content\/uploads\/2025\/07\/1A-Banner-1-portada-imagen-10-1-copia-45-688x458.jpg 688w, https:\/\/webdelmaestrocmf.com\/portal\/wp-content\/uploads\/2025\/07\/1A-Banner-1-portada-imagen-10-1-copia-45.jpg 1003w\" sizes=\"auto, (max-width: 332px) 100vw, 332px\" \/>\t\t\t\t\t<img loading=\"lazy\" width=\"332\" height=\"186\" src=\"https:\/\/webdelmaestrocmf.com\/portal\/wp-content\/uploads\/2025\/07\/1A-Banner-1-portada-imagen-10-1-copia-45-332x186.jpg\" alt=\"\" decoding=\"async\" srcset=\"https:\/\/webdelmaestrocmf.com\/portal\/wp-content\/uploads\/2025\/07\/1A-Banner-1-portada-imagen-10-1-copia-45-332x186.jpg 332w, https:\/\/webdelmaestrocmf.com\/portal\/wp-content\/uploads\/2025\/07\/1A-Banner-1-portada-imagen-10-1-copia-45-664x372.jpg 664w, https:\/\/webdelmaestrocmf.com\/portal\/wp-content\/uploads\/2025\/07\/1A-Banner-1-portada-imagen-10-1-copia-45-688x387.jpg 688w\" sizes=\"auto, (max-width: 332px) 100vw, 332px\" \/><br \/>\n\t\t\t\t<a href=\"https:\/\/webdelmaestrocmf.com\/portal\/nicolas-maduro-impulsa-su-propia-aplicacion-de-mensajeria-tras-denunciar-espionaje-de-whatsapp\/\" title=\"Nicol\u00e1s Maduro impulsa su propia aplicaci\u00f3n de mensajer\u00eda tras denunciar espionaje de WhatsApp\"><\/a><\/p>\n<ul>\n<li><a href=\"https:\/\/webdelmaestrocmf.com\/portal\/category\/noticias-internacionales\/\" rel=\"category tag\">Noticias Internacionales<\/a><\/li>\n<\/ul>\n<h2><a href=\"https:\/\/webdelmaestrocmf.com\/portal\/nicolas-maduro-impulsa-su-propia-aplicacion-de-mensajeria-tras-denunciar-espionaje-de-whatsapp\/\">Nicol\u00e1s Maduro impulsa su propia aplicaci\u00f3n de mensajer\u00eda tras denunciar espionaje de WhatsApp<\/a><\/h2>\n<p>\t\t\t2 julio, 20251,0K views<a href=\"https:\/\/webdelmaestrocmf.com\/portal\/nicolas-maduro-impulsa-su-propia-aplicacion-de-mensajeria-tras-denunciar-espionaje-de-whatsapp\/#respond\" >0<\/a><br \/>\n<\/article>\n<article>\n\t\t\t\t\t<img loading=\"lazy\" width=\"332\" height=\"221\" src=\"https:\/\/webdelmaestrocmf.com\/portal\/wp-content\/uploads\/2025\/07\/1A-Banner-1-portada-imagen-10-1-copia-21-332x221.webp\" alt=\"\" decoding=\"async\" srcset=\"https:\/\/webdelmaestrocmf.com\/portal\/wp-content\/uploads\/2025\/07\/1A-Banner-1-portada-imagen-10-1-copia-21-332x221.webp 332w, https:\/\/webdelmaestrocmf.com\/portal\/wp-content\/uploads\/2025\/07\/1A-Banner-1-portada-imagen-10-1-copia-21-300x200.webp 300w, https:\/\/webdelmaestrocmf.com\/portal\/wp-content\/uploads\/2025\/07\/1A-Banner-1-portada-imagen-10-1-copia-21-768x511.webp 768w, https:\/\/webdelmaestrocmf.com\/portal\/wp-content\/uploads\/2025\/07\/1A-Banner-1-portada-imagen-10-1-copia-21-664x442.webp 664w, https:\/\/webdelmaestrocmf.com\/portal\/wp-content\/uploads\/2025\/07\/1A-Banner-1-portada-imagen-10-1-copia-21-688x458.webp 688w, https:\/\/webdelmaestrocmf.com\/portal\/wp-content\/uploads\/2025\/07\/1A-Banner-1-portada-imagen-10-1-copia-21.webp 1003w\" sizes=\"auto, (max-width: 332px) 100vw, 332px\" \/>\t\t\t\t\t<img loading=\"lazy\" width=\"332\" height=\"186\" src=\"https:\/\/webdelmaestrocmf.com\/portal\/wp-content\/uploads\/2025\/07\/1A-Banner-1-portada-imagen-10-1-copia-21-332x186.webp\" alt=\"\" decoding=\"async\" srcset=\"https:\/\/webdelmaestrocmf.com\/portal\/wp-content\/uploads\/2025\/07\/1A-Banner-1-portada-imagen-10-1-copia-21-332x186.webp 332w, https:\/\/webdelmaestrocmf.com\/portal\/wp-content\/uploads\/2025\/07\/1A-Banner-1-portada-imagen-10-1-copia-21-664x372.webp 664w, https:\/\/webdelmaestrocmf.com\/portal\/wp-content\/uploads\/2025\/07\/1A-Banner-1-portada-imagen-10-1-copia-21-688x387.webp 688w\" sizes=\"auto, (max-width: 332px) 100vw, 332px\" \/><br \/>\n\t\t\t\t<a href=\"https:\/\/webdelmaestrocmf.com\/portal\/la-inteligencia-artificial-sale-a-cazar-delincuentes-en-las-calles\/\" title=\"La inteligencia artificial sale a cazar delincuentes en las calles\"><\/a><\/p>\n<ul>\n<li><a href=\"https:\/\/webdelmaestrocmf.com\/portal\/category\/noticias-internacionales\/\" rel=\"category tag\">Noticias Internacionales<\/a><\/li>\n<\/ul>\n<h2><a href=\"https:\/\/webdelmaestrocmf.com\/portal\/la-inteligencia-artificial-sale-a-cazar-delincuentes-en-las-calles\/\">La inteligencia artificial sale a cazar delincuentes en las calles<\/a><\/h2>\n<p>\t\t\t1 julio, 20251,1K views<a href=\"https:\/\/webdelmaestrocmf.com\/portal\/la-inteligencia-artificial-sale-a-cazar-delincuentes-en-las-calles\/#comments\" >2<\/a><br \/>\n<\/article>\n<\/section>\n<section>\n<!-- ANUNCIAO 2025 PAGINA PRINCIAL INTERIOR --><br \/>\n<ins\n     style=\"display:block\"\n     data-ad-client=\"ca-pub-9544854023617669\"\n     data-ad-slot=\"7645396543\"\n     data-ad-format=\"auto\"\n     data-full-width-responsive=\"true\"><\/ins><br \/>\n\t\t<\/section>\n<section><\/section>\n<section>\n<article>\n\t\t\t\t\t<img loading=\"lazy\" width=\"332\" height=\"221\" src=\"https:\/\/webdelmaestrocmf.com\/portal\/wp-content\/uploads\/2025\/06\/1A-Banner-1-portada-imagen-10-1-copia-33-332x221.jpg\" alt=\"\" decoding=\"async\" srcset=\"https:\/\/webdelmaestrocmf.com\/portal\/wp-content\/uploads\/2025\/06\/1A-Banner-1-portada-imagen-10-1-copia-33-332x221.jpg 332w, https:\/\/webdelmaestrocmf.com\/portal\/wp-content\/uploads\/2025\/06\/1A-Banner-1-portada-imagen-10-1-copia-33-300x200.jpg 300w, https:\/\/webdelmaestrocmf.com\/portal\/wp-content\/uploads\/2025\/06\/1A-Banner-1-portada-imagen-10-1-copia-33-768x511.jpg 768w, https:\/\/webdelmaestrocmf.com\/portal\/wp-content\/uploads\/2025\/06\/1A-Banner-1-portada-imagen-10-1-copia-33-664x442.jpg 664w, https:\/\/webdelmaestrocmf.com\/portal\/wp-content\/uploads\/2025\/06\/1A-Banner-1-portada-imagen-10-1-copia-33-688x458.jpg 688w, https:\/\/webdelmaestrocmf.com\/portal\/wp-content\/uploads\/2025\/06\/1A-Banner-1-portada-imagen-10-1-copia-33.jpg 1003w\" sizes=\"auto, (max-width: 332px) 100vw, 332px\" \/>\t\t\t\t\t<img loading=\"lazy\" width=\"1003\" height=\"650\" src=\"https:\/\/webdelmaestrocmf.com\/portal\/wp-content\/uploads\/2025\/06\/1A-Banner-1-portada-imagen-10-1-copia-33-1003x650.jpg\" alt=\"\" decoding=\"async\" \/><br \/>\n\t\t\t\t<a href=\"https:\/\/webdelmaestrocmf.com\/portal\/iran-confirma-graves-danos-en-sus-instalaciones-nucleares-y-exigira-indemnizacion-a-estados-unidos\/\" title=\"Ir\u00e1n confirma graves da\u00f1os en sus instalaciones nucleares y exigir\u00e1 indemnizaci\u00f3n a Estados Unidos\"><\/a><\/p>\n<ul>\n<li><a href=\"https:\/\/webdelmaestrocmf.com\/portal\/category\/noticias-internacionales\/\" rel=\"category tag\">Noticias Internacionales<\/a><\/li>\n<\/ul>\n<h2><a href=\"https:\/\/webdelmaestrocmf.com\/portal\/iran-confirma-graves-danos-en-sus-instalaciones-nucleares-y-exigira-indemnizacion-a-estados-unidos\/\">Ir\u00e1n confirma graves da\u00f1os en sus instalaciones nucleares y exigir\u00e1 indemnizaci\u00f3n a Estados Unidos<\/a><\/h2>\n<p>\t\t\t27 junio, 20251,1K views<a href=\"https:\/\/webdelmaestrocmf.com\/portal\/iran-confirma-graves-danos-en-sus-instalaciones-nucleares-y-exigira-indemnizacion-a-estados-unidos\/#comments\" >3<\/a><br \/>\n<\/article>\n<\/section>\n<section><\/section>\n<section>\n<article>\n\t\t\t\t\t<img loading=\"lazy\" width=\"332\" height=\"221\" src=\"https:\/\/webdelmaestrocmf.com\/portal\/wp-content\/uploads\/2025\/06\/1A-Banner-1-portada-imagen-10-1-copia-32-332x221.jpg\" alt=\"\" decoding=\"async\" srcset=\"https:\/\/webdelmaestrocmf.com\/portal\/wp-content\/uploads\/2025\/06\/1A-Banner-1-portada-imagen-10-1-copia-32-332x221.jpg 332w, https:\/\/webdelmaestrocmf.com\/portal\/wp-content\/uploads\/2025\/06\/1A-Banner-1-portada-imagen-10-1-copia-32-300x200.jpg 300w, https:\/\/webdelmaestrocmf.com\/portal\/wp-content\/uploads\/2025\/06\/1A-Banner-1-portada-imagen-10-1-copia-32-768x511.jpg 768w, https:\/\/webdelmaestrocmf.com\/portal\/wp-content\/uploads\/2025\/06\/1A-Banner-1-portada-imagen-10-1-copia-32-664x442.jpg 664w, https:\/\/webdelmaestrocmf.com\/portal\/wp-content\/uploads\/2025\/06\/1A-Banner-1-portada-imagen-10-1-copia-32-688x458.jpg 688w, https:\/\/webdelmaestrocmf.com\/portal\/wp-content\/uploads\/2025\/06\/1A-Banner-1-portada-imagen-10-1-copia-32.jpg 1003w\" sizes=\"auto, (max-width: 332px) 100vw, 332px\" \/>\t\t\t\t\t<img loading=\"lazy\" width=\"332\" height=\"186\" src=\"https:\/\/webdelmaestrocmf.com\/portal\/wp-content\/uploads\/2025\/06\/1A-Banner-1-portada-imagen-10-1-copia-32-332x186.jpg\" alt=\"\" decoding=\"async\" srcset=\"https:\/\/webdelmaestrocmf.com\/portal\/wp-content\/uploads\/2025\/06\/1A-Banner-1-portada-imagen-10-1-copia-32-332x186.jpg 332w, https:\/\/webdelmaestrocmf.com\/portal\/wp-content\/uploads\/2025\/06\/1A-Banner-1-portada-imagen-10-1-copia-32-664x372.jpg 664w, https:\/\/webdelmaestrocmf.com\/portal\/wp-content\/uploads\/2025\/06\/1A-Banner-1-portada-imagen-10-1-copia-32-688x387.jpg 688w\" sizes=\"auto, (max-width: 332px) 100vw, 332px\" \/><br \/>\n\t\t\t\t<a href=\"https:\/\/webdelmaestrocmf.com\/portal\/ninas-de-10-anos-son-acusadas-de-planear-el-asesinato-de-un-companero-en-arizona\/\" title=\"Ni\u00f1as de 10 a\u00f1os son acusadas de planear el asesinato de un compa\u00f1ero en Arizona\"><\/a><\/p>\n<ul>\n<li><a href=\"https:\/\/webdelmaestrocmf.com\/portal\/category\/noticias-internacionales\/\" rel=\"category tag\">Noticias Internacionales<\/a><\/li>\n<\/ul>\n<h2><a href=\"https:\/\/webdelmaestrocmf.com\/portal\/ninas-de-10-anos-son-acusadas-de-planear-el-asesinato-de-un-companero-en-arizona\/\">Ni\u00f1as de 10 a\u00f1os son acusadas de planear el asesinato de un compa\u00f1ero en Arizona<\/a><\/h2>\n<p>\t\t\t27 junio, 20252,7K views<a href=\"https:\/\/webdelmaestrocmf.com\/portal\/ninas-de-10-anos-son-acusadas-de-planear-el-asesinato-de-un-companero-en-arizona\/#respond\" >0<\/a><br \/>\n<\/article>\n<article>\n\t\t\t\t\t<img loading=\"lazy\" width=\"332\" height=\"221\" src=\"https:\/\/webdelmaestrocmf.com\/portal\/wp-content\/uploads\/2025\/06\/1A-Banner-1-portada-imagen-10-1-copia-30-332x221.jpg\" alt=\"\" decoding=\"async\" srcset=\"https:\/\/webdelmaestrocmf.com\/portal\/wp-content\/uploads\/2025\/06\/1A-Banner-1-portada-imagen-10-1-copia-30-332x221.jpg 332w, https:\/\/webdelmaestrocmf.com\/portal\/wp-content\/uploads\/2025\/06\/1A-Banner-1-portada-imagen-10-1-copia-30-300x200.jpg 300w, https:\/\/webdelmaestrocmf.com\/portal\/wp-content\/uploads\/2025\/06\/1A-Banner-1-portada-imagen-10-1-copia-30-768x511.jpg 768w, https:\/\/webdelmaestrocmf.com\/portal\/wp-content\/uploads\/2025\/06\/1A-Banner-1-portada-imagen-10-1-copia-30-664x442.jpg 664w, https:\/\/webdelmaestrocmf.com\/portal\/wp-content\/uploads\/2025\/06\/1A-Banner-1-portada-imagen-10-1-copia-30-688x458.jpg 688w, https:\/\/webdelmaestrocmf.com\/portal\/wp-content\/uploads\/2025\/06\/1A-Banner-1-portada-imagen-10-1-copia-30.jpg 1003w\" sizes=\"auto, (max-width: 332px) 100vw, 332px\" \/>\t\t\t\t\t<img loading=\"lazy\" width=\"332\" height=\"186\" src=\"https:\/\/webdelmaestrocmf.com\/portal\/wp-content\/uploads\/2025\/06\/1A-Banner-1-portada-imagen-10-1-copia-30-332x186.jpg\" alt=\"\" decoding=\"async\" srcset=\"https:\/\/webdelmaestrocmf.com\/portal\/wp-content\/uploads\/2025\/06\/1A-Banner-1-portada-imagen-10-1-copia-30-332x186.jpg 332w, https:\/\/webdelmaestrocmf.com\/portal\/wp-content\/uploads\/2025\/06\/1A-Banner-1-portada-imagen-10-1-copia-30-664x372.jpg 664w, https:\/\/webdelmaestrocmf.com\/portal\/wp-content\/uploads\/2025\/06\/1A-Banner-1-portada-imagen-10-1-copia-30-688x387.jpg 688w\" sizes=\"auto, (max-width: 332px) 100vw, 332px\" \/><br \/>\n\t\t\t\t<a href=\"https:\/\/webdelmaestrocmf.com\/portal\/japon-ejecuta-en-la-horca-al-asesino-de-twitter-por-matar-y-descuartizar-a-nueve-personas\/\" title=\"Jap\u00f3n ejecuta en la horca al \u2018asesino de Twitter\u2019 por matar y descuartizar a nueve personas\"><\/a><\/p>\n<ul>\n<li><a href=\"https:\/\/webdelmaestrocmf.com\/portal\/category\/noticias-internacionales\/\" rel=\"category tag\">Noticias Internacionales<\/a><\/li>\n<\/ul>\n<h2><a href=\"https:\/\/webdelmaestrocmf.com\/portal\/japon-ejecuta-en-la-horca-al-asesino-de-twitter-por-matar-y-descuartizar-a-nueve-personas\/\">Jap\u00f3n ejecuta en la horca al \u2018asesino de Twitter\u2019 por matar y descuartizar a nueve personas<\/a><\/h2>\n<p>\t\t\t27 junio, 20251,3K views<a href=\"https:\/\/webdelmaestrocmf.com\/portal\/japon-ejecuta-en-la-horca-al-asesino-de-twitter-por-matar-y-descuartizar-a-nueve-personas\/#respond\" >0<\/a><br \/>\n<\/article>\n<article>\n\t\t\t\t\t<img loading=\"lazy\" width=\"332\" height=\"221\" src=\"https:\/\/webdelmaestrocmf.com\/portal\/wp-content\/uploads\/2025\/06\/1A-Banner-1-portada-imagen-10-1-copia-2-1-332x221.webp\" alt=\"\" decoding=\"async\" srcset=\"https:\/\/webdelmaestrocmf.com\/portal\/wp-content\/uploads\/2025\/06\/1A-Banner-1-portada-imagen-10-1-copia-2-1-332x221.webp 332w, https:\/\/webdelmaestrocmf.com\/portal\/wp-content\/uploads\/2025\/06\/1A-Banner-1-portada-imagen-10-1-copia-2-1-300x200.webp 300w, https:\/\/webdelmaestrocmf.com\/portal\/wp-content\/uploads\/2025\/06\/1A-Banner-1-portada-imagen-10-1-copia-2-1-768x511.webp 768w, https:\/\/webdelmaestrocmf.com\/portal\/wp-content\/uploads\/2025\/06\/1A-Banner-1-portada-imagen-10-1-copia-2-1-664x442.webp 664w, https:\/\/webdelmaestrocmf.com\/portal\/wp-content\/uploads\/2025\/06\/1A-Banner-1-portada-imagen-10-1-copia-2-1-688x458.webp 688w, https:\/\/webdelmaestrocmf.com\/portal\/wp-content\/uploads\/2025\/06\/1A-Banner-1-portada-imagen-10-1-copia-2-1.webp 1003w\" sizes=\"auto, (max-width: 332px) 100vw, 332px\" \/>\t\t\t\t\t<img loading=\"lazy\" width=\"332\" height=\"186\" src=\"https:\/\/webdelmaestrocmf.com\/portal\/wp-content\/uploads\/2025\/06\/1A-Banner-1-portada-imagen-10-1-copia-2-1-332x186.webp\" alt=\"\" decoding=\"async\" srcset=\"https:\/\/webdelmaestrocmf.com\/portal\/wp-content\/uploads\/2025\/06\/1A-Banner-1-portada-imagen-10-1-copia-2-1-332x186.webp 332w, https:\/\/webdelmaestrocmf.com\/portal\/wp-content\/uploads\/2025\/06\/1A-Banner-1-portada-imagen-10-1-copia-2-1-664x372.webp 664w, https:\/\/webdelmaestrocmf.com\/portal\/wp-content\/uploads\/2025\/06\/1A-Banner-1-portada-imagen-10-1-copia-2-1-688x387.webp 688w\" sizes=\"auto, (max-width: 332px) 100vw, 332px\" \/><br \/>\n\t\t\t\t<a href=\"https:\/\/webdelmaestrocmf.com\/portal\/colegio-desvinculo-a-profesora-por-no-adaptarse-al-establecimiento-y-ahora-deberan-indemnizarla-por-despido-improcedente\/\" title=\"Colegio desvincul\u00f3 a profesora por \u00abno adaptarse\u00bb al establecimiento y ahora deber\u00e1n indemnizarla por despido improcedente\"><\/a><\/p>\n<ul>\n<li><a href=\"https:\/\/webdelmaestrocmf.com\/portal\/category\/noticias-internacionales\/\" rel=\"category tag\">Noticias Internacionales<\/a><\/li>\n<\/ul>\n<h2><a href=\"https:\/\/webdelmaestrocmf.com\/portal\/colegio-desvinculo-a-profesora-por-no-adaptarse-al-establecimiento-y-ahora-deberan-indemnizarla-por-despido-improcedente\/\">Colegio desvincul\u00f3 a profesora por \u00abno adaptarse\u00bb al establecimiento y ahora deber\u00e1n indemnizarla por despido improcedente<\/a><\/h2>\n<p>\t\t\t26 junio, 20251,4K views<a href=\"https:\/\/webdelmaestrocmf.com\/portal\/colegio-desvinculo-a-profesora-por-no-adaptarse-al-establecimiento-y-ahora-deberan-indemnizarla-por-despido-improcedente\/#respond\" >0<\/a><br \/>\n<\/article>\n<article>\n\t\t\t\t\t<img loading=\"lazy\" width=\"332\" height=\"221\" src=\"https:\/\/webdelmaestrocmf.com\/portal\/wp-content\/uploads\/2025\/06\/1A-Banner-1-portada-imagen-10-1-copia-14-1-332x221.jpg\" alt=\"\" decoding=\"async\" srcset=\"https:\/\/webdelmaestrocmf.com\/portal\/wp-content\/uploads\/2025\/06\/1A-Banner-1-portada-imagen-10-1-copia-14-1-332x221.jpg 332w, https:\/\/webdelmaestrocmf.com\/portal\/wp-content\/uploads\/2025\/06\/1A-Banner-1-portada-imagen-10-1-copia-14-1-300x200.jpg 300w, https:\/\/webdelmaestrocmf.com\/portal\/wp-content\/uploads\/2025\/06\/1A-Banner-1-portada-imagen-10-1-copia-14-1-768x511.jpg 768w, https:\/\/webdelmaestrocmf.com\/portal\/wp-content\/uploads\/2025\/06\/1A-Banner-1-portada-imagen-10-1-copia-14-1-664x442.jpg 664w, https:\/\/webdelmaestrocmf.com\/portal\/wp-content\/uploads\/2025\/06\/1A-Banner-1-portada-imagen-10-1-copia-14-1-688x458.jpg 688w, https:\/\/webdelmaestrocmf.com\/portal\/wp-content\/uploads\/2025\/06\/1A-Banner-1-portada-imagen-10-1-copia-14-1.jpg 1003w\" sizes=\"auto, (max-width: 332px) 100vw, 332px\" \/>\t\t\t\t\t<img loading=\"lazy\" width=\"332\" height=\"186\" src=\"https:\/\/webdelmaestrocmf.com\/portal\/wp-content\/uploads\/2025\/06\/1A-Banner-1-portada-imagen-10-1-copia-14-1-332x186.jpg\" alt=\"\" decoding=\"async\" srcset=\"https:\/\/webdelmaestrocmf.com\/portal\/wp-content\/uploads\/2025\/06\/1A-Banner-1-portada-imagen-10-1-copia-14-1-332x186.jpg 332w, https:\/\/webdelmaestrocmf.com\/portal\/wp-content\/uploads\/2025\/06\/1A-Banner-1-portada-imagen-10-1-copia-14-1-664x372.jpg 664w, https:\/\/webdelmaestrocmf.com\/portal\/wp-content\/uploads\/2025\/06\/1A-Banner-1-portada-imagen-10-1-copia-14-1-688x387.jpg 688w\" sizes=\"auto, (max-width: 332px) 100vw, 332px\" \/><br \/>\n\t\t\t\t<a href=\"https:\/\/webdelmaestrocmf.com\/portal\/nino-autista-denuncia-a-javier-milei-por-hostigamiento\/\" title=\"Ni\u00f1o autista denuncia a Javier Milei por hostigamiento\"><\/a><\/p>\n<ul>\n<li><a href=\"https:\/\/webdelmaestrocmf.com\/portal\/category\/noticias-internacionales\/\" rel=\"category tag\">Noticias Internacionales<\/a><\/li>\n<\/ul>\n<h2><a href=\"https:\/\/webdelmaestrocmf.com\/portal\/nino-autista-denuncia-a-javier-milei-por-hostigamiento\/\">Ni\u00f1o autista denuncia a Javier Milei por hostigamiento<\/a><\/h2>\n<p>\t\t\t26 junio, 20251,2K views<a href=\"https:\/\/webdelmaestrocmf.com\/portal\/nino-autista-denuncia-a-javier-milei-por-hostigamiento\/#respond\" >0<\/a><br \/>\n<\/article>\n<\/section>\n<section><\/section>\n<section>\n<article>\n\t\t\t\t\t<img loading=\"lazy\" width=\"332\" height=\"332\" src=\"https:\/\/webdelmaestrocmf.com\/portal\/wp-content\/uploads\/2025\/06\/1A-Banner-1-portada-imagen-10-1-40-380x380.jpg\" alt=\"\" decoding=\"async\" srcset=\"https:\/\/webdelmaestrocmf.com\/portal\/wp-content\/uploads\/2025\/06\/1A-Banner-1-portada-imagen-10-1-40-380x380.jpg 380w, https:\/\/webdelmaestrocmf.com\/portal\/wp-content\/uploads\/2025\/06\/1A-Banner-1-portada-imagen-10-1-40-300x300.jpg 300w, https:\/\/webdelmaestrocmf.com\/portal\/wp-content\/uploads\/2025\/06\/1A-Banner-1-portada-imagen-10-1-40-150x150.jpg 150w, https:\/\/webdelmaestrocmf.com\/portal\/wp-content\/uploads\/2025\/06\/1A-Banner-1-portada-imagen-10-1-40-768x768.jpg 768w, https:\/\/webdelmaestrocmf.com\/portal\/wp-content\/uploads\/2025\/06\/1A-Banner-1-portada-imagen-10-1-40-80x80.jpg 80w, https:\/\/webdelmaestrocmf.com\/portal\/wp-content\/uploads\/2025\/06\/1A-Banner-1-portada-imagen-10-1-40-110x110.jpg 110w, https:\/\/webdelmaestrocmf.com\/portal\/wp-content\/uploads\/2025\/06\/1A-Banner-1-portada-imagen-10-1-40-550x550.jpg 550w, https:\/\/webdelmaestrocmf.com\/portal\/wp-content\/uploads\/2025\/06\/1A-Banner-1-portada-imagen-10-1-40-800x800.jpg 800w, https:\/\/webdelmaestrocmf.com\/portal\/wp-content\/uploads\/2025\/06\/1A-Banner-1-portada-imagen-10-1-40.jpg 1024w\" sizes=\"auto, (max-width: 332px) 100vw, 332px\" \/>\t\t\t\t\t<img loading=\"lazy\" width=\"283\" height=\"186\" src=\"https:\/\/webdelmaestrocmf.com\/portal\/wp-content\/uploads\/2025\/06\/1A-Banner-1-portada-imagen-10-1-40-380x250.jpg\" alt=\"\" decoding=\"async\" srcset=\"https:\/\/webdelmaestrocmf.com\/portal\/wp-content\/uploads\/2025\/06\/1A-Banner-1-portada-imagen-10-1-40-380x250.jpg 380w, https:\/\/webdelmaestrocmf.com\/portal\/wp-content\/uploads\/2025\/06\/1A-Banner-1-portada-imagen-10-1-40-230x150.jpg 230w, https:\/\/webdelmaestrocmf.com\/portal\/wp-content\/uploads\/2025\/06\/1A-Banner-1-portada-imagen-10-1-40-260x170.jpg 260w\" sizes=\"auto, (max-width: 283px) 100vw, 283px\" \/><br \/>\n\t\t\t\t<a href=\"https:\/\/webdelmaestrocmf.com\/portal\/arquidiocesis-de-chicago-rinde-homenaje-al-papa-leon-xiv-y-canta-el-himno-nacional-del-peru-en-vivo\/\" title=\"Arquidi\u00f3cesis de Chicago rinde homenaje al Papa Le\u00f3n XIV y canta el himno nacional del Per\u00fa en vivo\"><\/a><\/p>\n<ul>\n<li><a href=\"https:\/\/webdelmaestrocmf.com\/portal\/category\/pastoral\/\" rel=\"category tag\">MUNDO CAT\u00d3LICO<\/a><\/li>\n<li><a href=\"https:\/\/webdelmaestrocmf.com\/portal\/category\/pastoral\/papa-leon-xiv\/\" rel=\"category tag\">Papa Le\u00f3n XIV<\/a><\/li>\n<\/ul>\n<h2><a href=\"https:\/\/webdelmaestrocmf.com\/portal\/arquidiocesis-de-chicago-rinde-homenaje-al-papa-leon-xiv-y-canta-el-himno-nacional-del-peru-en-vivo\/\">Arquidi\u00f3cesis de Chicago rinde homenaje al Papa Le\u00f3n XIV y canta el himno nacional del Per\u00fa en vivo<\/a><\/h2>\n<p>\t\t\t14 junio, 20251,3K views<a href=\"https:\/\/webdelmaestrocmf.com\/portal\/arquidiocesis-de-chicago-rinde-homenaje-al-papa-leon-xiv-y-canta-el-himno-nacional-del-peru-en-vivo\/#respond\" >0<\/a><br \/>\n<\/article>\n<article>\n\t\t\t\t\t<img loading=\"lazy\" width=\"332\" height=\"332\" src=\"https:\/\/webdelmaestrocmf.com\/portal\/wp-content\/uploads\/2025\/06\/1A-Banner-1-portada-imagen-10-1-38-380x380.jpg\" alt=\"\" decoding=\"async\" srcset=\"https:\/\/webdelmaestrocmf.com\/portal\/wp-content\/uploads\/2025\/06\/1A-Banner-1-portada-imagen-10-1-38-380x380.jpg 380w, https:\/\/webdelmaestrocmf.com\/portal\/wp-content\/uploads\/2025\/06\/1A-Banner-1-portada-imagen-10-1-38-300x300.jpg 300w, https:\/\/webdelmaestrocmf.com\/portal\/wp-content\/uploads\/2025\/06\/1A-Banner-1-portada-imagen-10-1-38-150x150.jpg 150w, https:\/\/webdelmaestrocmf.com\/portal\/wp-content\/uploads\/2025\/06\/1A-Banner-1-portada-imagen-10-1-38-768x768.jpg 768w, https:\/\/webdelmaestrocmf.com\/portal\/wp-content\/uploads\/2025\/06\/1A-Banner-1-portada-imagen-10-1-38-80x80.jpg 80w, https:\/\/webdelmaestrocmf.com\/portal\/wp-content\/uploads\/2025\/06\/1A-Banner-1-portada-imagen-10-1-38-110x110.jpg 110w, https:\/\/webdelmaestrocmf.com\/portal\/wp-content\/uploads\/2025\/06\/1A-Banner-1-portada-imagen-10-1-38-550x550.jpg 550w, https:\/\/webdelmaestrocmf.com\/portal\/wp-content\/uploads\/2025\/06\/1A-Banner-1-portada-imagen-10-1-38-800x800.jpg 800w, https:\/\/webdelmaestrocmf.com\/portal\/wp-content\/uploads\/2025\/06\/1A-Banner-1-portada-imagen-10-1-38.jpg 1024w\" sizes=\"auto, (max-width: 332px) 100vw, 332px\" \/>\t\t\t\t\t<img loading=\"lazy\" width=\"283\" height=\"186\" src=\"https:\/\/webdelmaestrocmf.com\/portal\/wp-content\/uploads\/2025\/06\/1A-Banner-1-portada-imagen-10-1-38-380x250.jpg\" alt=\"\" decoding=\"async\" srcset=\"https:\/\/webdelmaestrocmf.com\/portal\/wp-content\/uploads\/2025\/06\/1A-Banner-1-portada-imagen-10-1-38-380x250.jpg 380w, https:\/\/webdelmaestrocmf.com\/portal\/wp-content\/uploads\/2025\/06\/1A-Banner-1-portada-imagen-10-1-38-230x150.jpg 230w, https:\/\/webdelmaestrocmf.com\/portal\/wp-content\/uploads\/2025\/06\/1A-Banner-1-portada-imagen-10-1-38-260x170.jpg 260w\" sizes=\"auto, (max-width: 283px) 100vw, 283px\" \/><br \/>\n\t\t\t\t<a href=\"https:\/\/webdelmaestrocmf.com\/portal\/el-papa-peruano-leon-xiv-canonizara-a-sus-primeros-santos-un-millennial-y-un-universitario\/\" title=\"El Papa peruano Le\u00f3n XIV canonizar\u00e1 a sus primeros santos: Un millennial y un universitario\"><\/a><\/p>\n<ul>\n<li><a href=\"https:\/\/webdelmaestrocmf.com\/portal\/category\/pastoral\/\" rel=\"category tag\">MUNDO CAT\u00d3LICO<\/a><\/li>\n<li><a href=\"https:\/\/webdelmaestrocmf.com\/portal\/category\/pastoral\/papa-leon-xiv\/\" rel=\"category tag\">Papa Le\u00f3n XIV<\/a><\/li>\n<\/ul>\n<h2><a href=\"https:\/\/webdelmaestrocmf.com\/portal\/el-papa-peruano-leon-xiv-canonizara-a-sus-primeros-santos-un-millennial-y-un-universitario\/\">El Papa peruano Le\u00f3n XIV canonizar\u00e1 a sus primeros santos: Un millennial y un universitario<\/a><\/h2>\n<p>\t\t\t13 junio, 20251,5K views<a href=\"https:\/\/webdelmaestrocmf.com\/portal\/el-papa-peruano-leon-xiv-canonizara-a-sus-primeros-santos-un-millennial-y-un-universitario\/#respond\" >0<\/a><br \/>\n<\/article>\n<\/section>\n<section><\/section>\n<section>\n<!-- ANUNCIAO 2025 PAGINA PRINCIAL INTERIOR --><br \/>\n<ins\n     style=\"display:block\"\n     data-ad-client=\"ca-pub-9544854023617669\"\n     data-ad-slot=\"7645396543\"\n     data-ad-format=\"auto\"\n     data-full-width-responsive=\"true\"><\/ins><br \/>\n\t\t<\/section>\n<section><\/section>\n","protected":false},"excerpt":{"rendered":"Un maestro informado, es una luz en la oscuridad. Bienvenido a la Web del Maestro CMF Entrevistas Noticias&hellip;","protected":false},"author":1,"featured_media":97304,"parent":0,"menu_order":0,"comment_status":"closed","ping_status":"closed","template":"elementor_header_footer","meta":{"csco_display_header_overlay":false,"csco_singular_sidebar":"disabled","csco_page_header_type":"none","csco_page_load_nextpost":"","csco_post_video_location":[],"csco_post_video_location_hash":"","csco_post_video_url":"","csco_post_video_bg_start_time":0,"csco_post_video_bg_end_time":0,"csco_post_video_bg_volume":false,"footnotes":""},"class_list":{"0":"post-6","1":"page","2":"type-page","3":"status-publish","4":"has-post-thumbnail","6":"cs-entry","7":"cs-video-wrap"},"yoast_head":"<!-- This site is optimized with the Yoast SEO plugin v27.5 - https:\/\/yoast.com\/product\/yoast-seo-wordpress\/ -->\n<title>WMCMF | Web del Maestro CMF<\/title>\n<meta name=\"description\" content=\"Comunidad de Maestros, Docentes y Profesores, en donde encontrar\u00e1s material, informaci\u00f3n y noticias del \u00e1mbito nacional y mundial.\" \/>\n<meta name=\"robots\" content=\"index, follow, max-snippet:-1, max-image-preview:large, max-video-preview:-1\" \/>\n<link rel=\"canonical\" href=\"https:\/\/webdelmaestrocmf.com\/portal\/\" \/>\n<meta property=\"og:locale\" content=\"es_ES\" \/>\n<meta property=\"og:type\" content=\"article\" \/>\n<meta property=\"og:title\" content=\"WMCMF | Web del Maestro CMF\" \/>\n<meta property=\"og:description\" content=\"Comunidad de Maestros, Docentes y Profesores, en donde encontrar\u00e1s material, informaci\u00f3n y noticias del \u00e1mbito nacional y mundial.\" \/>\n<meta property=\"og:url\" content=\"https:\/\/webdelmaestrocmf.com\/portal\/\" \/>\n<meta property=\"og:site_name\" content=\"Web del Maestro CMF\" \/>\n<meta property=\"article:publisher\" content=\"https:\/\/www.facebook.com\/WebdelMaestroCMF\/\" \/>\n<meta property=\"article:modified_time\" content=\"2025-12-06T22:31:56+00:00\" \/>\n<meta property=\"og:image\" content=\"https:\/\/webdelmaestrocmf.com\/portal\/wp-content\/uploads\/2023\/10\/WMCMF.jpg\" \/>\n\t<meta property=\"og:image:width\" content=\"1200\" \/>\n\t<meta property=\"og:image:height\" content=\"675\" \/>\n\t<meta property=\"og:image:type\" content=\"image\/jpeg\" \/>\n<meta name=\"twitter:card\" content=\"summary_large_image\" \/>\n<meta name=\"twitter:site\" content=\"@cmf_w\" \/>\n<script type=\"application\/ld+json\" class=\"yoast-schema-graph\">{\"@context\":\"https:\\\/\\\/schema.org\",\"@graph\":[{\"@type\":\"WebPage\",\"@id\":\"https:\\\/\\\/webdelmaestrocmf.com\\\/portal\\\/\",\"url\":\"https:\\\/\\\/webdelmaestrocmf.com\\\/portal\\\/\",\"name\":\"WMCMF | Web del Maestro CMF\",\"isPartOf\":{\"@id\":\"https:\\\/\\\/webdelmaestrocmf.com\\\/portal\\\/#website\"},\"primaryImageOfPage\":{\"@id\":\"https:\\\/\\\/webdelmaestrocmf.com\\\/portal\\\/#primaryimage\"},\"image\":{\"@id\":\"https:\\\/\\\/webdelmaestrocmf.com\\\/portal\\\/#primaryimage\"},\"thumbnailUrl\":\"https:\\\/\\\/webdelmaestrocmf.com\\\/portal\\\/wp-content\\\/uploads\\\/2023\\\/10\\\/WMCMF.jpg\",\"datePublished\":\"2023-12-18T05:23:16+00:00\",\"dateModified\":\"2025-12-06T22:31:56+00:00\",\"description\":\"Comunidad de Maestros, Docentes y Profesores, en donde encontrar\u00e1s material, informaci\u00f3n y noticias del \u00e1mbito nacional y mundial.\",\"breadcrumb\":{\"@id\":\"https:\\\/\\\/webdelmaestrocmf.com\\\/portal\\\/#breadcrumb\"},\"inLanguage\":\"es\",\"potentialAction\":[{\"@type\":\"ReadAction\",\"target\":[\"https:\\\/\\\/webdelmaestrocmf.com\\\/portal\\\/\"]}]},{\"@type\":\"ImageObject\",\"inLanguage\":\"es\",\"@id\":\"https:\\\/\\\/webdelmaestrocmf.com\\\/portal\\\/#primaryimage\",\"url\":\"https:\\\/\\\/webdelmaestrocmf.com\\\/portal\\\/wp-content\\\/uploads\\\/2023\\\/10\\\/WMCMF.jpg\",\"contentUrl\":\"https:\\\/\\\/webdelmaestrocmf.com\\\/portal\\\/wp-content\\\/uploads\\\/2023\\\/10\\\/WMCMF.jpg\",\"width\":1200,\"height\":675,\"caption\":\"maestro\"},{\"@type\":\"BreadcrumbList\",\"@id\":\"https:\\\/\\\/webdelmaestrocmf.com\\\/portal\\\/#breadcrumb\",\"itemListElement\":[{\"@type\":\"ListItem\",\"position\":1,\"name\":\"Portada\",\"item\":\"https:\\\/\\\/webdelmaestrocmf.com\\\/portal\\\/\"},{\"@type\":\"ListItem\",\"position\":2,\"name\":\"WMCMF | Web del Maestro CMF\"}]},{\"@type\":\"WebSite\",\"@id\":\"https:\\\/\\\/webdelmaestrocmf.com\\\/portal\\\/#website\",\"url\":\"https:\\\/\\\/webdelmaestrocmf.com\\\/portal\\\/\",\"name\":\"Web del Maestro CMF\",\"description\":\"Maestros al servicio de la educaci\u00f3n\",\"publisher\":{\"@id\":\"https:\\\/\\\/webdelmaestrocmf.com\\\/portal\\\/#organization\"},\"alternateName\":\"WMCMF\",\"potentialAction\":[{\"@type\":\"SearchAction\",\"target\":{\"@type\":\"EntryPoint\",\"urlTemplate\":\"https:\\\/\\\/webdelmaestrocmf.com\\\/portal\\\/?s={search_term_string}\"},\"query-input\":{\"@type\":\"PropertyValueSpecification\",\"valueRequired\":true,\"valueName\":\"search_term_string\"}}],\"inLanguage\":\"es\"},{\"@type\":\"Organization\",\"@id\":\"https:\\\/\\\/webdelmaestrocmf.com\\\/portal\\\/#organization\",\"name\":\"Web del Maestro CMF\",\"alternateName\":\"WMCMF\",\"url\":\"https:\\\/\\\/webdelmaestrocmf.com\\\/portal\\\/\",\"logo\":{\"@type\":\"ImageObject\",\"inLanguage\":\"es\",\"@id\":\"https:\\\/\\\/webdelmaestrocmf.com\\\/portal\\\/#\\\/schema\\\/logo\\\/image\\\/\",\"url\":\"https:\\\/\\\/webdelmaestrocmf.com\\\/portal\\\/wp-content\\\/uploads\\\/2023\\\/01\\\/logo-wmcmf-2.png\",\"contentUrl\":\"https:\\\/\\\/webdelmaestrocmf.com\\\/portal\\\/wp-content\\\/uploads\\\/2023\\\/01\\\/logo-wmcmf-2.png\",\"width\":200,\"height\":60,\"caption\":\"Web del Maestro CMF\"},\"image\":{\"@id\":\"https:\\\/\\\/webdelmaestrocmf.com\\\/portal\\\/#\\\/schema\\\/logo\\\/image\\\/\"},\"sameAs\":[\"https:\\\/\\\/www.facebook.com\\\/WebdelMaestroCMF\\\/\",\"https:\\\/\\\/x.com\\\/cmf_w\",\"https:\\\/\\\/www.pinterest.com\\\/WMCMF\\\/\",\"https:\\\/\\\/www.linkedin.com\\\/company\\\/web-del-maestro-cmf\\\/\",\"https:\\\/\\\/www.instagram.com\\\/wmcmf\\\/\",\"https:\\\/\\\/www.youtube.com\\\/channel\\\/UCDPSvjbdodE5sHnC3OxutHw\",\"https:\\\/\\\/mastodon.social\\\/@wmcmf\",\"https:\\\/\\\/www.tiktok.com\\\/@webdelmaestrocmf\"]}]}<\/script>\n<!-- \/ Yoast SEO plugin. -->","yoast_head_json":{"title":"WMCMF | Web del Maestro CMF","description":"Comunidad de Maestros, Docentes y Profesores, en donde encontrar\u00e1s material, informaci\u00f3n y noticias del \u00e1mbito nacional y mundial.","robots":{"index":"index","follow":"follow","max-snippet":"max-snippet:-1","max-image-preview":"max-image-preview:large","max-video-preview":"max-video-preview:-1"},"canonical":"https:\/\/webdelmaestrocmf.com\/portal\/","og_locale":"es_ES","og_type":"article","og_title":"WMCMF | Web del Maestro CMF","og_description":"Comunidad de Maestros, Docentes y Profesores, en donde encontrar\u00e1s material, informaci\u00f3n y noticias del \u00e1mbito nacional y mundial.","og_url":"https:\/\/webdelmaestrocmf.com\/portal\/","og_site_name":"Web del Maestro CMF","article_publisher":"https:\/\/www.facebook.com\/WebdelMaestroCMF\/","article_modified_time":"2025-12-06T22:31:56+00:00","og_image":[{"width":1200,"height":675,"url":"https:\/\/webdelmaestrocmf.com\/portal\/wp-content\/uploads\/2023\/10\/WMCMF.jpg","type":"image\/jpeg"}],"twitter_card":"summary_large_image","twitter_site":"@cmf_w","schema":{"@context":"https:\/\/schema.org","@graph":[{"@type":"WebPage","@id":"https:\/\/webdelmaestrocmf.com\/portal\/","url":"https:\/\/webdelmaestrocmf.com\/portal\/","name":"WMCMF | Web del Maestro CMF","isPartOf":{"@id":"https:\/\/webdelmaestrocmf.com\/portal\/#website"},"primaryImageOfPage":{"@id":"https:\/\/webdelmaestrocmf.com\/portal\/#primaryimage"},"image":{"@id":"https:\/\/webdelmaestrocmf.com\/portal\/#primaryimage"},"thumbnailUrl":"https:\/\/webdelmaestrocmf.com\/portal\/wp-content\/uploads\/2023\/10\/WMCMF.jpg","datePublished":"2023-12-18T05:23:16+00:00","dateModified":"2025-12-06T22:31:56+00:00","description":"Comunidad de Maestros, Docentes y Profesores, en donde encontrar\u00e1s material, informaci\u00f3n y noticias del \u00e1mbito nacional y mundial.","breadcrumb":{"@id":"https:\/\/webdelmaestrocmf.com\/portal\/#breadcrumb"},"inLanguage":"es","potentialAction":[{"@type":"ReadAction","target":["https:\/\/webdelmaestrocmf.com\/portal\/"]}]},{"@type":"ImageObject","inLanguage":"es","@id":"https:\/\/webdelmaestrocmf.com\/portal\/#primaryimage","url":"https:\/\/webdelmaestrocmf.com\/portal\/wp-content\/uploads\/2023\/10\/WMCMF.jpg","contentUrl":"https:\/\/webdelmaestrocmf.com\/portal\/wp-content\/uploads\/2023\/10\/WMCMF.jpg","width":1200,"height":675,"caption":"maestro"},{"@type":"BreadcrumbList","@id":"https:\/\/webdelmaestrocmf.com\/portal\/#breadcrumb","itemListElement":[{"@type":"ListItem","position":1,"name":"Portada","item":"https:\/\/webdelmaestrocmf.com\/portal\/"},{"@type":"ListItem","position":2,"name":"WMCMF | Web del Maestro CMF"}]},{"@type":"WebSite","@id":"https:\/\/webdelmaestrocmf.com\/portal\/#website","url":"https:\/\/webdelmaestrocmf.com\/portal\/","name":"Web del Maestro CMF","description":"Maestros al servicio de la educaci\u00f3n","publisher":{"@id":"https:\/\/webdelmaestrocmf.com\/portal\/#organization"},"alternateName":"WMCMF","potentialAction":[{"@type":"SearchAction","target":{"@type":"EntryPoint","urlTemplate":"https:\/\/webdelmaestrocmf.com\/portal\/?s={search_term_string}"},"query-input":{"@type":"PropertyValueSpecification","valueRequired":true,"valueName":"search_term_string"}}],"inLanguage":"es"},{"@type":"Organization","@id":"https:\/\/webdelmaestrocmf.com\/portal\/#organization","name":"Web del Maestro CMF","alternateName":"WMCMF","url":"https:\/\/webdelmaestrocmf.com\/portal\/","logo":{"@type":"ImageObject","inLanguage":"es","@id":"https:\/\/webdelmaestrocmf.com\/portal\/#\/schema\/logo\/image\/","url":"https:\/\/webdelmaestrocmf.com\/portal\/wp-content\/uploads\/2023\/01\/logo-wmcmf-2.png","contentUrl":"https:\/\/webdelmaestrocmf.com\/portal\/wp-content\/uploads\/2023\/01\/logo-wmcmf-2.png","width":200,"height":60,"caption":"Web del Maestro CMF"},"image":{"@id":"https:\/\/webdelmaestrocmf.com\/portal\/#\/schema\/logo\/image\/"},"sameAs":["https:\/\/www.facebook.com\/WebdelMaestroCMF\/","https:\/\/x.com\/cmf_w","https:\/\/www.pinterest.com\/WMCMF\/","https:\/\/www.linkedin.com\/company\/web-del-maestro-cmf\/","https:\/\/www.instagram.com\/wmcmf\/","https:\/\/www.youtube.com\/channel\/UCDPSvjbdodE5sHnC3OxutHw","https:\/\/mastodon.social\/@wmcmf","https:\/\/www.tiktok.com\/@webdelmaestrocmf"]}]}},"jetpack_sharing_enabled":true,"jetpack-related-posts":[{"id":3134,"url":"https:\/\/webdelmaestrocmf.com\/portal\/homepage\/","url_meta":{"origin":6,"position":0},"title":"Web del Maestro CMF &#8211; Inicio","author":"Web del Maestro CMF","date":"12 marzo, 2021","format":false,"excerpt":"Un maestro informado,es una luz en la oscuridad. Bienvenido a la Web del Maestro CMF \u00danase a nuestra comunidad de maestros y emprenda un viaje de innovaci\u00f3n y descubrimiento.","rel":"","context":"Entrada similar","block_context":{"text":"Entrada similar","link":""},"img":{"alt_text":"maestro","src":"https:\/\/i0.wp.com\/webdelmaestrocmf.com\/portal\/wp-content\/uploads\/2023\/10\/WMCMF.jpg?resize=350%2C200&ssl=1","width":350,"height":200,"srcset":"https:\/\/i0.wp.com\/webdelmaestrocmf.com\/portal\/wp-content\/uploads\/2023\/10\/WMCMF.jpg?resize=350%2C200&ssl=1 1x, https:\/\/i0.wp.com\/webdelmaestrocmf.com\/portal\/wp-content\/uploads\/2023\/10\/WMCMF.jpg?resize=525%2C300&ssl=1 1.5x, https:\/\/i0.wp.com\/webdelmaestrocmf.com\/portal\/wp-content\/uploads\/2023\/10\/WMCMF.jpg?resize=700%2C400&ssl=1 2x, https:\/\/i0.wp.com\/webdelmaestrocmf.com\/portal\/wp-content\/uploads\/2023\/10\/WMCMF.jpg?resize=1050%2C600&ssl=1 3x"},"classes":[]},{"id":53485,"url":"https:\/\/webdelmaestrocmf.com\/portal\/politica-de-privacidad-wmcmf\/","url_meta":{"origin":6,"position":1},"title":"Pol\u00edtica de privacidad Web del Maestro CMF","author":"Web del Maestro CMF","date":"26 octubre, 2020","format":false,"excerpt":"El presente Pol\u00edtica de Privacidad establece los t\u00e9rminos en que la Web del Maestro CMF usa y protege la informaci\u00f3n que es proporcionada por sus usuarios al momento de utilizar su sitio web. La Web del Maestro CMF est\u00e1 comprometida con la seguridad de los datos de sus usuarios. Cuando\u2026","rel":"","context":"Entrada similar","block_context":{"text":"Entrada similar","link":""},"img":{"alt_text":"","src":"https:\/\/i0.wp.com\/webdelmaestrocmf.com\/portal\/wp-content\/uploads\/2020\/10\/1jpg-copia.jpg?resize=350%2C200&ssl=1","width":350,"height":200,"srcset":"https:\/\/i0.wp.com\/webdelmaestrocmf.com\/portal\/wp-content\/uploads\/2020\/10\/1jpg-copia.jpg?resize=350%2C200&ssl=1 1x, https:\/\/i0.wp.com\/webdelmaestrocmf.com\/portal\/wp-content\/uploads\/2020\/10\/1jpg-copia.jpg?resize=525%2C300&ssl=1 1.5x, https:\/\/i0.wp.com\/webdelmaestrocmf.com\/portal\/wp-content\/uploads\/2020\/10\/1jpg-copia.jpg?resize=700%2C400&ssl=1 2x, https:\/\/i0.wp.com\/webdelmaestrocmf.com\/portal\/wp-content\/uploads\/2020\/10\/1jpg-copia.jpg?resize=1050%2C600&ssl=1 3x"},"classes":[]},{"id":37594,"url":"https:\/\/webdelmaestrocmf.com\/portal\/boletin-informativo\/","url_meta":{"origin":6,"position":2},"title":"Suscr\u00edbase al bolet\u00edn","author":"Web del Maestro CMF","date":"17 junio, 2019","format":false,"excerpt":"\u00bfLe gustar\u00eda recibir correos electr\u00f3nicos sobre Noticias, Entrevistas, Cursos, Recursos, Capacitaciones y Materiales relacionados a la educaci\u00f3n? Si su respuesta es afirmativa, le recomendamos leer lo siguiente:\u00a0 La Web del Maestro CMF le enviar\u00e1 peri\u00f3dicamente un bolet\u00edn, el cual le mantendr\u00e1 informado sobre noticias, experiencias y opiniones relacionadas a la\u2026","rel":"","context":"Entrada similar","block_context":{"text":"Entrada similar","link":""},"img":{"alt_text":"","src":"https:\/\/i0.wp.com\/webdelmaestrocmf.com\/portal\/wp-content\/uploads\/2019\/06\/1-23.jpg?resize=350%2C200&ssl=1","width":350,"height":200,"srcset":"https:\/\/i0.wp.com\/webdelmaestrocmf.com\/portal\/wp-content\/uploads\/2019\/06\/1-23.jpg?resize=350%2C200&ssl=1 1x, https:\/\/i0.wp.com\/webdelmaestrocmf.com\/portal\/wp-content\/uploads\/2019\/06\/1-23.jpg?resize=525%2C300&ssl=1 1.5x, https:\/\/i0.wp.com\/webdelmaestrocmf.com\/portal\/wp-content\/uploads\/2019\/06\/1-23.jpg?resize=700%2C400&ssl=1 2x, https:\/\/i0.wp.com\/webdelmaestrocmf.com\/portal\/wp-content\/uploads\/2019\/06\/1-23.jpg?resize=1050%2C600&ssl=1 3x"},"classes":[]},{"id":97293,"url":"https:\/\/webdelmaestrocmf.com\/portal\/sobre-el-buen-uso-de-las-redes-sociales\/","url_meta":{"origin":6,"position":3},"title":"Sobre el buen uso de las redes sociales","author":"Web del Maestro CMF","date":"13 octubre, 2023","format":false,"excerpt":"Con las nuevas herramientas tecnol\u00f3gicas de la comunicaci\u00f3n e informaci\u00f3n, necesitamos maestros que busquen invertir la mayor parte del tiempo que les queda fuera de las aulas y de sus responsabilidades familiares, para seguir capacit\u00e1ndose, aprendiendo e investigando, con un pensamiento cr\u00edtico enriquecido con el m\u00e9todo dialogal que presupone la\u2026","rel":"","context":"Entrada similar","block_context":{"text":"Entrada similar","link":""},"img":{"alt_text":"","src":"https:\/\/i0.wp.com\/webdelmaestrocmf.com\/portal\/wp-content\/uploads\/2020\/10\/1jpg-copia.jpg?resize=350%2C200&ssl=1","width":350,"height":200,"srcset":"https:\/\/i0.wp.com\/webdelmaestrocmf.com\/portal\/wp-content\/uploads\/2020\/10\/1jpg-copia.jpg?resize=350%2C200&ssl=1 1x, https:\/\/i0.wp.com\/webdelmaestrocmf.com\/portal\/wp-content\/uploads\/2020\/10\/1jpg-copia.jpg?resize=525%2C300&ssl=1 1.5x, https:\/\/i0.wp.com\/webdelmaestrocmf.com\/portal\/wp-content\/uploads\/2020\/10\/1jpg-copia.jpg?resize=700%2C400&ssl=1 2x, https:\/\/i0.wp.com\/webdelmaestrocmf.com\/portal\/wp-content\/uploads\/2020\/10\/1jpg-copia.jpg?resize=1050%2C600&ssl=1 3x"},"classes":[]},{"id":2,"url":"https:\/\/webdelmaestrocmf.com\/portal\/sample-page\/","url_meta":{"origin":6,"position":4},"title":"Sample Page","author":"Web del Maestro CMF","date":"5 junio, 2025","format":false,"excerpt":"This is an example page. It's different from a blog post because it will stay in one place and will show up in your site navigation (in most themes). Most people start with an About page that introduces them to potential site visitors. It might say something like this: Hi\u2026","rel":"","context":"Entrada similar","block_context":{"text":"Entrada similar","link":""},"img":{"alt_text":"","src":"","width":0,"height":0},"classes":[]},{"id":134,"url":"https:\/\/webdelmaestrocmf.com\/portal\/terms-of-use\/","url_meta":{"origin":6,"position":5},"title":"Terms of Use","author":"Web del Maestro CMF","date":"6 junio, 2025","format":false,"excerpt":"Introduction Welcome to The Newsreader. By accessing our website, you agree to these Terms of Use, our Privacy Policy, and any other legal notices published by us on the website. These terms govern your use of our website and its content. If you do not agree with any of these\u2026","rel":"","context":"Entrada similar","block_context":{"text":"Entrada similar","link":""},"img":{"alt_text":"","src":"","width":0,"height":0},"classes":[]}],"_links":{"self":[{"href":"https:\/\/webdelmaestrocmf.com\/portal\/wp-json\/wp\/v2\/pages\/6","targetHints":{"allow":["GET"]}}],"collection":[{"href":"https:\/\/webdelmaestrocmf.com\/portal\/wp-json\/wp\/v2\/pages"}],"about":[{"href":"https:\/\/webdelmaestrocmf.com\/portal\/wp-json\/wp\/v2\/types\/page"}],"author":[{"embeddable":true,"href":"https:\/\/webdelmaestrocmf.com\/portal\/wp-json\/wp\/v2\/users\/1"}],"replies":[{"embeddable":true,"href":"https:\/\/webdelmaestrocmf.com\/portal\/wp-json\/wp\/v2\/comments?post=6"}],"version-history":[{"count":462,"href":"https:\/\/webdelmaestrocmf.com\/portal\/wp-json\/wp\/v2\/pages\/6\/revisions"}],"predecessor-version":[{"id":113850,"href":"https:\/\/webdelmaestrocmf.com\/portal\/wp-json\/wp\/v2\/pages\/6\/revisions\/113850"}],"wp:featuredmedia":[{"embeddable":true,"href":"https:\/\/webdelmaestrocmf.com\/portal\/wp-json\/wp\/v2\/media\/97304"}],"wp:attachment":[{"href":"https:\/\/webdelmaestrocmf.com\/portal\/wp-json\/wp\/v2\/media?parent=6"}],"curies":[{"name":"wp","href":"https:\/\/api.w.org\/{rel}","templated":true}]}}